{"id":36,"date":"2023-01-30T19:53:39","date_gmt":"2023-01-30T19:53:39","guid":{"rendered":"https:\/\/protopopiatebn.ro\/?page_id=36"},"modified":"2025-02-27T16:33:04","modified_gmt":"2025-02-27T14:33:04","slug":"evenimente","status":"publish","type":"page","link":"https:\/\/www.protopopiatebn.ro\/index.php\/evenimente\/","title":{"rendered":"EVENIMENTE"},"content":{"rendered":"\r\n<div>\r\n<div class=\"\" dir=\"auto\">\r\n<div id=\":rl:\" class=\"x1iorvi4 x1pi30zi x1l90r2v x1swvt13\" data-ad-comet-preview=\"message\" data-ad-preview=\"message\">\r\n<div class=\"x78zum5 xdt5ytf xz62fqu x16ldp7u\">\r\n<div class=\"xu06os2 x1ok221b\">\r\n<div class=\"xdj266r x11i5rnm xat24cr x1mh8g0r x1vvkbs x126k92a\">\r\n<div class=\"xdj266r x11i5rnm xat24cr x1mh8g0r x1vvkbs x126k92a\">\r\n<div dir=\"auto\">\r\n<div style=\"font-family: Helvetica, Arial, sans-serif; color: #1c1e21; font-size: 12px;\">\r\n<div class=\"x1cy8zhl x78zum5 x1q0g3np xod5an3 x1pi30zi x1swvt13 xz9dl7a\" style=\"align-items: flex-start; padding-right: 16px; flex-direction: row; padding-left: 16px; display: flex; margin-bottom: 12px; padding-top: 12px; font-family: inherit;\">\r\n<div class=\"x1iyjqo2\" style=\"flex-grow: 1; font-family: inherit;\">\r\n<div class=\"x78zum5 xdt5ytf xz62fqu x16ldp7u\" style=\"margin-top: -5px; display: flex; flex-direction: column; margin-bottom: -5px; font-family: inherit;\">\r\n<div class=\"xdj266r x11i5rnm xat24cr x1mh8g0r x1vvkbs x126k92a\">\r\n<div class=\"xdj266r x11i5rnm xat24cr x1mh8g0r x1vvkbs x126k92a\">\r\n<h3 style=\"text-align: center;\">Vizita pastoral\u0103 a Preasfin\u021bitului Claudiu cu ocazia Hramului Parohiei \u201dSf. Gheorghe\u201dS\u00e2ngeorz-B\u0103i, 23 aprilie 2024<\/h3>\r\n<p><img loading=\"lazy\" decoding=\"async\" class=\"aligncenter wp-image-836\" src=\"https:\/\/www.protopopiatebn.ro\/wp-content\/uploads\/2024\/04\/IMG_7656-scaled.jpg\" alt=\"\" width=\"671\" height=\"447\" srcset=\"https:\/\/www.protopopiatebn.ro\/wp-content\/uploads\/2024\/04\/IMG_7656-scaled.jpg 2560w, https:\/\/www.protopopiatebn.ro\/wp-content\/uploads\/2024\/04\/IMG_7656-300x200.jpg 300w, https:\/\/www.protopopiatebn.ro\/wp-content\/uploads\/2024\/04\/IMG_7656-1024x683.jpg 1024w, https:\/\/www.protopopiatebn.ro\/wp-content\/uploads\/2024\/04\/IMG_7656-768x512.jpg 768w, https:\/\/www.protopopiatebn.ro\/wp-content\/uploads\/2024\/04\/IMG_7656-1536x1024.jpg 1536w, https:\/\/www.protopopiatebn.ro\/wp-content\/uploads\/2024\/04\/IMG_7656-2048x1365.jpg 2048w\" sizes=\"auto, (max-width: 671px) 100vw, 671px\" \/><\/p>\r\n<h3><span style=\"font-weight: 400;\">S\u0103rb\u0103toarea Sf\u00e2ntului Mare Mucenic Gheorghe -purt\u0103torul de biruin\u021b\u0103- a fost celebrat\u0103 \u00een mod solemn \u00een parohia ora\u0219ului S\u00e2ngeorz-B\u0103i. Comunitatea de aici \u0219i-a s\u0103rb\u0103torit ocrotitorul \u00eembr\u0103cat\u0103 \u00een haine tradi\u021bionale de s\u0103rb\u0103toare, prezent fiind \u00een mijlocul ei Preasfin\u021bitul P\u0103rinte Claudiu \u00eempreun\u0103 cu un num\u0103r mare de preo\u021bi din diferite protopopiate, surori ale Congrega\u021biei Maicii Domnului, seminari\u0219ti, distinse oficialit\u0103\u021bi locale \u0219i de stat \u0219i numero\u0219i credincio\u0219i veni\u021bi din parohiile \u00eenvecinate. R\u0103spunsurile la Sf\u00e2nta Liturghie au fost date de c\u0103tre corul parohiei.<\/span> <span style=\"font-weight: 400;\">Preasfin\u021bitul P\u0103rinte Claudiu a subliniat \u00een cuv\u00e2ntul s\u0103u de \u00eenv\u0103\u021b\u0103tur\u0103 leg\u0103tura profund\u0103 care se creeaz\u0103 \u00eentre hramul bisericii \u0219i via\u021ba spiritual\u0103 a credincio\u0219ilor care apar\u021bin acelei biserici. Precum Marele Mucenic Gheorghe este numit de c\u0103tre Biseric\u0103 \u201epurt\u0103tor de biruin\u021b\u0103\u201d datorit\u0103 statorniciei sale \u00een credin\u021ba cre\u0219tin\u0103 \u00een perioada de mare prigoan\u0103 din vremea lui Diocle\u021bian, la fel \u0219i noi trebuie s\u0103 devenim prin via\u021ba noastr\u0103 m\u0103rturisitori ai biruin\u021bei lui Hristos asupra mor\u021bii \u0219i a r\u0103ului. <\/span> <span style=\"font-weight: 400;\">Cuvintele lui Isus din Evanghelia s\u0103rb\u0103torii \u00eencadreaz\u0103 cel mai bine lupta pe care o avem de dus \u0219i din care trebuie s\u0103 ie\u0219im biruitori: <\/span><i><span style=\"font-weight: 400;\">Aceasta v\u0103 poruncesc, s\u0103 v\u0103 iubi\u021bi unul pe altul! <\/span><\/i><span style=\"font-weight: 400;\">(In. XV, 17). Acesta este semnul de identitate al cre\u0219tinului, iubirea pe care o d\u0103ruie\u0219te celui de l\u00e2ng\u0103 el. A\u0219adar r\u0103zboiul pe care \u00eel avem de purtat nu este \u00eempotriva acestei lumi ci este unul spiritual, \u00eempotriva celui r\u0103u \u0219i a for\u021belor sale; \u00eempotriva patimilor, greut\u0103\u021bilor \u0219i sl\u0103biciunilor noastre care ne \u00eempiedic\u0103 s\u0103 str\u0103lucim cu lumina lui Hristos. \u00cen acest r\u0103zboi \u00eei avem ca alia\u021bi pe \u00eenainta\u0219ii no\u0219tri care au fost dispu\u0219i s\u0103-\u0219i m\u0103rturiseasc\u0103 credin\u021ba indiferent de consecin\u021be. Astfel Biserica de la \u00eenceputurile ei \u0219i p\u00e2n\u0103 \u00een ziua de azi, prin oameni precum Sf\u00e2ntul Gheorghe sau al\u021bi sfin\u021bi iar \u00een istoria recent\u0103 prin episcopii no\u0219tri martiri, a pornit o lupt\u0103 a iubirii, o lupt\u0103 \u00een care ace\u0219ti oameni au rezistat tuturor suferin\u021belor \u0219i capcanelor \u00eentinse de st\u0103p\u00e2nitorul \u00eentunericului \u0219i nu au r\u0103spuns r\u0103ului cu r\u0103u ci au oprit r\u0103ul \u00een inimile lor, l\u0103s\u00e2nd s\u0103 ias\u0103 la suprafa\u021b\u0103 iubirea \u0219i iertarea s\u0103dite de Hristos \u00een inimile lor.<\/span> <span style=\"font-weight: 400;\">Cu to\u021bii facem parte din familia lui Dumnezeu, suntem copiii lui Dumnezeu iar o ispit\u0103 prin care cel r\u0103u \u00eencearc\u0103 s\u0103 ne \u00eendep\u0103rteze de la acest adev\u0103r esen\u021bial pentru m\u00e2ntuirea noastr\u0103 este c\u0103 s\u0103de\u0219te \u00een sufletele noastre dorin\u021ba de a ne lupta \u00eentre noi, de a-l vedea pe cel de l\u00e2ng\u0103 noi ca pe un du\u0219man care trebuie \u00eenvins, dep\u0103\u0219it, l\u0103sat deoparte. Acesta \u00eens\u0103 este anturajul \u0219i viziunea pe care o propag\u0103 cel r\u0103u iar cuvintele lui Hristos <\/span><i><span style=\"font-weight: 400;\">dac\u0103 lumea v\u0103 ur\u0103\u0219te, s\u0103 \u0219ti\u021bi c\u0103 pe Mine m-a ur\u00e2t \u00eenainte de voi<\/span><\/i><span style=\"font-weight: 400;\"> (In. XV, 18) vorbesc tocmai de aceast\u0103 lume st\u0103p\u00e2nit\u0103 de cel r\u0103u \u0219i care se afl\u0103 \u00een antagonie cu lumea creat\u0103 de Dumnezeu. Pentru crea\u021bia sa Dumnezeu din iubire s-a cobor\u00e2t din Cer, s-a \u00eentrupat, a p\u0103timit, a murit \u0219i a \u00eenviat pentru a ne ierta toat\u0103 datoria iar noi suntem chema\u021bi s\u0103 m\u0103rturisim aceast\u0103 dragoste a lui Dumnezeu \u00een lumea \u00een care tr\u0103im. Urm\u00e2nd exemplul lui Hristos, e necesar ca zilnic s\u0103 aplic\u0103m acelea\u0219i reguli \u0219i \u00een interac\u021biunile cu semenii no\u0219tri deoarece cu to\u021bii suntem doar ni\u0219te p\u0103c\u0103to\u0219i ierta\u021bi iar dac\u0103 dorim s\u0103 fim recunoscu\u021bi de Hristos atunci cand trecem poarta acestei lumi, e necesar ca iubirea s\u0103 st\u0103p\u00e2neasc\u0103 sufletele noastre. Astfel \u00een noi nu mai r\u0103m\u00e2ne spa\u021biu pentru r\u0103zboi, ur\u0103, dezbinare, judecat\u0103 \u0219i condamnare ci doar spa\u021biu care este umplut de iubirea lui Dumnezeu d\u0103ruit\u0103 nou\u0103 \u0219i pe care am \u00eenmul\u021bit-o.\u00a0<\/span><\/h3>\r\n<h3><span style=\"font-weight: 400;\">\u00cen aceste vremuri tulburi \u0219i marcate de diferite r\u0103zboaie \u0219i dezbin\u0103ri e mai nevoie ca oric\u00e2nd ca noi s\u0103 fim semin\u021be de iubire \u0219i de iertare iar momentul cel mai potrivit pentru a l\u0103sa ca biruin\u021ba lui Dumnezeu s\u0103 p\u0103trund\u0103 sufletele noastre este prezentul, acum \u0219i ast\u0103zi. \u00cen acest fel putem cinsti mai bine \u0219i cu adev\u0103rat pe Sf\u00e2ntul Mare Mucenic Gheorghe, purt\u0103torul de biruin\u021b\u0103; l\u0103s\u00e2nd iubirea \u0219i \u00eendurarea lui Dumnezeu s\u0103 p\u0103trund\u0103 \u00een sufletele noastre, \u0219i prin noi \u00een lumea \u00een care tr\u0103im. Astfel dovedim prin faptele noastre c\u0103 suntem ai lui Dumnezeu \u0219i c\u0103 toat\u0103 n\u0103dejdea ne este pus\u0103 \u00een El, cel care a \u00eenfr\u00e2nt moartea \u0219i a transformat-o, din iubire pentru noi, din finalul vie\u021bii \u00eentr-o poart\u0103 de trecere c\u0103tre adev\u0103rata via\u021b\u0103 \u0219i fericire ve\u0219nic\u0103.<\/span> <span style=\"font-weight: 400;\">La finalul Sfintei Liturghii p\u0103rintele paroh Nicolae Jarda a mul\u021bumit Preasfin\u021biei Sale Claudiu pentru prezen\u021ba sa \u00een mijlocul comunit\u0103\u021bii cu prilejul hramului \u0219i pentru cuv\u00e2ntul de \u00eent\u0103rire \u00een credin\u021b\u0103; un cuv\u00e2nt de mul\u021bumire a adresat \u0219i preo\u021bilor concelebran\u021bi, surorilor, corului parohiei, seminari\u0219tilor, curatorilor, tuturor celor implica\u021bi \u00een preg\u0103tirea hramului precum \u0219i tuturor credincio\u0219ilor prezen\u021bi la s\u0103rb\u0103toarea acestei comunit\u0103\u021bi.<\/span><\/h3>\r\n<h3 style=\"text-align: right;\"><span style=\"font-weight: 400;\">a consemnat diacon Ovidiu Iusco<\/span><\/h3>\r\n<h4 style=\"text-align: right;\">\u00a0<\/h4>\r\n<h2><a href=\"https:\/\/photos.app.goo.gl\/aPYcxj9Zxxt3SUUP8\">ALBUM FOTO EVENIMENT<\/a><\/h2>\r\n<h2><a href=\"https:\/\/youtu.be\/qqdOzlpjXP4?feature=shared\">PREDICA PREASFIN\u021aITULUI CLAUDIU &#8211; VIDEO<\/a><\/h2>\r\n<p><iframe loading=\"lazy\" title=\"YouTube video player\" src=\"https:\/\/www.youtube.com\/embed\/qqdOzlpjXP4?si=e29JakpaZ4y-4RRC\" width=\"560\" height=\"315\" frameborder=\"0\" allowfullscreen=\"allowfullscreen\" data-mce-fragment=\"1\"><\/iframe><\/p>\r\n<\/div>\r\n<div class=\"x11i5rnm xat24cr x1mh8g0r x1vvkbs xtlvy1s x126k92a\">\r\n<div dir=\"auto\">\r\n<div class=\"x11i5rnm xat24cr x1mh8g0r x1vvkbs xtlvy1s x126k92a\">\r\n<h4 dir=\"auto\"><a href=\"https:\/\/www.protopopiatebn.ro\/index.php\/parohia-greco-catolica-sangeorz-bai\/\">PAROHIA \u201dSF: GHEORGHE\u201d S\u00c2NGEORZ-B\u0102I &#8211; SCURT ISTORIC<\/a><\/h4>\r\n<h4><a href=\"https:\/\/photos.app.goo.gl\/2rX4cNo8NN6bn4cK9\">BISERICA \u201dSF. GHEORGHE\u201d S\u00c2NGEORZ-B\u0102I &#8211; ALBUM FOTO<\/a><\/h4>\r\n<\/div>\r\n<\/div>\r\n<\/div>\r\n<\/div>\r\n<div class=\"x11i5rnm xat24cr x1mh8g0r x1vvkbs xtlvy1s x126k92a\">\r\n<div dir=\"auto\">\r\n<h4 class=\"x11i5rnm xat24cr x1mh8g0r x1vvkbs xtlvy1s x126k92a\">\u00a0<\/h4>\r\n<div class=\"x11i5rnm xat24cr x1mh8g0r x1vvkbs xtlvy1s x126k92a\">\r\n<h3 dir=\"auto\"><a href=\"https:\/\/www.protopopiatebn.ro\/index.php\/parohia-greco-catolica-sangeorz-bai\/\">PAROHIA \u201dSF: GHEORGHE\u201d S\u00c2NGEORZ-B\u0102I &#8211; SCURT ISTORIC<\/a><\/h3>\r\n<h3><a href=\"https:\/\/photos.app.goo.gl\/2rX4cNo8NN6bn4cK9\">BISERICA \u201dSF. GHEORGHE\u201d S\u00c2NGEORZ-B\u0102I &#8211; ALBUM FOTO<\/a><\/h3>\r\n<\/div>\r\n<\/div>\r\n<\/div>\r\n<h2 style=\"text-align: center;\">OCTAVA DE RUG\u0102CIUNE PENTRU UNITATEA CRE\u0218TINILOR LA BISTRI\u021aA (18-25 IANUARIE 2024)<\/h2>\r\n<h3 style=\"text-align: right;\"><a href=\"https:\/\/photos.app.goo.gl\/zMRMzHQ4Xobn4qYX7\"><img loading=\"lazy\" decoding=\"async\" class=\"aligncenter wp-image-738\" src=\"https:\/\/www.protopopiatebn.ro\/wp-content\/uploads\/2024\/01\/IMG_1786-scaled.jpeg\" alt=\"\" width=\"887\" height=\"666\" srcset=\"https:\/\/www.protopopiatebn.ro\/wp-content\/uploads\/2024\/01\/IMG_1786-scaled.jpeg 2560w, https:\/\/www.protopopiatebn.ro\/wp-content\/uploads\/2024\/01\/IMG_1786-300x225.jpeg 300w, https:\/\/www.protopopiatebn.ro\/wp-content\/uploads\/2024\/01\/IMG_1786-1024x768.jpeg 1024w, https:\/\/www.protopopiatebn.ro\/wp-content\/uploads\/2024\/01\/IMG_1786-768x576.jpeg 768w, https:\/\/www.protopopiatebn.ro\/wp-content\/uploads\/2024\/01\/IMG_1786-1536x1152.jpeg 1536w, https:\/\/www.protopopiatebn.ro\/wp-content\/uploads\/2024\/01\/IMG_1786-2048x1536.jpeg 2048w\" sizes=\"auto, (max-width: 887px) 100vw, 887px\" \/>FOTO EVENIMENT<\/a><\/h3>\r\n<h3>Anual, \u00een perioada 18-25 ianuarie, \u00eentreaga Biseric\u0103 Catolic\u0103, \u00een comuniune cu alte Biserici cre\u0219tine, celebreaz\u0103 \u201eOctava de Rug\u0103ciune pentru Unitatea Cre\u015ftinilor\u201d. \u00cen ora\u0219ul Bistri\u021ba, un centru multicultural \u0219i multiconfesional s-a format o tradi\u021bie de 15 ani prin care Bisericile istorice organizeaz\u0103 pe r\u00e2nd momente de rug\u0103ciune ecumenic\u0103, la care\u00a0\u00a0sunt prezen\u021bi protopopii, preo\u021bii, pastorii \u0219i credincio\u0219ii acestor Biserici.<\/h3>\r\n<h3>In dup\u0103-amiaza zilei de 22 ianuarie, gazda serii de rug\u0103ciune a fost biserica greco-catolic\u0103 ,,Buna-Vestire\u201d. Organizatorul acestui eveniment a fost protopopiatul greco-catolic de Bistri\u021ba. Au fost prezen\u021bi: pr. Alexandru Vidican, protopop ortodox de Bistri\u021ba, pr. P\u00e9ter G\u00e9r\u00e9d, protopop romano-catolic de Bistri\u021ba, pastorul Johann Dieter Kraus de la parohia evanghelic\u0103 de Bistri\u021ba, pastorul P\u00e9ter Andr\u00e1s de la parohia Reformat\u0103, pastor Zolt\u00e1n T\u00f3th de la biserica Evanghelic\u0103 Luteran\u0103, pr. Bogdan Oprea de la parohia ortodox\u0103 \u201dSf. Apostoli Petru, Pavel \u0219i Andrei\u201d. De asemenea,\u00a0\u00a0au fost prezen\u021bi preo\u021bii greco-catolici: pr. Ioan Fri\u0219an, paroh al Parohiei Buna-Vestire, pr. Narcis Pop, pr. Teodor Costin, pr. Ilie Arie\u0219an, profesor de religie, pr. Iosif Chiciudean, pr. Bodea Hora\u021biu, pr. C\u0103t\u0103lin Fontu \u0219i pr. Cosmin Moldovan. Au mai \u00a0participat Prefectul Jude\u021bului Bistri\u021ba-N\u0103s\u0103ud, Teofil Iulian Cioarb\u0103, subprefec\u021bii Ioan Z\u0103grean \u0219i Atilla Decsei, D-na Camelia Tab\u0103r\u0103, Vicepre\u0219edinte al Consiliului jude\u021bean, iar din partea Municipiului Bistri\u021ba, Dl. Primar Ioan Turc \u0219i alte oficialit\u0103\u021bi. Seara de rug\u0103ciune a \u00eenceput cu o procesiune a protopopilor, preo\u021bilor \u0219i pastorilor \u00een fa\u021ba bisericii, s-a trecut prin fa\u021ba statuii Fericitului Card. Iuliu Hossu \u0219i apoi s-a intrat \u00een biseric\u0103 pe acordurile Corului parohiei, \u201eSanctus Spiritus\u201d, dirijat de D-na prof. Florica Sfechi\u0219, care a completat muzical programul serii.<\/h3>\r\n<h3>Pr. protopop Cristian Goia a rostit un cuv\u00e2nt de salut, amintind despre <em>\u201esemnul iubirii de Dumnezeu \u0219i aproapele\u201d.<\/em> P\u0103rintele a vorbit pe baza \u201ePildei Samariteanului milostiv\u201d, cu referire la gestul samarineanului care\u00a0 a turnat undelemn \u0219i vin pe r\u0103nile celui c\u0103zut \u00eentre t\u00e2lhari. Acesta a explicat simbolistica untdelemnului \u0219i a vinului, elemente prezente \u00een pild\u0103. Cu untdelemn erau un\u0219i arhiereii, profe\u021bii \u0219i regii. Untdelemnul apare \u00een multe pasaje ale Vechiului Testament ca simbol al binecuv\u00e2nt\u0103rii lui Dumnezeu, al p\u0103cii, al t\u0103riei, al puterii \u0219i al biruin\u021bei. Vinul este \u0219i el un element natural cu rol bine definit \u00een cult, fiind folosit \u00een primul r\u00e2nd, al\u0103turi de p\u00e2ine, la Sf\u00e2nta Liturghie, la consacrare devine Sf\u00e2ntul S\u00e2nge al Domnului, cu care se \u00eemp\u0103rt\u0103\u0219esc membrii Bisericii. \u00cen Vechiul Testament, vinul era considerat aliment cu efect de vindecare \u0219i \u00eent\u0103rire pentru organismul omului, la fel ca untdelemnul. Lumea de azi este plin\u0103 de r\u0103ni suflete\u0219ti \u0219i are nevoie de vindecare. Omenirea c\u0103zut\u0103 \u00een p\u0103cat este simbolizat\u0103 prin acel om care este c\u0103zut \u00eentre t\u00e2lhari. Isus, samarineanul milostiv, vine s\u0103 vindece omul prin ungere cu untdelemn \u0219i vin.<\/h3>\r\n<h3>Dup\u0103 acest cuv\u00e2nt introductiv, preo\u021bii \u0219i pastorii au dat o binecuv\u00e2ntare de \u00eenceput. Au urmat rug\u0103ciuni pe care le-au rostit pe r\u00e2nd preo\u021bii \u0219i pastorii participan\u021bi, intercalate cu lecturi din Sfintele Evanghelii. \u00cen continuare, reprezentan\u021bii diferitelor culte \u0219i confesiuni au rostit c\u00e2te un cuv\u00e2nt de \u00eenv\u0103\u021b\u0103tur\u0103, \u00een 3 limbi: rom\u00e2n\u0103, maghiar\u0103 \u0219i german\u0103. Programul s-a \u00eencheiat cu ectenia de pace, dup\u0103 care, fiecare preot a binecuv\u00e2ntat credincio\u0219ii, aceea\u0219i binecuv\u00e2ntare a lui Dumnezeu a fost mijlocit\u0103 de slujitori ai P\u0103rintelui ceresc din Biserici \u0219i confesiuni diferite. La final a avut loc o agap\u0103 fratern\u0103 la care au participat invita\u021bii acestei seri de rug\u0103ciune interconfesional\u0103.<\/h3>\r\n<h3>Pe parcursul zilelor din cadrul octavei de rug\u0103ciune ecumenic\u0103, pr. Cristian Goia, protopop de Bistri\u021ba, Beclean si Rodna, a r\u0103spuns cu inima deschis\u0103 invita\u021biei reprezentan\u021bilor celorlalte confesiuni.<\/h3>\r\n<h3>Cea dint\u00e2i sear\u0103 ecumenic\u0103 (18 ianuarie) a fost organizat\u0103 de Biserica Evanghelic\u0103 C.A. P\u0103rintele protopop a fost prezent in mijlocul comunit\u0103\u021bii, rostind \u0219i un cuv\u00e2nt de \u00eenv\u0103\u021b\u0103tur\u0103.\u00a0Urm\u0103torul moment de \u00eent\u00e2lnire \u00eentre cre\u0219tini din diferite culte \u0219i confesiuni a fost vineri, 19 ianuarie, zi \u00een care celebrarea ecumenic\u0103 a avut loc \u00een biserica Reformat\u0103 din ora\u0219. P\u0103rintele protopop Cristian Goia a participat cu bucurie la aceast\u0103 sear\u0103 de rug\u0103ciune. \u0218irul \u00eent\u00e2lnirilor de rug\u0103ciune ecumenic\u0103 a continuat s\u00e2mb\u0103t\u0103, 20 ianuarie, \u00een organizarea Bisericii Romano-Catolice, din partea Protopopiatului de Bistri\u021ba fiind prezent pr. Ilie Arie\u0219an, profesor de religie la \u0219colile din Bistri\u021ba.\u00a0Duminic\u0103, 21 ianuarie, \u00een ziua \u00eenvierii Domnului, Biserica Ortodox\u0103 a invitat la comuniune fr\u0103\u021beasc\u0103 cultele \u00een Biserica parohial\u0103 ,,Coroana\u201d, cu hramul ,,Intr\u0103rii Maicii Domnului \u00een Biseric\u0103\u201d. P\u0103rintele protopop de Bistri\u021ba, Cristian Goia, a fost prezent \u0219i la aceast\u0103 sear\u0103 de rug\u0103ciune.<\/h3>\r\n<h3>\u0218irul \u00eent\u00e2lnirilor de rug\u0103ciune ecumenic\u0103 a continuat \u00een data de 23 ianuarie\u00a0\u00a0la biserica ortodox\u0103 ,,Sfin\u021bi apostoli Petru, Pavel si Andrei\u201d. \u00cen cadrul acestei \u00eent\u00e2lniri, Pr.\u00a0\u00a0protopop Cristian Goia a rostit un cuv\u00e2nt de \u00eenv\u0103\u021b\u0103tur\u0103. \u00cen 24 ianuarie, evenimentul va continua la Biserica Evanghelic\u0103 Luteran\u0103 de limb\u0103 maghiar\u0103, unde va fi prezent din partea biserici greco-catolice Pr. Iosif Chiciudean, iar \u00een data de 25 ianuarie fiecare confesiune va \u021bine seara de rug\u0103ciune \u00een biserica proprie.<\/h3>\r\n<h3>Mul\u021bumim Domnului pentru darul unit\u0103\u021bii \u0219i pentru aceste seri de comuniune \u0219i rug\u0103ciune. \u201eUnitatea credin\u021bei \u0219i \u00eemp\u0103rt\u0103\u0219irea Sf\u00e2ntului Spirit cer\u00e2nd, pe noi \u00een\u0219ine, unul pe altul \u0219i toat\u0103 via\u021ba noastr\u0103 lui Hristos Dumnezeu s\u0103 o d\u0103m\u201d.<\/h3>\r\n<h3 style=\"text-align: right;\">a consemnat diacon Darius Tegla\u0219<\/h3>\r\n<h3 style=\"text-align: right;\">Biroul Media al Protopopiatului<\/h3>\r\n<h2><a href=\"https:\/\/photos.app.goo.gl\/zMRMzHQ4Xobn4qYX7\"><strong>FOTO BISERICA GRECO-CATOLIC\u0102 \u201dBUNA-VESTIRE\u201d BISTRI\u021aA 22 IANUARIE 2024\u00a0<\/strong><\/a><\/h2>\r\n<h2><strong><a href=\"https:\/\/photos.app.goo.gl\/hmaiGFqjwMn12wvu5\">FOTO BISERICA EVANGHELIC\u0102 C.A. BISTRI\u021aA &#8211; 18 IANUARIE 2024<\/a><\/strong><\/h2>\r\n<h2><strong><a href=\"https:\/\/photos.app.goo.gl\/HuHvUCZL4AJL1Sfu9\">FOTO BISERICA REFORMAT\u0102 BISTRI\u021aA &#8211; 19 IANUARIE 2024<\/a><\/strong><\/h2>\r\n<h2><strong><a href=\"https:\/\/photos.app.goo.gl\/2uWb64ryvaU3Fz6s9\">FOTO BISERICA ROMANO-CATOLIC\u0102 \u201dSF. TREIME\u201d BISTRI\u021aA &#8211; 20 IANUARIE 2024<\/a><\/strong><\/h2>\r\n<h2><strong><a href=\"https:\/\/photos.app.goo.gl\/3jFRN6hunm4TNpZTA\">FOTO BISERICA ORTODOX\u0102 \u201dINTRAREA \u00ceN BISERIC\u0102 A MAICII DOMNULUI\u201d BISTRI\u021aA &#8211; 21 IANUARIE 2024<\/a><\/strong><\/h2>\r\n<h2><a href=\"https:\/\/photos.app.goo.gl\/ynp8DAiUn9utp9Zx8\"><strong>FOTO BISERICA ORTODOX\u0102 \u201dSF. APOSTOLI PETRU, PAVEL \u0218I ANDREI\u201d<\/strong> BISTRI\u021aA &#8211; 23 IANUARIE 2024<\/a><\/h2>\r\n<h2>VIDEO<\/h2>\r\n<p><iframe loading=\"lazy\" title=\"YouTube video player\" src=\"https:\/\/www.youtube.com\/embed\/hGdXesvw4ns?si=lgJg1OPpfbf8lIoZ\" width=\"560\" height=\"315\" frameborder=\"0\" allowfullscreen=\"allowfullscreen\" data-mce-fragment=\"1\"><\/iframe><\/p>\r\n<h3>A DOUA SEAR\u0102 ECUMENIC\u0102 DE RUG\u0102CIUNE &#8211; BISERICA REFORMAT\u0102 BISTRI\u021aA &#8211; 19 IANUARIE 2024<\/h3>\r\n<p><iframe loading=\"lazy\" title=\"YouTube video player\" src=\"https:\/\/www.youtube.com\/embed\/ttVgHhMtL0U?si=8Hy5bSVkQDDj_t4O\" width=\"560\" height=\"315\" frameborder=\"0\" allowfullscreen=\"allowfullscreen\" data-mce-fragment=\"1\"><\/iframe><\/p>\r\n<h3>A PATRA SEAR\u0102 ECUMENIC\u0102 DE RUG\u0102CIUNE &#8211; BISERICA ORTODOX\u0102 \u201dINTRAREA \u00ceN BISERIC\u0102 A MAICII DOMNULUI\u201d BISTRI\u021aA &#8211; 21 IANUARIE 2024<\/h3>\r\n<p><iframe loading=\"lazy\" title=\"YouTube video player\" src=\"https:\/\/www.youtube.com\/embed\/oe9zE340AnM?si=3oL_Oz0DS9Th_LaI\" width=\"560\" height=\"315\" frameborder=\"0\" allowfullscreen=\"allowfullscreen\" data-mce-fragment=\"1\"><\/iframe><\/p>\r\n<h3>A CINCEA SEAR\u0102 ECUMENIC\u0102 DE RUG\u0102CIUNE &#8211; BISERICA GRECO-CATOLIC\u0102 \u201dBUNA-VESTIRE\u201d BISTRI\u021aA &#8211; 22 IANUARIE 2024<\/h3>\r\n<p><iframe loading=\"lazy\" title=\"YouTube video player\" src=\"https:\/\/www.youtube.com\/embed\/21X29kgNmA0?si=bafll7T57QxF0-Le\" width=\"560\" height=\"315\" frameborder=\"0\" allowfullscreen=\"allowfullscreen\" data-mce-fragment=\"1\"><\/iframe><\/p>\r\n<h3><strong>A \u0218ASEA SEAR\u0102 ECUMENIC\u0102 DE RUG\u0102CIUNE \u00ceN BISERICA ORTODOX\u0102 \u201dSF. APOSTOLI PETRU, PAVEL \u0218I ANDREI\u201d BISTRI\u021aA , 23 IANUARIE 2024, ORA 17.00<\/strong><\/h3>\r\n<p><iframe loading=\"lazy\" title=\"YouTube video player\" src=\"https:\/\/www.youtube.com\/embed\/uEVUOeU-NEc?si=PGbwnQ-y3Co6kixb&amp;start=220\" width=\"560\" height=\"315\" frameborder=\"0\" allowfullscreen=\"allowfullscreen\" data-mce-fragment=\"1\"><\/iframe><\/p>\r\n<p>&nbsp;<\/p>\r\n<p>&nbsp;<\/p>\r\n<h3 style=\"text-align: center;\">VIZIT\u0102<strong> PASTORAL\u0102 A PS CLAUDIU \u00ceN PAROHIA \u0218AN\u021a, ZIUA MONDIAL\u0102 A MISIUNILOR<\/strong><\/h3>\r\n<div dir=\"auto\" style=\"text-align: center;\"><img loading=\"lazy\" decoding=\"async\" class=\"size-large wp-image-581 aligncenter\" src=\"https:\/\/www.protopopiatebn.ro\/wp-content\/uploads\/2023\/10\/IMG_7045-1024x683.jpg\" alt=\"\" width=\"700\" height=\"467\" srcset=\"https:\/\/www.protopopiatebn.ro\/wp-content\/uploads\/2023\/10\/IMG_7045-1024x683.jpg 1024w, https:\/\/www.protopopiatebn.ro\/wp-content\/uploads\/2023\/10\/IMG_7045-300x200.jpg 300w, https:\/\/www.protopopiatebn.ro\/wp-content\/uploads\/2023\/10\/IMG_7045-768x512.jpg 768w, https:\/\/www.protopopiatebn.ro\/wp-content\/uploads\/2023\/10\/IMG_7045-1536x1024.jpg 1536w, https:\/\/www.protopopiatebn.ro\/wp-content\/uploads\/2023\/10\/IMG_7045-2048x1365.jpg 2048w\" sizes=\"auto, (max-width: 700px) 100vw, 700px\" \/><\/div>\r\n<div dir=\"auto\">\u00a0<\/div>\r\n<h2 class=\"xdj266r x11i5rnm xat24cr x1mh8g0r x1vvkbs x126k92a\" style=\"text-align: center;\">\u00a0Video (Sf\u00e2nta Liturghie)<\/h2>\r\n<div dir=\"auto\" style=\"text-align: center;\"><iframe loading=\"lazy\" title=\"YouTube video player\" src=\"https:\/\/www.youtube.com\/embed\/N4H-QVYmSVs?si=-mLLcgAAPyfx7jIn\" width=\"560\" height=\"315\" frameborder=\"0\" allowfullscreen=\"allowfullscreen\" data-mce-fragment=\"1\"><\/iframe><\/div>\r\n<h2 dir=\"auto\" style=\"text-align: center;\"><a href=\"https:\/\/photos.app.goo.gl\/44AxTrVBjGvKGSkAA\">ALBUM FOTO EVENIMENT<\/a><\/h2>\r\n<div class=\"x11i5rnm xat24cr x1mh8g0r x1vvkbs xtlvy1s x126k92a\">Duminic\u0103, 22 octombrie 2023 &#8211; \u00een \u201ecea mai mare s\u0103rb\u0103toare\u201d \u0219i \u201ezi a \u00cenvierii\u201d &#8211; cum a numit fiecare duminic\u0103 Preasfin\u021bia Sa Claudiu, Episcopul de Cluj-Gherla, celebrarea Zilei Mondiale a Misiunilor a fost o s\u0103rb\u0103toare a vestirii cuv\u00e2ntului lui Dumnezeu \u0219i a prezen\u021bei Ierarhului \u00een Parohia Greco-Catolic\u0103 \u0218an\u021b, din Protopopiatul Rodna.<\/div>\r\n<div dir=\"auto\">Preasfin\u021bia Sa Claudiu a fost primit \u00een fa\u021ba bisericii parohiale, consacrat\u0103 Intr\u0103rii \u00een Templu a Maicii Domnului, de tineri cu p\u00e2ine \u0219i sare \u0219i de copii care i-au oferit flori. Ierarhul a fost salutat de preo\u021bi &#8211; cei mai mul\u021bi din Protopopiatul Rodna, \u00eempreun\u0103 cu pr. protopop Cristian Goia -, de studen\u021bi seminari\u0219ti din Cluj-Napoca, sosi\u021bi \u00eempreun\u0103 cu rectorul lor, pr. Marius Furtun\u0103, de persoane consacrate &#8211; surori ale Ordinului Sf\u00e2ntului Vasile cel Mare &#8211; \u0219i credincio\u0219i, oficialit\u0103\u021bi &#8211; \u00eentre care subprefectul jud. Bistri\u021ba-N\u0103s\u0103ud, Zegrean Ioan \u0219i primarul com. \u0218an\u021b, Marinel Forog\u0103u.<\/div>\r\n<div dir=\"auto\">Pr. Augustin Fl\u0103m\u00e2nd, preotul comunit\u0103\u021bii greco-catolice din loc. \u0218an\u021b a urat Ierarhului bun venit, \u201epe urmele marelui \u00cent\u00e2ist\u0103t\u0103tor Fericitul Iuliu Hossu, aici, la grani\u021ba eparhiei noastre, la poalele Mun\u021bilor Rodnei\u201d. Episcopul a salutat, m\u0103rturisind c\u0103, sosind la \u0218an\u021b, a admirat frumuse\u021bea crea\u021biei \u0219i a iubirii lui Dumnezeu.<\/div>\r\n<div dir=\"auto\">Dup\u0103 momentele de \u00eent\u00e2mpinare \u0219i salut, s-a intrat \u00een biseric\u0103, unde a fost celebrat\u0103 Sf\u00e2nta Liturghie a duminicii \u201eEliber\u0103rii demonizatului din \u021binutul Gherghesenilor\u201d. A diaconat dc. Ovidiu Mari\u0219ca, cancelar eparhial, de asemenea, au ajutat la celebrare \u0219i au dat r\u0103spunsurile liturgice studen\u021bi seminari\u0219ti.<\/div>\r\n<div dir=\"auto\">Biserica spa\u021bioas\u0103 a fost plin\u0103: pe l\u00e2ng\u0103 credincio\u0219i din \u0218an\u021b, au fost \u0219i din Maramure\u0219, din Beclean, din parohii \u00eenvecinate. \u00centre cei prezen\u021bi, dup\u0103 vechiul obicei din satele rom\u00e2ne\u0219ti, mul\u021bi purtau straie populare f\u0103urite cu m\u0103iestrie de m\u00e2n\u0103, cum \u00eenc\u0103 se obi\u0219nuie\u0219te pe aceste meleaguri ferite \u00een parte de practicile modernit\u0103\u021bii. De asemenea, \u00een biseric\u0103 s-au aflat mul\u021bi copii \u0219i ei \u00een costum popular.<\/div>\r\n<div dir=\"auto\">***<\/div>\r\n<div dir=\"auto\">\u00a0<\/div>\r\n<div dir=\"auto\">\ud835\uddd6\ud835\ude02\ud835\ude03\u00e2\ud835\uddfb\ud835\ude01\ud835\ude02\ud835\uddf9 \ud835\uddf9\ud835\ude02\ud835\uddf6 \ud835\uddd7\ud835\ude02\ud835\uddfa\ud835\uddfb\ud835\uddf2\ud835\ude07\ud835\uddf2\ud835\ude02 \ud835\ude03\ud835\uddf2\ud835\ude00\ud835\ude01\ud835\uddf6\ud835\ude01 \ud835\uddf1\ud835\uddf2 \ud835\uddd8\ud835\uddfd\ud835\uddf6\ud835\ude00\ud835\uddf0\ud835\uddfc\ud835\uddfd\ud835\ude02\ud835\uddf9 \ud835\uddf2\ud835\uddfd\ud835\uddee\ud835\uddff\ud835\uddf5\ud835\uddf6\ud835\uddee\ud835\uddf9 \u00ee\ud835\uddfb \ud835\udde3\ud835\uddee\ud835\uddff\ud835\uddfc\ud835\uddf5\ud835\uddf6\ud835\uddee \u0218\ud835\uddee\ud835\uddfb\u021b, \ud835\udde3\ud835\uddff\ud835\uddfc\ud835\ude01\ud835\uddfc\ud835\uddfd\ud835\uddfc\ud835\uddfd\ud835\uddf6\ud835\uddee\ud835\ude01\ud835\ude02\ud835\uddf9 \ud835\udde5\ud835\uddfc\ud835\uddf1\ud835\uddfb\ud835\uddee &#8211; \ud835\uddd6\ud835\uddf2\ud835\uddf9\ud835\uddf2\ud835\uddef\ud835\uddff\ud835\uddee\ud835\uddff\ud835\uddf2\ud835\uddee \ud835\udded\ud835\uddf6\ud835\uddf9\ud835\uddf2\ud835\uddf6 \ud835\udde0\ud835\uddfc\ud835\uddfb\ud835\uddf1\ud835\uddf6\ud835\uddee\ud835\uddf9\ud835\uddf2 \ud835\uddee \ud835\udde0\ud835\uddf6\ud835\ude00\ud835\uddf6\ud835\ude02\ud835\uddfb\ud835\uddf6\ud835\uddf9\ud835\uddfc\ud835\uddff:<\/div>\r\n<div dir=\"auto\">\u00a0<\/div>\r\n<div dir=\"auto\"><iframe loading=\"lazy\" title=\"YouTube video player\" src=\"https:\/\/www.youtube.com\/embed\/N4H-QVYmSVs?si=9aY1syqH7rsQqJFo&amp;start=1354\" width=\"560\" height=\"315\" frameborder=\"0\" allowfullscreen=\"allowfullscreen\" data-mce-fragment=\"1\"><\/iframe><\/div>\r\n<div dir=\"auto\">\u00cen cuv\u00e2ntul de \u00eenv\u0103\u021b\u0103tur\u0103, Preasfin\u021bia Sa Claudiu a invitat &#8211; mai ales \u00een aceast\u0103 zi \u00een care, la nivel mondial, \u00een Biseric\u0103 se celebreaz\u0103 Misiunile \u0219i activitatea misionar\u0103 &#8211; la con\u0219tientizarea darului \u0219i a iubirii lui Dumnezeu, \u201ecare ne-a scos din aceast\u0103 lume \u0219i ne-a trecut de la moarte la via\u021b\u0103\u201d, cu accent pe o expresie din lectura Apostolului, \u00een care se pomenea despre \u201ecov\u00e2r\u0219itoarea bog\u0103\u021bie a harului lui Dumnezeu\u201d.<\/div>\r\n<div dir=\"auto\">O \u201ecov\u00e2r\u0219itoare bog\u0103\u021bie\u201d, a explicat, pentru c\u0103 ceea ce aici pare normalitate, firescul vie\u021bii de zi cu zi &#8211; a veni la biseric\u0103, a participa la rug\u0103ciune, la Sf\u00e2nta Liturghie, a petrece timp cu familia, cu prietenii, \u00een alte p\u0103r\u021bi ale lumii nu este cu putin\u021b\u0103 f\u0103r\u0103 riscuri majore. Pentru c\u0103, a spus, \u201eexist\u0103 p\u0103r\u021bi \u00een aceast\u0103 lume, \u021b\u0103ri &#8211; \u0219tim de r\u0103zboiul din Ucraina, de cel din Israel &#8211; \u0219i multe alte locuri de pe acest p\u0103m\u00e2nt, \u00een care lumea nu poate face ceea ce noi facem\u201d. A dat un exemplu: \u201eSpunea cineva c\u0103 \u00een Orientul Mijlociu, cre\u0219tinii, c\u00e2nd ies de la Liturghie duminica, se salut\u0103 ca \u0219i cum s-ar fi \u00eent\u00e2lnit pentru ultima dat\u0103, fiindc\u0103 nu \u0219tiu dac\u0103 se vor mai vedea, nu \u0219tiu dac\u0103 vor mai tr\u0103i p\u00e2n\u0103 la urm\u0103toarea Sf\u00e2nt\u0103 Liturghie. Sunt oameni \u00een biserici care nu \u0219tiu dac\u0103 va c\u0103dea o rachet\u0103, sau o bomb\u0103, sau dac\u0103 va fi un atentat \u0219i \u00ee\u0219i vor pierde via\u021ba. Sunt oameni care \u00ee\u0219i tr\u0103iesc credin\u021ba ast\u0103zi, acum, \u00een felul acesta. G\u00e2ndi\u021bi-v\u0103 \u00een ce fel se \u00eencredin\u021beaz\u0103 lui Dumnezeu, \u00een ce fel urc\u0103 la cer rug\u0103ciunea lor, \u0219tiind c\u0103 depind clip\u0103 de clip\u0103 de harul lui Dumnezeu\u201d. De aceea, a invitat: \u201eS\u0103-I mul\u021bumim lui Dumnezeu c\u0103 respir\u0103m, c\u0103 ne putem mi\u0219ca, c\u0103 ne \u00eent\u00e2lnim familia, prietenii, fra\u021bi, surorile, c\u0103 ne putem bucura de o zi minunat\u0103\u201d.<\/div>\r\n<div dir=\"auto\">Iar aceast\u0103 duminic\u0103, \u201eeste o zi minunat\u0103 fiindc\u0103 \u00een Biserica Catolic\u0103 din toat\u0103 lumea se s\u0103rb\u0103tore\u0219te Ziua Misiunilor. Iar misiunea face referire la felul \u00een care Isus \u00eei trimite pe ucenici s\u0103 propov\u0103duiasc\u0103 cuv\u00e2ntul lui Dumnezeu, s\u0103 boteze oameni, s\u0103-i vindece, s\u0103-i elibereze de puterea celui r\u0103u\u201d.<\/div>\r\n<div dir=\"auto\">Ierarhul a mul\u021bumit tuturor preo\u021bilor \u201epentru misiunea pe care o fac zi de zi\u201d, aceea de a propov\u0103dui cuv\u00e2ntul lui Dumnezeu, pentru c\u0103, prin preo\u021bi, cuv\u00e2ntul lui Dumnezeu \u0219i harul lui Dumnezeu &#8211; \u201eacest har cov\u00e2r\u0219itor\u201d ajunge la to\u021bi credincio\u0219ii. \u0218i, \u201e\u00een acela\u0219i timp, sunt, tot \u00een aceste vremuri misionari care \u00ee\u0219i risc\u0103 via\u021ba, care tr\u0103iesc \u00een jungl\u0103 unde \u00eent\u00e2lnesc popoare \u00eenc\u0103 necre\u0219tinate \u0219i \u00eencearc\u0103 s\u0103 g\u0103seasc\u0103 o manier\u0103 de a le transmite cuv\u00e2ntul lui Dumnezeu\u201d. De aceea, Preasfin\u021bia Sa Claudiu a invitat la rug\u0103ciune pentru misionari, pentru cei care vestesc cuv\u00e2ntul lui Dumnezeu celor care nu l-au auzit \u00eenc\u0103. Dar, a continuat, misiunea de a propov\u0103dui este \u00eencredin\u021bat\u0103 tuturor: \u201eIsus cere tuturor s\u0103 vesteasc\u0103 cuv\u00e2ntul lui Dumnezeu celor care nu l-au auzit \u00eenc\u0103\u201d.<\/div>\r\n<div dir=\"auto\">O astfel de misiune, de a propov\u0103dui &#8211; \u00een evanghelia duminicii (Lc 8,26-39) -, Isus o \u00eencredin\u021beaz\u0103 omului pe care l-a eliberat, \u00eei spune: \u201e\u00eentoarce-te \u00een casa ta \u0219i poveste\u0219te c\u00e2t bine \u021bi-a f\u0103cut \u021bie Dumnezeu\u201d. Este misiunea \u00eencredin\u021bat\u0103 fiec\u0103rui cre\u0219tin \u0219i, mai mult, fiecare este chemat s\u0103-I mul\u021bumeasc\u0103 lui Dumnezeu. \u201eVia\u021ba noastr\u0103 s\u0103 fie o Euharistie, s\u0103 \u0219tim s\u0103-I aducem m\u0103rire \u0219i mul\u021bumire lui Dumnezeu prin via\u021ba noastr\u0103 \u00een fiecare clip\u0103\u201d. Este ceea ce au f\u0103cut \u0219i Episcopii greco-catolici martiri, care \u201eau fost Episcopi \u0219i \u00een Catedralele lor \u0219i \u00een \u00eenchisoare\u201d, au m\u0103rturisit cu via\u021ba lor iubirea lui Dumnezeu, nu s-au pl\u00e2ns fiind asupri\u021bi, au v\u0103zut, dincolo de suferin\u021be, puterea, harul \u0219i prezen\u021ba continu\u0103 a lui Dumnezeu, \u00een orice \u00eemprejurare.<\/div>\r\n<div dir=\"auto\">\u0218i, de\u0219i \u00een aceast\u0103 lume exist\u0103 o lupt\u0103 cu r\u0103ul &#8211; \u201e\u0219i lupta o vedem \u0219i \u00een Evanghelia de ast\u0103zi, \u00een care un om este posedat de diavol &#8211; dar vedem, \u00een acela\u0219i timp, c\u0103 dincolo de acest r\u0103u \u0219i tocmai prin aceast\u0103 ur\u00e2ciune, se v\u0103de\u0219te puterea lui Dumnezeu\u201d, o putere mai mare dec\u00e2t cea a unei legiuni: \u201eo structur\u0103 a armatei romane \u00een care erau mii de oameni, care, atunci c\u00e2nd atacau, se \u021bineau str\u00e2ns unul de altul, era o for\u021b\u0103 incredibil\u0103. G\u00e2ndi\u021bi-v\u0103 \u00een fa\u021ba cui, mii de oameni antrena\u021bi \u00een lupt\u0103 s-ar pune imediat \u00een genunchi? Ar face asta doar dac\u0103 ar percepe o for\u021b\u0103 mult mai mare dec\u00e2t a lor. Ei bine, Isus p\u0103\u0219e\u0219te pe t\u0103r\u00e2mul celui posedat iar diavolul numit \u00ablegiune\u00bb vine \u00een fa\u021ba Lui, \u0219i se a\u0219az\u0103 la p\u0103m\u00e2nt, \u00cel recunoa\u0219te ca Fiu al lui Dumnezeu\u201d. A\u0219adar, de\u0219i puterea celui r\u0103u este foarte mare, puterea lui Dumnezeu e mult mai mare \u0219i cel r\u0103u recunoa\u0219te acest lucru. A continuat: \u201e\u0218i acea putere este transmis\u0103 slujitorilor Bisericii, preo\u021bilor. Spunea un exorcist de la Roma, c\u0103, \u00een fa\u021ba unui posedat a \u00eentins m\u00e2na \u0219i l-a \u00eentrebat: \u00abCe vezi?\u00bb El a r\u0103spuns prin gura posedatului: \u00abm\u00e2na Nazarineanului\u00bb!\u201d<\/div>\r\n<div dir=\"auto\">Prin urmare, a ar\u0103tat Preasfin\u021bia Sa Claudiu, \u201epreo\u021bii nu ac\u021bioneaz\u0103 \u00een numele lor, ei ac\u021bioneaz\u0103 \u00een Numele lui Isus, \u0219i ceea ce ei fac, Isus face prin ei, pentru voi. Atunci c\u00e2nd preotul v\u0103 d\u0103 dezlegare de p\u0103cate, nu de la el o d\u0103, dar, \u00een acela\u0219i timp, a primit harul lui Dumnezeu. Prin el ac\u021bioneaz\u0103 puterea lui Dumnezeu, de aceea, atunci c\u00e2nd preotul v\u0103 dezleag\u0103 de p\u0103cate, Isus \u00eensu\u0219i va dezleag\u0103 de p\u0103cate. \u0218i atunci c\u00e2nd preotul v\u0103 vorbe\u0219te, Isus vorbe\u0219te prin el \u00een inimile voastre\u201d. A \u00eendemnat: \u201eIndiferent de nivelul social la care suntem, de slujirea pe care o avem \u00een \u021bar\u0103, \u00een comunitate, \u00een Biseric\u0103, cu to\u021bii trebuie s\u0103 ne deschidem \u00een fa\u021ba lui Dumnezeu, pentru a \u00een\u021belege \u00een ce fel putem aduce ceva din armonia Cerului \u00een lumea \u00een care tr\u0103im, \u00een bisericile noastre, \u00een ora\u0219ele noastre, \u00een comunele noastre, \u00een \u021bara noastr\u0103. Nu exist\u0103 alt\u0103 manier\u0103 de a aduce armonie \u0219i bun\u0103stare, dec\u00e2t a-I cere lui Dumnezeu s\u0103 ne trimit\u0103 aceste daruri. \u0218i dac\u0103 ne deschidem spre El, cu siguran\u021b\u0103 via\u021ba noastr\u0103 va fi mai bun\u0103, mai frumoas\u0103, mai sf\u00e2nt\u0103\u201d.<\/div>\r\n<div dir=\"auto\">Preasfin\u021bia Sa Claudiu a \u00eencheiat prin exemplul sf\u00e2ntului celebrat de Biseric\u0103 \u00een aceast\u0103 duminic\u0103: \u201eAst\u0103zi \u00eel s\u0103rb\u0103torim \u0219i pe Sf\u00e2ntul P\u0103rinte Ioan Paul al II-lea. \u0218i el a avut luptele lui, a f\u0103cut \u0219i exorcisme &#8211; sunt m\u0103rturii despre aceasta -, dar a f\u0103cut \u0219i acel exorcism extraordinar de a distruge Cortina de Fier din Europa. Prin rug\u0103ciunile lui, prin ac\u021biunea lui la toate nivelele, a reu\u0219it s\u0103 distrug\u0103 comunismul \u00een toate \u021b\u0103rile \u00een care domnea. \u0218i noi eram \u00een acea situa\u021bie, \u0219i noi am sim\u021bit pe deplin puterea \u0219i teroarea comunismului\u201d.<\/div>\r\n<div dir=\"auto\">De aceea, a invitat: \u201east\u0103zi s\u0103 ne aducem aminte de Sf\u00e2ntul Pap\u0103 Ioan Paul al II-lea care a vizitat \u021bara noastr\u0103, a binecuv\u00e2ntat-o, s\u0103-i cerem ajutorul, ca \u0219i noi s\u0103 \u0219tim pe deoparte s\u0103 \u00eenvingem r\u0103ul din sufletele noastre, dar s\u0103-l \u00eenvingem \u0219i \u00een lumea \u00een care tr\u0103im \u0219i atunci lumea va fi o lume mai bun\u0103\u201d.<\/div>\r\n<div dir=\"auto\">***<\/div>\r\n<div dir=\"auto\">La \u00eencheierea Sfintei Liturghii s-a f\u0103cut rug\u0103ciunea special\u0103 pentru celebrarea Zilei Mondiale a Misiunilor, apoi, pr. protopop Cristian Goia a rostit un cuv\u00e2nt de mul\u021bumire. \u0218i, \u201epentru a ne cunoa\u0219te \u00eenainta\u0219ii, pe cei care au p\u0103strat credin\u021ba noastr\u0103 pe aceste meleaguri\u201d, a amintit nume de personalit\u0103\u021bi ale Bisericii originare din loc. \u0218an\u021b (Rodna Nou\u0103), precum: pr. Grigore Moisil, om de cultur\u0103, vicar al Rodnei, protopop al N\u0103s\u0103udului; pr. Pamfiliu Grapini (1855 &#8211; 1949), preotul greco-catolic ctitor al fostei biserici parohiale; fiul s\u0103u Enea Grapini, inginer, arhitect, politician, artizan al Marii Uniri; pr. dr. Octavian Domide, prelat papal, prepozit capitular, vicar general al Episcopiei de Gherla, deputat al Marii Adun\u0103ri Na\u021bionale de la Alba Iulia, Pre\u0219edinte al Consiliului Na\u021bional Rom\u00e2n de la Gherla; pr. Laz\u0103r S\u00e2ngeorzan, \u201eultimul protopop de Rodna, dinainte de trecerea \u00een ilegalitate a Bisericii \u00een 1948\u201d.<\/div>\r\n<div dir=\"auto\">Cuv\u00e2ntul de mul\u021bumire al preotului paroh a \u00eencheiat \u00een\u0103l\u021b\u0103toarea celebrare. Pr. Augustin Fl\u0103m\u00e2nd a mul\u021bumit Preasfin\u021biei Sale Claudiu, \u201ecare a r\u0103spuns invita\u021biei de se afla \u00een acest loc \u00een care nu de pu\u021bine ori Cardinalul Iuliu Hossu venea cu bucurie \u0219i ast\u0103zi ne \u00eembr\u0103\u021bi\u0219eaz\u0103 din masa sf\u00e2ntului altar, \u00eentr-o zi special\u0103, la \u00eemplinirea a patru ani de la sfin\u021birea bisericii\u201d.<\/div>\r\n<div dir=\"auto\">A adresat mul\u021bumiri tuturor oaspe\u021bilor \u0219i parohienilor deopotriv\u0103, \u00een mod particular Preasfin\u021biei Sale Claudiu, c\u0103ruia i-a oferit un dar, \u201e\u00eempreun\u0103 cu inima, dragostea, respectul \u0219i recuno\u0219tin\u021ba noastr\u0103\u201d: a oferit Ierarhului o mitr\u0103 episcopal\u0103 \u201ecare s\u0103 ne \u021bin\u0103 \u00een puterea dragostei Bisericii\u201d.<\/div>\r\n<div dir=\"auto\">Mul\u021bumind, Preasfin\u021bia Sa Claudiu a spus: \u201eMitra este semnul demnit\u0103\u021bii, dar este \u0219i semnul cununii de spini pe care o poart\u0103 Cristos pentru noi, \u0219i, \u00een acela\u0219i timp, este \u0219i \u00abcununa episcopului\u00bb: comunitatea cre\u0219tinilor\u201d.<\/div>\r\n<div dir=\"auto\"><span style=\"font-family: inherit;\">Dup\u0103 celebrarea liturgic\u0103, \u00eempreun\u0103 cu preo\u021bii, diaconii \u0219i studen\u021bii teologi, Preasfin\u021bia Sa Claudiu a f\u0103cut binecuv\u00e2ntarea unui crucifix &#8211; amplasat la intrarea \u00een biseric\u0103 &#8211; \u0219i a noii grote cu statuia Preasfintei Fecioare Maria, pe care pr. Augustin Fl\u0103m\u00e2nd a numit-o \u201eocrotitoarea bisericii \u0219i a localit\u0103\u021bii\u201d.<\/span><\/div>\r\n<div class=\"x11i5rnm xat24cr x1mh8g0r x1vvkbs xtlvy1s x126k92a\">\r\n<h4 dir=\"auto\" style=\"text-align: right;\">Biroul de Comunica\u021bii Sociale al Eparhiei de Cluj-Gherla<\/h4>\r\n<div dir=\"auto\">\r\n<h4 dir=\"auto\"><a href=\"https:\/\/photos.app.goo.gl\/MRwofthCpmBMHQhs8\">FOTOGRAFII BISERICA<\/a><\/h4>\r\n<div class=\"x11i5rnm xat24cr x1mh8g0r x1vvkbs xtlvy1s x126k92a\">\r\n<h4 dir=\"auto\">\u2022 \ud835\udde7\ud835\ude02\ud835\uddff \ud835\ude03\ud835\uddf6\ud835\uddff\ud835\ude01\ud835\ude02\ud835\uddee\ud835\uddf9 \ud835\uddee\ud835\uddf9 \ud835\uddef\ud835\uddf6\ud835\ude00\ud835\uddf2\ud835\uddff\ud835\uddf6\ud835\uddf0\ud835\uddf6\ud835\uddf6 \u201eIntrarea \u00een Templu a Maicii Domnului\u201d din Parohia \u015ean\u0163:<\/h4>\r\n<h4 dir=\"auto\">\u2013 interiorul bisericii: <a class=\"x1i10hfl xjbqb8w x6umtig x1b1mbwd xaqea5y xav7gou x9f619 x1ypdohk xt0psk2 xe8uvvx xdj266r x11i5rnm xat24cr x1mh8g0r xexx8yu x4uap5 x18d9i69 xkhd6sd x16tdsg8 x1hl2dhg xggy1nq x1a2a7pz xt0b8zv x1fey0fg\" tabindex=\"0\" role=\"link\" href=\"https:\/\/l.facebook.com\/l.php?u=https%3A%2F%2Fprotopopiatebn.ro%2Fturbis.html&amp;h=AT20M1r1qCQvLJYHuel0xszIUavcZoGLXDEJXjlJTjZu6TiGycdfZnAgzufKC2_9t4n4BLBv2FNLgniU8yTsIiMkG7kY4qGdwiBZZgKNkG_0nDtgOJHaxzY9ghfSf--7iP-YY0-uM5jdqtLoxA4EwQJrfCsyLgkx9UhH&amp;__tn__=-UK-R&amp;c[0]=AT3UwOL1yFddgZdBr4e5spk8ZCo29nZeQonZOOcdXn0vDBcxTFYdAQ94wCpuFdTEuubwUBtlzcXPioBlPJzWbpcPV6nWSNvHq5Xu3PczgjjSBQ91SPwEI2ToSQ9bfidyCUTN4rfguL4myMXT1CxQqOOkaam3c4qRzc-3j_317RSF-zP-X9rPF18ArImBWXyBLDOEvMRRaA\" target=\"_blank\" rel=\"nofollow noopener noreferrer\">https:\/\/protopopiatebn.ro\/turbis.html<\/a><\/h4>\r\n<h4 dir=\"auto\">\u2013 Altarul bisericii: <a class=\"x1i10hfl xjbqb8w x6umtig x1b1mbwd xaqea5y xav7gou x9f619 x1ypdohk xt0psk2 xe8uvvx xdj266r x11i5rnm xat24cr x1mh8g0r xexx8yu x4uap5 x18d9i69 xkhd6sd x16tdsg8 x1hl2dhg xggy1nq x1a2a7pz xt0b8zv x1fey0fg\" tabindex=\"0\" role=\"link\" href=\"https:\/\/l.facebook.com\/l.php?u=https%3A%2F%2Fprotopopiatebn.ro%2Fturbisaltar.html&amp;h=AT00ieb6-f76o0cLzlljmF6xS54ulgjM9KSGluUvmUEil-7EGRfQ0wBVbjJ1v4bXZH6nzLD8bQNoMrLzMy_7xO5qq-ROkBgi8CvkzUZnTcYIDRy7eZrkvu31BW4MkuRH_4SjvOMz44DwWpPE8MzP46DfHP2ret4kM2xr&amp;__tn__=-UK-R&amp;c[0]=AT3UwOL1yFddgZdBr4e5spk8ZCo29nZeQonZOOcdXn0vDBcxTFYdAQ94wCpuFdTEuubwUBtlzcXPioBlPJzWbpcPV6nWSNvHq5Xu3PczgjjSBQ91SPwEI2ToSQ9bfidyCUTN4rfguL4myMXT1CxQqOOkaam3c4qRzc-3j_317RSF-zP-X9rPF18ArImBWXyBLDOEvMRRaA\" target=\"_blank\" rel=\"nofollow noopener noreferrer\">https:\/\/protopopiatebn.ro\/turbisaltar.html<\/a><\/h4>\r\n<\/div>\r\n<\/div>\r\n<\/div>\r\n<h3><strong>BISERICA GRECO-CATOLIC\u0102 \u201dINTRAREA \u00ceN TEMPLU A MAICII DOMNULUI\u201d DIN COMUNA \u0218AN\u021a, PROTOPOPIATUL RODNA, VIZIT\u0102 PASTORAL\u0102 A PS CLAUDIU \u00ceN PAROHIA \u0218AN\u021a, SF. LITURGHIE ARHIEREASC\u0102, DUMINIC\u0102 22 OCTOMBRIE 2023, ora 10.30<\/strong><br \/><iframe loading=\"lazy\" title=\"YouTube video player\" src=\"https:\/\/www.youtube.com\/embed\/N4H-QVYmSVs?si=-mLLcgAAPyfx7jIn\" width=\"560\" height=\"315\" frameborder=\"0\" allowfullscreen=\"allowfullscreen\"><\/iframe><\/h3>\r\n<div class=\"xdj266r x11i5rnm xat24cr x1mh8g0r x1vvkbs x126k92a\">\r\n<div dir=\"auto\">\r\n<div dir=\"auto\">\r\n<div class=\"xdj266r x11i5rnm xat24cr x1mh8g0r x1vvkbs x126k92a\">\r\n<h3 dir=\"auto\">\ud835\udde9\ud835\uddf6\ud835\uddf1\ud835\uddf2\ud835\uddfc \ud835\uddf9\ud835\uddf6\ud835\ude03\ud835\uddf2 (\ud835\uddec\ud835\uddfc\ud835\ude02\ud835\udde7\ud835\ude02\ud835\uddef\ud835\uddf2) &#8211; Sf\u00e2nta Liturghie celebrat\u0103 de Preasfin\u021bia Sa Claudiu, Episcopul de Cluj-Gherla \u00een Duminica de 22 octombrie 2023 &#8211; Vizit\u0103 pastoral\u0103 \u00een Parohia \u0218an\u021b: <a class=\"x1i10hfl xjbqb8w x6umtig x1b1mbwd xaqea5y xav7gou x9f619 x1ypdohk xt0psk2 xe8uvvx xdj266r x11i5rnm xat24cr x1mh8g0r xexx8yu x4uap5 x18d9i69 xkhd6sd x16tdsg8 x1hl2dhg xggy1nq x1a2a7pz xt0b8zv x1fey0fg\" tabindex=\"0\" role=\"link\" href=\"https:\/\/www.protopopiatebn.ro\/index.php\/transmisie-live-evenimente\/\" target=\"_blank\" rel=\"nofollow noopener noreferrer\">https:\/\/www.protopopiatebn.ro\/&#8230;\/transmisie-live&#8230;\/<\/a><\/h3>\r\n<\/div>\r\n<div dir=\"auto\">Duminic\u0103, \ud835\udfee\ud835\udfee \ud835\uddfc\ud835\uddf0\ud835\ude01\ud835\uddfc\ud835\uddfa\ud835\uddef\ud835\uddff\ud835\uddf6\ud835\uddf2 \ud835\udfee\ud835\udfec\ud835\udfee\ud835\udfef &#8211; a 23-a dR (Eliberarea demonizatului din \u021binutul Gherghesenilor) zi \u00een care Biserica face pomenirea Sf\u00e2ntului Pap\u0103 Ioan Paul al II-lea (\u00een acest an, la aniversarea a 45 de ani de la inaugurarea pontificatului) \u0219i are loc \ud835\uddf0\ud835\uddf2\ud835\uddf9\ud835\uddf2\ud835\uddef\ud835\uddff\ud835\uddee\ud835\uddff\ud835\uddf2\ud835\uddee \ud835\udded\ud835\uddf6\ud835\uddf9\ud835\uddf2\ud835\uddf6 \ud835\udde0\ud835\uddfc\ud835\uddfb\ud835\uddf1\ud835\uddf6\ud835\uddee\ud835\uddf9\ud835\uddf2 \ud835\uddee \ud835\udde0\ud835\uddf6\ud835\ude00\ud835\uddf6\ud835\ude02\ud835\uddfb\ud835\uddf6\ud835\uddf9\ud835\uddfc\ud835\uddff, Preasfin\u021bia Sa Claudiu va vesti cuv\u00e2ntul lui Dumnezeu \u00een \ud835\udde3\ud835\uddee\ud835\uddff\ud835\uddfc\ud835\uddf5\ud835\uddf6\ud835\uddee \ud835\uddda\ud835\uddff\ud835\uddf2\ud835\uddf0\ud835\uddfc-\ud835\uddd6\ud835\uddee\ud835\ude01\ud835\uddfc\ud835\uddf9\ud835\uddf6\ud835\uddf0\ud835\uddee\u0306 \ud835\udde6\ud835\uddee\ud835\uddfb\ud835\ude01, \ud835\uddf1\ud835\uddf6\ud835\uddfb \ud835\udde3\ud835\uddff\ud835\uddfc\ud835\ude01\ud835\uddfc\ud835\uddfd\ud835\uddfc\ud835\uddfd\ud835\uddf6\ud835\uddee\ud835\ude01\ud835\ude02\ud835\uddf9 \ud835\udde5\ud835\uddfc\ud835\uddf1\ud835\uddfb\ud835\uddee.<\/div>\r\n<div dir=\"auto\">R\u0103spunz\u00e2nd invita\u021biei pr. Fl\u0103m\u00e2nd Augustin, parohul Parohiei \u0218an\u021b, P\u0103storul Eparhiei de Cluj-Gherla va celebra, \ud835\uddf1\ud835\uddf2 \ud835\uddf9\ud835\uddee \ud835\uddfc\ud835\uddff\ud835\uddee \ud835\udfed\ud835\udfec.\ud835\udfef\ud835\udfec, Sf\u00e2nta Liturghie arhiereasc\u0103 \u00een biserica cu hramul Intr\u0103rii \u00een Templu a Maicii Domnului.<\/div>\r\n<div dir=\"auto\">Dup\u0103 celebrarea liturgic\u0103, este programat\u0103 binecuv\u00e2ntarea, de c\u0103tre Ierarh, a unui crucifix \u0219i a noii grote cu statuia Preasfintei Fecioare Maria.<\/div>\r\n<div dir=\"auto\">\u2022 \ud835\udde6\ud835\uddf0\ud835\ude02\ud835\uddff\ud835\ude01 \ud835\uddf6\ud835\ude00\ud835\ude01\ud835\uddfc\ud835\uddff\ud835\uddf6\ud835\uddf0:<\/div>\r\n<div dir=\"auto\">Parohia Greco-Catolic\u0103 \u0218an\u021b (p\u00e2n\u0103 la \u00eenceputul sec. al XIX-lea, Rodna Nou\u0103), situat\u0103 \u00eentr-o frumoas\u0103 \u0219i veche a\u0219ezare de la poalele Mun\u021bilor Rodnei, (istoric al com. \u0218an\u021b: <a class=\"x1i10hfl xjbqb8w x6umtig x1b1mbwd xaqea5y xav7gou x9f619 x1ypdohk xt0psk2 xe8uvvx xdj266r x11i5rnm xat24cr x1mh8g0r xexx8yu x4uap5 x18d9i69 xkhd6sd x16tdsg8 x1hl2dhg xggy1nq x1a2a7pz xt0b8zv x1fey0fg\" tabindex=\"0\" role=\"link\" href=\"https:\/\/www.comunasant.ro\/comuna-sant\/\" target=\"_blank\" rel=\"nofollow noopener noreferrer\">https:\/\/www.comunasant.ro\/comuna-sant\/<\/a>) &#8211; este o parohie veche, trecut\u0103 la Unirea cu Roma la 1700.<\/div>\r\n<div dir=\"auto\">La \u0218an\u021b a existat o \u201ebiseric\u0103 veche de zid, edificat\u0103 \u00een 1845, avariat\u0103 prin trecerea frontului\u201d (cf. \u0218ematism, 1947). Aceea\u0219i surs\u0103 atest\u0103, la data edit\u0103rii \u0218ematismului, existen\u021ba a dou\u0103 parohii, \u0218an\u021b I \u0219i \u0218an\u021b II. De asemenea, este consemnat\u0103 edificarea, mai t\u00e2rziu, \u00eentre 1906-1919, a unei biserici de zid.<\/div>\r\n<div dir=\"auto\">Episcopul Iuliu Hossu, Episcop de Gherla \u0219i apoi de Cluj-Gherla, acum Fericit martir, a vizitat aceast\u0103 parohie \u00een 27 iulie 1920 \u0219i \u00een 3 septembrie 1922, c\u00e2nd a \u0219i sfin\u021bit biserica cu hramul \u201e\u00cen\u0103l\u021b\u0103rii Domnului nostru Isus Hristos\u201d.<\/div>\r\n<div dir=\"auto\">La trecerea \u00een ilegalitate a Bisericii Rom\u00e2ne Unite, Parohia \u0218an\u021b avea peste 2000 de credincio\u0219i \u0219i asocia\u021bii implicate activ \u00een via\u021ba Bisericii: AGRU (70 membri); Reuniunea Marian\u0103 (130 membre).<\/div>\r\n<div dir=\"auto\">***<\/div>\r\n<div dir=\"auto\">Dup\u0103 ie\u0219irea la lumin\u0103 a Bisericii Greco-Catolice, la \u0218an\u021b au revenit la credin\u021ba str\u0103bun\u0103, \u00eentr-o prim\u0103 etap\u0103, pu\u021bini credincio\u0219i, iar biserica nu a fost retrocedat\u0103. Parohia a fost redeschis\u0103 oficiat \u00een 1995.<\/div>\r\n<div dir=\"auto\">Din anul 2007, comunitatea credincio\u0219ilor greco-catolici din \u0218an\u021b a fost \u00eencredin\u021bat\u0103 pr. Augustin Fl\u0103m\u00e2nd, sub p\u0103storirea sa parohia s-a dezvoltat.<\/div>\r\n<div dir=\"auto\">S-a \u00eenceput construirea unei noi biserici pe un teren care a apar\u021binut pr. Pamfiliu Grapini (1855 &#8211; 1949), preotul greco-catolic ctitor al fostei biserici parohiale \u0219i tat\u0103l unei personalit\u0103\u021bi marcante a com. \u0218an\u021b: Enea Grapini, inginer, arhitect, politician, artizan al Marii Uniri (v. <a class=\"x1i10hfl xjbqb8w x6umtig x1b1mbwd xaqea5y xav7gou x9f619 x1ypdohk xt0psk2 xe8uvvx xdj266r x11i5rnm xat24cr x1mh8g0r xexx8yu x4uap5 x18d9i69 xkhd6sd x16tdsg8 x1hl2dhg xggy1nq x1a2a7pz xt0b8zv x1fey0fg\" tabindex=\"0\" role=\"link\" href=\"https:\/\/l.facebook.com\/l.php?u=https%3A%2F%2Fro.wikipedia.org%2Fwiki%2FEnea_Grapini&amp;h=AT1wbU2XWgGLrbWB9Jj6ZYL9yTNEu5YHW-aqurlJZDRRSpjXsBTkgv74o8kTzAzE30WtRmMHcbI33kH8VvaLrZZr-VYNQR4A-SHPfbRoejNQd-X4bVP29TppIpO88b1QBSQ5wWsvIbgX7mBoAJUBKuOSWobg7exc-Spn&amp;__tn__=-UK-R&amp;c[0]=AT3UwOL1yFddgZdBr4e5spk8ZCo29nZeQonZOOcdXn0vDBcxTFYdAQ94wCpuFdTEuubwUBtlzcXPioBlPJzWbpcPV6nWSNvHq5Xu3PczgjjSBQ91SPwEI2ToSQ9bfidyCUTN4rfguL4myMXT1CxQqOOkaam3c4qRzc-3j_317RSF-zP-X9rPF18ArImBWXyBLDOEvMRRaA\" target=\"_blank\" rel=\"nofollow noopener noreferrer\">https:\/\/ro.wikipedia.org\/wiki\/Enea_Grapini<\/a> ).<\/div>\r\n<div dir=\"auto\">\u00cen anul 2012 a fost binecuv\u00e2ntat\u0103 piatra de temelie iar \u00eencep\u00e2nd din toamna lui 2013 a fost edificat\u0103 o biseric\u0103 spa\u021bioas\u0103 \u0219i primitoare.<\/div>\r\n<div dir=\"auto\">Foto (30 august 2015 \u2013 vizita Ierarhului la biserica \u00een construc\u021bie): <a class=\"x1i10hfl xjbqb8w x6umtig x1b1mbwd xaqea5y xav7gou x9f619 x1ypdohk xt0psk2 xe8uvvx xdj266r x11i5rnm xat24cr x1mh8g0r xexx8yu x4uap5 x18d9i69 xkhd6sd x16tdsg8 x1hl2dhg xggy1nq x1a2a7pz xt0b8zv x1fey0fg\" tabindex=\"0\" role=\"link\" href=\"https:\/\/l.facebook.com\/l.php?u=https%3A%2F%2Fphotos.app.goo.gl%2FeR8Wjhkexn9jfcTp6&amp;h=AT1lGFznP-cfsbHD2twBWy2RdHYX5Maz4gLnmdQtkqsnXeVZJmwwSdhzDxy3prkMo4GZY_x5BNPLJ_iFw0RZI9_KDK5uBGC2dqqggppUuTHeq6GEVf3QJhouNFCK8gHhNbNTIjoIn9Xw66FgF-jEf4ztX_WWUvyKdySU&amp;__tn__=-UK-R&amp;c[0]=AT3UwOL1yFddgZdBr4e5spk8ZCo29nZeQonZOOcdXn0vDBcxTFYdAQ94wCpuFdTEuubwUBtlzcXPioBlPJzWbpcPV6nWSNvHq5Xu3PczgjjSBQ91SPwEI2ToSQ9bfidyCUTN4rfguL4myMXT1CxQqOOkaam3c4qRzc-3j_317RSF-zP-X9rPF18ArImBWXyBLDOEvMRRaA\" target=\"_blank\" rel=\"nofollow noopener noreferrer\">https:\/\/photos.app.goo.gl\/eR8Wjhkexn9jfcTp6<\/a><\/div>\r\n<div dir=\"auto\">Noua biseric\u0103 cu hramul \u201ePrezentarea la Templu a Maicii Domnului\u201d a fost sfin\u021bit\u0103 de c\u0103tre Preasfin\u021bia Sa Florentin, Episcopul de atunci al Eparhiei de Cluj-Gherla, \u00een 20 octombrie 2019, \u00eentr-o atmosfer\u0103 de mare s\u0103rb\u0103toare.<\/div>\r\n<div dir=\"auto\">Foto (Sfin\u021birea bisericii din \u0218an\u021b): <a class=\"x1i10hfl xjbqb8w x6umtig x1b1mbwd xaqea5y xav7gou x9f619 x1ypdohk xt0psk2 xe8uvvx xdj266r x11i5rnm xat24cr x1mh8g0r xexx8yu x4uap5 x18d9i69 xkhd6sd x16tdsg8 x1hl2dhg xggy1nq x1a2a7pz xt0b8zv x1fey0fg\" tabindex=\"0\" role=\"link\" href=\"https:\/\/l.facebook.com\/l.php?u=https%3A%2F%2Fphotos.app.goo.gl%2Fc3twghyJK5mSZWc49&amp;h=AT37dGQAcOnzCxSqIZtk8wMYpO1VLajiN5lROW693mutF5mEVXLDBLXFDrgThPk52t1FFZvgt8xpqoBRJYZDNy2ny4qc6acwHuwYpZn_7TB9Q9uSksNC0DXAbRK3zewjlUPjUNLMI9EKKl4Yg83BfYq98hTAXZ6ouqE5&amp;__tn__=-UK-R&amp;c[0]=AT3UwOL1yFddgZdBr4e5spk8ZCo29nZeQonZOOcdXn0vDBcxTFYdAQ94wCpuFdTEuubwUBtlzcXPioBlPJzWbpcPV6nWSNvHq5Xu3PczgjjSBQ91SPwEI2ToSQ9bfidyCUTN4rfguL4myMXT1CxQqOOkaam3c4qRzc-3j_317RSF-zP-X9rPF18ArImBWXyBLDOEvMRRaA\" target=\"_blank\" rel=\"nofollow noopener noreferrer\">https:\/\/photos.app.goo.gl\/c3twghyJK5mSZWc49<\/a><\/div>\r\n<div dir=\"auto\">\u00cen masa sf. altar al bisericii au fost depuse Moa\u0219tele Fericitului episcop martir Iuliu Hossu<\/div>\r\n<div dir=\"auto\">\u2022 \ud835\udde7\ud835\ude02\ud835\uddff \ud835\ude03\ud835\uddf6\ud835\uddff\ud835\ude01\ud835\ude02\ud835\uddee\ud835\uddf9 \ud835\uddee\ud835\uddf9 \ud835\uddef\ud835\uddf6\ud835\ude00\ud835\uddf2\ud835\uddff\ud835\uddf6\ud835\uddf0\ud835\uddf6\ud835\uddf6 \u201eIntrarea \u00een Templu a Maicii Domnului\u201d din Parohia \u015ean\u0163:<\/div>\r\n<div dir=\"auto\"><a href=\"https:\/\/photos.app.goo.gl\/MRwofthCpmBMHQhs8\">FOTOGRAFII BISERICA<\/a><\/div>\r\n<div dir=\"auto\">Sursa (Pagina Protopopiatele Greco-Catolice Beclean, Bistri\u021ba \u0219i Rodna): <a class=\"x1i10hfl xjbqb8w x6umtig x1b1mbwd xaqea5y xav7gou x9f619 x1ypdohk xt0psk2 xe8uvvx xdj266r x11i5rnm xat24cr x1mh8g0r xexx8yu x4uap5 x18d9i69 xkhd6sd x16tdsg8 x1hl2dhg xggy1nq x1a2a7pz xt0b8zv x1fey0fg\" tabindex=\"0\" role=\"link\" href=\"https:\/\/l.facebook.com\/l.php?u=https%3A%2F%2Fwww.protopopiatebn.ro%2Findex.php%2F2023%2F04%2F24%2Fduminica-sf-toma-si-sarbatoarea-sf-gheorghe-in-parohiile-sant-si-recele%2F&amp;h=AT0tAMgUCkAiM4sv5Yqkxpu4pbpR0rymmXd8I4kMV0wNSgC_taM1MBCe46dGEdfXB1vMWxpP1UeMU8cnx5RtG0BfJfFqlyGDKHmpXK1lI7oFkJG09jeH7uF4CrZ8iD8Dks6gBJVQ9yQmGcUGqgQtL0600ZwkKnGq5PUd&amp;__tn__=-UK-R&amp;c[0]=AT3UwOL1yFddgZdBr4e5spk8ZCo29nZeQonZOOcdXn0vDBcxTFYdAQ94wCpuFdTEuubwUBtlzcXPioBlPJzWbpcPV6nWSNvHq5Xu3PczgjjSBQ91SPwEI2ToSQ9bfidyCUTN4rfguL4myMXT1CxQqOOkaam3c4qRzc-3j_317RSF-zP-X9rPF18ArImBWXyBLDOEvMRRaA\" target=\"_blank\" rel=\"nofollow noopener noreferrer\">https:\/\/www.protopopiatebn.ro\/&#8230;\/duminica-sf-toma-si&#8230;\/<\/a><\/div>\r\n<div dir=\"auto\">\u2013 interiorul bisericii: <a class=\"x1i10hfl xjbqb8w x6umtig x1b1mbwd xaqea5y xav7gou x9f619 x1ypdohk xt0psk2 xe8uvvx xdj266r x11i5rnm xat24cr x1mh8g0r xexx8yu x4uap5 x18d9i69 xkhd6sd x16tdsg8 x1hl2dhg xggy1nq x1a2a7pz xt0b8zv x1fey0fg\" tabindex=\"0\" role=\"link\" href=\"https:\/\/l.facebook.com\/l.php?u=https%3A%2F%2Fprotopopiatebn.ro%2Fturbis.html&amp;h=AT20M1r1qCQvLJYHuel0xszIUavcZoGLXDEJXjlJTjZu6TiGycdfZnAgzufKC2_9t4n4BLBv2FNLgniU8yTsIiMkG7kY4qGdwiBZZgKNkG_0nDtgOJHaxzY9ghfSf--7iP-YY0-uM5jdqtLoxA4EwQJrfCsyLgkx9UhH&amp;__tn__=-UK-R&amp;c[0]=AT3UwOL1yFddgZdBr4e5spk8ZCo29nZeQonZOOcdXn0vDBcxTFYdAQ94wCpuFdTEuubwUBtlzcXPioBlPJzWbpcPV6nWSNvHq5Xu3PczgjjSBQ91SPwEI2ToSQ9bfidyCUTN4rfguL4myMXT1CxQqOOkaam3c4qRzc-3j_317RSF-zP-X9rPF18ArImBWXyBLDOEvMRRaA\" target=\"_blank\" rel=\"nofollow noopener noreferrer\">https:\/\/protopopiatebn.ro\/turbis.html<\/a><\/div>\r\n<div dir=\"auto\">\u2013 Altarul bisericii: <a class=\"x1i10hfl xjbqb8w x6umtig x1b1mbwd xaqea5y xav7gou x9f619 x1ypdohk xt0psk2 xe8uvvx xdj266r x11i5rnm xat24cr x1mh8g0r xexx8yu x4uap5 x18d9i69 xkhd6sd x16tdsg8 x1hl2dhg xggy1nq x1a2a7pz xt0b8zv x1fey0fg\" tabindex=\"0\" role=\"link\" href=\"https:\/\/l.facebook.com\/l.php?u=https%3A%2F%2Fprotopopiatebn.ro%2Fturbisaltar.html&amp;h=AT00ieb6-f76o0cLzlljmF6xS54ulgjM9KSGluUvmUEil-7EGRfQ0wBVbjJ1v4bXZH6nzLD8bQNoMrLzMy_7xO5qq-ROkBgi8CvkzUZnTcYIDRy7eZrkvu31BW4MkuRH_4SjvOMz44DwWpPE8MzP46DfHP2ret4kM2xr&amp;__tn__=-UK-R&amp;c[0]=AT3UwOL1yFddgZdBr4e5spk8ZCo29nZeQonZOOcdXn0vDBcxTFYdAQ94wCpuFdTEuubwUBtlzcXPioBlPJzWbpcPV6nWSNvHq5Xu3PczgjjSBQ91SPwEI2ToSQ9bfidyCUTN4rfguL4myMXT1CxQqOOkaam3c4qRzc-3j_317RSF-zP-X9rPF18ArImBWXyBLDOEvMRRaA\" target=\"_blank\" rel=\"nofollow noopener noreferrer\">https:\/\/protopopiatebn.ro\/turbisaltar.html<\/a><\/div>\r\n<div class=\"x11i5rnm xat24cr x1mh8g0r x1vvkbs xtlvy1s x126k92a\">\r\n<h3 dir=\"auto\">\u2022 Mesajul Zilei Mondiale a Misiunilor: <a class=\"x1i10hfl xjbqb8w x6umtig x1b1mbwd xaqea5y xav7gou x9f619 x1ypdohk xt0psk2 xe8uvvx xdj266r x11i5rnm xat24cr x1mh8g0r xexx8yu x4uap5 x18d9i69 xkhd6sd x16tdsg8 x1hl2dhg xggy1nq x1a2a7pz xt0b8zv x1fey0fg\" tabindex=\"0\" role=\"link\" href=\"https:\/\/l.facebook.com\/l.php?u=https%3A%2F%2Fwww.magisteriu.ro%2Fmesaj-cu-ocazia-zilei-mondiale-a-misiunilor-2023%2F&amp;h=AT1JlKXvkjBZSu6CMUW1TeFBZm-XvrihqN464PTqlp7ZzY0ptpndoPzDA_UKPFEVYsPyU4OKgejtIK26y9yakNiRksU4tEAHKvzTNBtVMyn5CiA5tCvSkRNfZPaEgiPMClKB-1qooU5tuG3P6g-FxVsTTs2ie-L9PwuB&amp;__tn__=-UK-R&amp;c[0]=AT3UwOL1yFddgZdBr4e5spk8ZCo29nZeQonZOOcdXn0vDBcxTFYdAQ94wCpuFdTEuubwUBtlzcXPioBlPJzWbpcPV6nWSNvHq5Xu3PczgjjSBQ91SPwEI2ToSQ9bfidyCUTN4rfguL4myMXT1CxQqOOkaam3c4qRzc-3j_317RSF-zP-X9rPF18ArImBWXyBLDOEvMRRaA\" target=\"_blank\" rel=\"nofollow noopener noreferrer\">https:\/\/www.magisteriu.ro\/mesaj-cu-ocazia-zilei-mondiale&#8230;\/<\/a><\/h3>\r\n<h3 dir=\"auto\">\u2022 Biografia Sf\u00e2ntului Pap\u0103 Ioan Paul al II-lea: <a class=\"x1i10hfl xjbqb8w x6umtig x1b1mbwd xaqea5y xav7gou x9f619 x1ypdohk xt0psk2 xe8uvvx xdj266r x11i5rnm xat24cr x1mh8g0r xexx8yu x4uap5 x18d9i69 xkhd6sd x16tdsg8 x1hl2dhg xggy1nq x1a2a7pz xt0b8zv x1fey0fg\" tabindex=\"0\" role=\"link\" href=\"https:\/\/l.facebook.com\/l.php?u=https%3A%2F%2Fwww.sfinticatolici.ro%2Fioan-paul-al-ii-lea-karol-wojtyla%2F&amp;h=AT2RBj5LZ8qKTXZYJj3VvvqROPEXr2mG7dElO1a-UpeMjz8_QR363HGcPtnPKVtz8BOztWEUBQrHZs6s6DO6kSOV1z2ynleOv5iVCiWmBatzFcYp5NuSjOBziCVppaWEEfbeOw7tbFCKxLFGCD361rFch9A9n1Gxsk52&amp;__tn__=-UK-R&amp;c[0]=AT3UwOL1yFddgZdBr4e5spk8ZCo29nZeQonZOOcdXn0vDBcxTFYdAQ94wCpuFdTEuubwUBtlzcXPioBlPJzWbpcPV6nWSNvHq5Xu3PczgjjSBQ91SPwEI2ToSQ9bfidyCUTN4rfguL4myMXT1CxQqOOkaam3c4qRzc-3j_317RSF-zP-X9rPF18ArImBWXyBLDOEvMRRaA\" target=\"_blank\" rel=\"nofollow noopener noreferrer\">https:\/\/www.sfinticatolici.ro\/ioan-paul-al-ii-lea-karol&#8230;\/<\/a><\/h3>\r\n<h3 dir=\"auto\">\u2022 Lecturi liturgice \u00een Duminica 23 dR: <a class=\"x1i10hfl xjbqb8w x6umtig x1b1mbwd xaqea5y xav7gou x9f619 x1ypdohk xt0psk2 xe8uvvx xdj266r x11i5rnm xat24cr x1mh8g0r xexx8yu x4uap5 x18d9i69 xkhd6sd x16tdsg8 x1hl2dhg xggy1nq x1a2a7pz xt0b8zv x1fey0fg\" tabindex=\"0\" role=\"link\" href=\"https:\/\/mobile.catholica.ro\/agc2023\/zile\/lectura1022.html\" target=\"_blank\" rel=\"nofollow noopener noreferrer\">https:\/\/mobile.catholica.ro\/agc2023\/zile\/lectura1022.html<\/a><\/h3>\r\n<\/div>\r\n<\/div>\r\n<div class=\"x11i5rnm xat24cr x1mh8g0r x1vvkbs xtlvy1s x126k92a\">\r\n<h3 dir=\"auto\" style=\"text-align: right;\">Biroul de Comunica\u021bii Sociale al Eparhiei de Cluj-Gherla<\/h3>\r\n<\/div>\r\n<\/div>\r\n<\/div>\r\n<h2 style=\"text-align: center;\">SF. LITURGHIE &#8211; BISERICA \u201dNA\u0218TEREA SF. IOAN BOTEZ\u0102TORUL\u201d LE\u0218U, DUMINICA A XX-A DUP\u0102 RUSALII, 8 OCTOMBRIE 2023<\/h2>\r\n<p><img loading=\"lazy\" decoding=\"async\" class=\"size-large wp-image-522 aligncenter\" src=\"https:\/\/www.protopopiatebn.ro\/wp-content\/uploads\/2023\/10\/IMG_20231008_125149-1024x768.jpg\" alt=\"\" width=\"700\" height=\"525\" srcset=\"https:\/\/www.protopopiatebn.ro\/wp-content\/uploads\/2023\/10\/IMG_20231008_125149-1024x768.jpg 1024w, https:\/\/www.protopopiatebn.ro\/wp-content\/uploads\/2023\/10\/IMG_20231008_125149-300x225.jpg 300w, https:\/\/www.protopopiatebn.ro\/wp-content\/uploads\/2023\/10\/IMG_20231008_125149-768x576.jpg 768w, https:\/\/www.protopopiatebn.ro\/wp-content\/uploads\/2023\/10\/IMG_20231008_125149-1536x1152.jpg 1536w, https:\/\/www.protopopiatebn.ro\/wp-content\/uploads\/2023\/10\/IMG_20231008_125149-2048x1536.jpg 2048w\" sizes=\"auto, (max-width: 700px) 100vw, 700px\" \/><\/p>\r\n<h3 class=\"xu06os2 x1ok221b\" style=\"margin-top: 5px; margin-bottom: 5px; font-family: inherit;\">Duminca a 20-a dR a \u201cInvierii fiului v\u0103duvei din Nain\u201d a constituit un prilej deosebit pentru membrii comunit\u0103\u021bii din Parohia Greco-Catolic\u0103 \u201eNa\u0219terea Sf. Ioan Botez\u0103torul\u201d din Le\u0219u, protopiatul Rodna, prin celebrarea liturgic\u0103 a zilei Domnului care a fost caracterizat\u0103 de un eveniment aparte,\u00a0 vizita p\u0103rintelui protopop Cristian Goia, care s-a al\u0103turat \u00een rug\u0103ciunea concelebr\u0103rii liturgice p\u0103rintelui paroh Ioan-Lu\u021bu Dumitru.Amfiteatrul frumuse\u021bii naturale din Le\u0219u, \u00een mijlocul c\u0103ruia troneaz\u0103 cu demnitate frumoasa Biseric\u0103 parohial\u0103 Greco-Catolic\u0103, zidit\u0103 prin truda vrednicilor preo\u021bi \u00eenainta\u0219i, a fost binecuv\u00e2ntat de r\u0103sunetul rug\u0103ciunilor liturgice duminicale care au trecut dincolo de zidurile de piatr\u0103 ale bisericii \u0219i au sfin\u021bit \u00eenc\u0103 o dat\u0103\u00a0 aceast\u0103 frumoas\u0103 zon\u0103 evoc\u00e2nd m\u0103re\u021bia Creatorului. Armonia \u0219i lini\u0219tea acestei zone binecuv\u00e2ntate de Dumnezeu este \u00eens\u0103 \u0219i ea atins\u0103 de \u0219tirile care descriu turbulen\u021bele interna\u021bionale \u0219i evenimentele grave care se petrec \u00een ultima perioad\u0103.\u00a0 Mesajele care vin din afar\u0103 prin mass-media descriu suferin\u021be cumplite, traume, nedrept\u0103\u021bi si moartea at\u00e2tor persoane nevinovate, aspecte care au fost men\u021bionate \u0219i sintetizate in predica p\u0103rintelui protopop Cristian Goia. Chiar dac\u0103 toate acestea produc at\u00e2t de mult\u0103 triste\u021be \u0219i nelini\u0219te \u00een sufletele tuturor,\u00a0 pasajul evanghelic care a fost r\u00e2nduit pentru a fi proclamat \u00een aceast\u0103 duminic\u0103 a fost purt\u0103tor de profund\u0103 speran\u021b\u0103 \u00een fa\u021ba mor\u021bii. Aceast\u0103 speran\u021b\u0103 a fost proclamat\u0103 \u00een mesajul p\u0103rintelui protopop care a evocat o idee de baz\u0103 a credin\u021bei in Cristos M\u00e2ntuitorul \u0219i anume c\u0103 moartea nu constituie finalul, oric\u00e2t de tragic\u0103 \u0219i de bulversant\u0103 ar fi ea. Dincolo de aceste tragedii exist\u0103 puterea d\u0103t\u0103toare de via\u021b\u0103 a crucii prin care noi a\u0219tept\u0103m \u00cenvierea. Insufla\u021bi de aceste g\u00e2nduri sfinte, credincio\u0219ii din Parohia Le\u0219u au continuat celebrarea liturgic\u0103 cu mare pio\u0219enie, iar la sf\u00e2r\u0219itul Liturghiei au g\u0103sit de cuviin\u021b\u0103 s\u0103 invoce din nou speran\u021ba vie\u021bii de apoi prin rug\u0103ciunea Parastasului la care toat\u0103 comunitatea s-a unit \u00een rug\u0103ciune, amintindu-\u0219i de r\u0103posa\u021bii \u00een Domnul \u0219i \u00eencredin\u021b\u00e2ndu-i milei divine, insufla\u021bi de exemplul v\u0103duvei din Nain amintit\u0103 in Evanghelie. P\u0103rintele paroh\u00a0 Ioan-Lu\u021bu Dumitru a dat glas mai apoi sentimentelor de mul\u021bumire ale \u00eentregii comunit\u0103\u021bi parohiale mul\u021bumind lui Dumnezeu pentru c\u0103 le-a r\u00e2nduit pe toate \u0219i a f\u0103cut posibil\u0103 aceast\u0103 concelebrare liturgic\u0103 al\u0103turi de p\u0103rintele protopop Cristian \u0219i a transmis invita\u021bia mai multor credincio\u0219i de a lua masa cu ei precum \u0219i de a sfin\u021bi casa unei familii din aceast\u0103 parohie.<\/h3>\r\n<p style=\"text-align: right;\">a consemnat Paul Oancea<\/p>\r\n<h2><a href=\"https:\/\/photos.app.goo.gl\/E3VmakpL8C4v23Ao8\">ALBUM FOTO<\/a><\/h2>\r\n<h2><a href=\"https:\/\/protopopiatebn.ro\/turLesu.html\">TUR VIRTUAL BISERICA LE\u0218U<\/a><\/h2>\r\n<p><iframe loading=\"lazy\" title=\"YouTube video player\" src=\"https:\/\/www.youtube.com\/embed\/vQfxGFGCA9A?si=eDRsJg673SrByjmN\" width=\"560\" height=\"315\" frameborder=\"0\" allowfullscreen=\"allowfullscreen\" data-mce-fragment=\"1\"><\/iframe><\/p>\r\n<p>&nbsp;<\/p>\r\n<h3 class=\"xu06os2 x1ok221b\" style=\"margin-top: 5px; margin-bottom: 5px; font-family: inherit;\"><strong>Hramul Parohiei Greco-Catolice &#8222;Sf. Ioan Botez\u0103torul&#8221; Cormaia, 29 august 2023<\/strong><\/h3>\r\n<p><img loading=\"lazy\" decoding=\"async\" class=\"alignnone size-large wp-image-511\" src=\"https:\/\/www.protopopiatebn.ro\/wp-content\/uploads\/2023\/08\/20230829_110857-1024x576.jpg\" alt=\"\" width=\"700\" height=\"394\" srcset=\"https:\/\/www.protopopiatebn.ro\/wp-content\/uploads\/2023\/08\/20230829_110857-1024x576.jpg 1024w, https:\/\/www.protopopiatebn.ro\/wp-content\/uploads\/2023\/08\/20230829_110857-300x169.jpg 300w, https:\/\/www.protopopiatebn.ro\/wp-content\/uploads\/2023\/08\/20230829_110857-768x432.jpg 768w, https:\/\/www.protopopiatebn.ro\/wp-content\/uploads\/2023\/08\/20230829_110857-1536x864.jpg 1536w, https:\/\/www.protopopiatebn.ro\/wp-content\/uploads\/2023\/08\/20230829_110857.jpg 1691w\" sizes=\"auto, (max-width: 700px) 100vw, 700px\" \/><\/p>\r\n<\/div>\r\n<\/div>\r\n<\/div>\r\n<\/div>\r\n<div style=\"font-family: Helvetica, Arial, sans-serif; color: #1c1e21; font-size: 12px;\">\r\n<div class=\"\" dir=\"auto\" style=\"font-family: inherit;\">\r\n<div id=\":r2s:\" class=\"x1iorvi4 x1pi30zi x1l90r2v x1swvt13\" style=\"padding: 4px 16px 16px; font-family: inherit;\" data-ad-comet-preview=\"message\" data-ad-preview=\"message\">\r\n<div class=\"x78zum5 xdt5ytf xz62fqu x16ldp7u\" style=\"margin-top: -5px; display: flex; flex-direction: column; margin-bottom: -5px; font-family: inherit;\">\r\n<div class=\"xu06os2 x1ok221b\" style=\"margin-top: 5px; margin-bottom: 5px; font-family: inherit;\">\r\n<div class=\"xdj266r x11i5rnm xat24cr x1mh8g0r x1vvkbs x126k92a\" style=\"margin: 0px; white-space: pre-wrap; overflow-wrap: break-word; font-family: inherit;\">\r\n<div dir=\"auto\" style=\"font-family: inherit;\">\u00cen S\u0103rb\u0103toarea \u201eT\u0103ierii capului Sf\u00e2ntului Ioan Botez\u0103torul\u201d, 29 august 2023, Preasfin\u021bia Sa Claudiu, Episcopul de Cluj-Gherla, a vizitat Parohia Greco-Catolic\u0103 Cormaia (l\u00e2ng\u0103 S\u00e2ngeorz-B\u0103i).<\/div>\r\n<div dir=\"auto\" style=\"font-family: inherit;\"><span style=\"font-family: inherit;\">Ierarhul a fost primit cu mult\u0103 bucurie de pr. paroh Nicolae Jarda &#8211; preot la Cormaia, dar \u0219i p\u0103stor al credincio\u0219ilor din S\u00e2ngeorz-B\u0103i -, \u00een gr\u0103dina bisericii \u201eSf. Ioan Botez\u0103torul\u201d.<\/span><\/div>\r\n<div dir=\"auto\" style=\"font-family: inherit;\"><span style=\"font-family: inherit;\">Primirea Episcopului s-a f\u0103cut \u00een mod tradi\u021bional, tineri \u00een port popular au oferit Preasfin\u021biei Sale Claudiu p\u00e2ine \u0219i sare. Au urmat, salutul copiilor, al preo\u021bilor, al oficialit\u0103\u021bilor prezente.<\/span><\/div>\r\n<div dir=\"auto\" style=\"font-family: inherit;\"><span style=\"font-family: inherit;\">Dup\u0103 un moment de preg\u0103tire pt. Sf. Liturghie \u00een biseric\u0103, Ierarhul \u0219i preo\u021bii au ie\u0219it \u00een procesiune \u0219i s-au \u00eendreptat spre Altarul exterior amenajat pentru celebr\u0103rile \u00een aer liber.<\/span><\/div>\r\n<\/div>\r\n<div class=\"x11i5rnm xat24cr x1mh8g0r x1vvkbs xtlvy1s x126k92a\" style=\"margin: 0.5em 0px 0px; white-space: pre-wrap; overflow-wrap: break-word; font-family: inherit;\">\r\n<div dir=\"auto\" style=\"font-family: inherit;\">Cuv\u00e2ntul de \u00eenv\u0103\u021b\u0103tur\u0103 al Preasfin\u021biei Sale Claudiu:<\/div>\r\n<iframe loading=\"lazy\" title=\"YouTube video player\" src=\"https:\/\/www.youtube.com\/embed\/R2YobWVqGWc?si=awZeynOab1OE-Kb4&amp;start=57\" width=\"560\" height=\"315\" frameborder=\"0\" allowfullscreen=\"allowfullscreen\"><\/iframe>\r\n<div dir=\"auto\">\u00a0<\/div>\r\n<div dir=\"auto\" style=\"font-family: inherit;\">\u00cempreun\u0103 cu Episcopul de Cluj-Gherla, s-au reunit \u00een rug\u0103ciunea cea mai profund\u0103 a Bisericii &#8211; Sf. Liturghie, \u00een jur de 15 preo\u021bi, cei mai mul\u021bi din Protopopiatul Rodna. \u00cempreun\u0103 cu ei au mai fost: Pr. Cristian David, rector al M\u0103n\u0103stirii Maicii Domnului din Cluj-Napoca, pr. Laurean Daboc, c\u0103lug\u0103r al Ordinului Sf\u00e2ntului Vasile cel Mare, pr. Ioan Puie din Tih\u0103u, pr. Ovidiu L\u0103pu\u0219te din Cluj-Napoca (M\u0103n\u0103\u0219tur I), precum \u0219i studen\u021bi ai Seminarului \u201eSf. Ioan Evanghelistul\u201d din Cluj-Napoca.<\/div>\r\n<div dir=\"auto\" style=\"font-family: inherit;\"><span style=\"font-family: inherit;\">Preasfin\u021bia Sa Claudiu a celebrat Sf\u00e2nta Liturghie arhiereasc\u0103 av\u00e2nd al\u0103turi la masa Altarului pe pr. Nicolae Jarda \u0219i pr. Ioan Fri\u0219an din Bistri\u021ba.<\/span><\/div>\r\n<div dir=\"auto\" style=\"font-family: inherit;\"><span style=\"font-family: inherit;\">R\u0103spunsurile liturgice le-a dat Corul bisericii \u201eSf. Gheorghe\u201d din S\u00e2ngeorz-B\u0103i, \u00eempreun\u0103 cu cori\u0219tii au c\u00e2ntat surori ale Congrega\u021biei Maicii Domnului \u0219i studen\u021bi seminari\u0219ti. A dirijat Rare\u0219 Flore, student teolog.<\/span><\/div>\r\n<div dir=\"auto\" style=\"font-family: inherit;\"><span style=\"font-family: inherit;\">Credincio\u0219i din Cormaia, S\u00e2ngeorz-B\u0103i, Feldru, Ilva Mic\u0103, N\u0103s\u0103ud, \u0218an\u021b, Maieru, Salva, Runcu Salvei, Telciu, dar \u0219i alte localit\u0103\u021bi ale Eparhiei de Cluj-Gherla &#8211; precum Bistri\u021ba, Cluj-Napoca &#8211; au luat parte la Sf\u00e2nta Jertf\u0103 Liturghic\u0103, r\u0103sp\u00e2ndi\u021bi \u00een grupuri mari sau mici \u00een zonele umbrite de ramurile copacilor, \u00een spa\u021biul generos al gr\u0103dinii ce \u00eempresoar\u0103 biserica.<\/span><\/div>\r\n<div dir=\"auto\" style=\"font-family: inherit;\"><span style=\"font-family: inherit;\">\u00centre oficialit\u0103\u021bile prezente, s-au aflat Primarul ora\u0219ului S\u00e2ngeorz-B\u0103i, Bota C\u0103t\u0103lin cu viceprimarul Pop Cristian.<\/span><\/div>\r\n<div dir=\"auto\" style=\"font-family: inherit;\"><span style=\"font-family: inherit;\">Surori ale Congrega\u021biei Maicii Domnului, Surori Baziliene, C\u0103lug\u0103ri ai Ordinului Sf\u00e2ntului Vasile cel Mare au fost de asemenea de fa\u021b\u0103, al\u0103turi de membre ale Reuniunii Mariane, de tineri din ASTRU (care au \u00eencheiat recent c\u00e2teva zile de campus \u00een zona pitoreasc\u0103 din Cormaia). Copii \u0219i tineri, dar \u0219i persoane v\u00e2rstnice, purtau frumoasele costume populare specifice zonei, to\u021bi \u00eempreun\u0103 &#8211; Ierarh, preo\u021bi \u0219i seminari\u0219ti, persoane consacrate, credincio\u0219i &#8211; form\u00e2nd o imagine a bog\u0103\u021biei, diversit\u0103\u021bii, vitalit\u0103\u021bii \u0219i frumuse\u021bii Bisericii \u00een rug\u0103ciune.<\/span><\/div>\r\n<div dir=\"auto\" style=\"font-family: inherit;\"><span style=\"font-family: inherit;\">Sf\u00e2nta Liturghie celebrat\u0103 la Cormaia a fost transmis\u0103 \u00een direct \u0219i de postul Radio Maria, pentru to\u021bi cei care au dorit s\u0103 se uneasc\u0103 \u00een rug\u0103ciune.<\/span><\/div>\r\n<div dir=\"auto\" style=\"font-family: inherit;\"><span style=\"font-family: inherit;\">La \u00eencheierea celebr\u0103rii liturgice, pr. Nicolae Jarda a mul\u021bumit Preasfin\u021biei Sale Claudiu \u201epentru c\u0103 a\u021bi venit ca urma\u0219 a\u0219 Apostolilor \u0219i Episcop al nostru s\u0103 ne \u00eent\u0103ri\u021bi \u00een credin\u021b\u0103\u201d. A mul\u021bumit tuturor celor care s-au unit \u00een rug\u0103ciune \u0219i au luat parte la celebrare.<\/span><\/div>\r\n<div dir=\"auto\" style=\"font-family: inherit;\"><span style=\"font-family: inherit;\">Pr. paroh a oferit Preasfin\u021biei Sale Claudiu, asigur\u00e2ndu-l de rug\u0103ciunea, comuniunea \u0219i iubirea comunit\u0103\u021bilor din S\u00e2ngeorz-B\u0103i \u0219i Cormaia, \u00een semn de mul\u021bumire, o icoan\u0103 a Maicii Domnului. La final, to\u021bi credincio\u0219ii au fost invita\u021bi la o agap\u0103 fratern\u0103.<\/span><\/div>\r\n<\/div>\r\n<div class=\"x11i5rnm xat24cr x1mh8g0r x1vvkbs xtlvy1s x126k92a\" style=\"margin: 0.5em 0px 0px; white-space: pre-wrap; overflow-wrap: break-word; font-family: inherit;\">\r\n<div dir=\"auto\" style=\"text-align: right;\">Biroul Media al Eparhiei Greco-Catolice de Cluj-Gherla<\/div>\r\n<div dir=\"auto\" style=\"font-family: inherit;\">Video: <span style=\"font-family: inherit;\"><a class=\"x1i10hfl xjbqb8w x6umtig x1b1mbwd xaqea5y xav7gou x9f619 x1ypdohk xt0psk2 xe8uvvx xdj266r x11i5rnm xat24cr x1mh8g0r xexx8yu x4uap5 x18d9i69 xkhd6sd x16tdsg8 x1hl2dhg xggy1nq x1a2a7pz xt0b8zv x1fey0fg\" style=\"cursor: pointer; text-decoration-line: none; outline: none; list-style: none; margin: 0px; text-align: inherit; padding: 0px; -webkit-tap-highlight-color: transparent; box-sizing: border-box; touch-action: manipulation; background-color: transparent; display: inline; font-family: inherit; border: 0px initial initial;\" tabindex=\"0\" role=\"link\" href=\"https:\/\/l.facebook.com\/l.php?u=https%3A%2F%2Fyoutu.be%2FR2YobWVqGWc%3Ft%3D7727&amp;h=AT1z2taBiSt98FjlifIjoZKtiOnQLu7FoD8lkxcGqOEEI3t2Fm0JxzlR6uXFakqwuhOnFFS_mdJ1E2e2Vv4_RQX2e7lPMjQciP8HKzVamsBrXp1N_6QuzEV7iID4BcZTmfze5ec_gIYD&amp;__tn__=-UK-R&amp;c[0]=AT0gmXUqRJsgFr93mdgIiu41tLR9nrNbRWMftrsjaSRGuBd5v8sIQc645f5s3sEzOk2EbwmcaesT7xAqnE-8rwal3BBliAzyfeSsyvSCbV4C7NQ5RAejX3hgpcW0FKpTleZO_F3gyG6pB02_E1F62fZFHG-JSOZeYfFEyAVdpqiFMZuoQ_7zzfia8smAXcQKPcBWmFaaBq_w9cQJW5IWYOoVTggZLQDonuUQ\" target=\"_blank\" rel=\"nofollow noopener noreferrer\">https:\/\/youtu.be\/R2YobWVqGWc?t=7727<\/a><\/span><\/div>\r\n<div dir=\"auto\"><a href=\"https:\/\/photos.app.goo.gl\/KRCddjsLkqvqe67U9\">ALBUM FOTO<\/a><\/div>\r\n<\/div>\r\n<div dir=\"auto\">\u00a0<\/div>\r\n<\/div>\r\n<\/div>\r\n<\/div>\r\n<\/div>\r\n<\/div>\r\n<\/div>\r\n<div dir=\"auto\" style=\"text-align: right;\"><strong>Hramul Bisericii Greco-Catolice &#8222;Sf. Ioan Botez\u0103torul&#8221; Cormaia, 29 august 2023, Sf. Liturghie ora 10.30<\/strong><\/div>\r\n<div dir=\"auto\">\u00a0<\/div>\r\n<div dir=\"auto\"><img loading=\"lazy\" decoding=\"async\" class=\"size-full wp-image-493 aligncenter\" src=\"https:\/\/www.protopopiatebn.ro\/wp-content\/uploads\/2023\/08\/369841854_671277241694739_4654198575533417499_n.jpg\" alt=\"\" width=\"526\" height=\"528\" srcset=\"https:\/\/www.protopopiatebn.ro\/wp-content\/uploads\/2023\/08\/369841854_671277241694739_4654198575533417499_n.jpg 526w, https:\/\/www.protopopiatebn.ro\/wp-content\/uploads\/2023\/08\/369841854_671277241694739_4654198575533417499_n-300x300.jpg 300w, https:\/\/www.protopopiatebn.ro\/wp-content\/uploads\/2023\/08\/369841854_671277241694739_4654198575533417499_n-150x150.jpg 150w\" sizes=\"auto, (max-width: 526px) 100vw, 526px\" \/><\/div>\r\n<div dir=\"auto\">Preasfin\u021bia Sa Claudiu, Episcopul de Cluj-Gherla va face o vizit\u0103 pastoral\u0103 \u00een Parohia Greco-Catolic\u0103 Cormaia, Protopopiatul Rodna, mar\u021bi, 29 august 2023, \u00een S\u0103rb\u0103toarea T\u0103ierii Capului Sf\u00e2ntului Ioan Botez\u0103torul.<\/div>\r\n<\/div>\r\n<div class=\"x11i5rnm xat24cr x1mh8g0r x1vvkbs xtlvy1s x126k92a\">\r\n<div dir=\"auto\">\u00cen aceast\u0103 zi, comunitatea parohial\u0103 din Cormaia \u0219i pr. paroh Nicolae Jarda vor celebra hramul bisericii parohiale \u201eSf\u00e2ntul Ioan Botez\u0103torul\u201d.<\/div>\r\n<\/div>\r\n<div class=\"x11i5rnm xat24cr x1mh8g0r x1vvkbs xtlvy1s x126k92a\">\r\n<div dir=\"auto\">\u00cen masa altarului bisericii din Cormaia se afl\u0103 moa\u0219tele Fericitului episcop martir Iuliu Hossu (depuse de c\u0103tre Preasfin\u021bia Sa Florentin, la 25 august 2019, cu ocazia binecuv\u00e2nt\u0103rii sf. altar). Tot atunci a fost binecuv\u00e2ntat un bust al Cardinalului Iuliu Hossu, situat l\u00e2ng\u0103 biseric\u0103.<\/div>\r\n<\/div>\r\n<div class=\"x11i5rnm xat24cr x1mh8g0r x1vvkbs xtlvy1s x126k92a\">\r\n<div dir=\"auto\">Programul acestei s\u0103rb\u0103tori, la care sunt invita\u021bi to\u021bi cei ce doresc s\u0103 se uneasc\u0103 \u00een rug\u0103ciune, este urm\u0103torul:<\/div>\r\n<\/div>\r\n<div class=\"x11i5rnm xat24cr x1mh8g0r x1vvkbs xtlvy1s x126k92a\">\r\n<div dir=\"auto\">ora 9.00 Sf\u00e2ntul Rozariu<\/div>\r\n<div dir=\"auto\">ora 10.20 Primirea Preasfin\u021bitului Claudiu, Episcopul de Cluj-Gherla<\/div>\r\n<div dir=\"auto\">ora 10.30 Sf\u00e2nta Liturghie arhiereasc\u0103<\/div>\r\n<\/div>\r\n<div class=\"x11i5rnm xat24cr x1mh8g0r x1vvkbs xtlvy1s x126k92a\">\r\n<div dir=\"auto\">S\u0103rb\u0103toarea din 29 august, care \u00eencheie \u0219irul s\u0103rb\u0103torilor anului bisericesc, este zi de post \u0219i ajun (conform calendarului liturgic), fiind aten\u021bionare asupra finalit\u0103\u021bii tragice a \u201eosp\u0103\u021bului\u201d lumii: tipsia cu capul Sf\u00e2ntului Ioan Botez\u0103torul.<\/div>\r\n<\/div>\r\n<div class=\"x11i5rnm xat24cr x1mh8g0r x1vvkbs xtlvy1s x126k92a\">\r\n<div dir=\"auto\">Aceast\u0103 s\u0103rb\u0103toare reprezint\u0103 o puternic\u0103 invita\u021bie la a fi m\u0103rturisitori ai adev\u0103rului &#8211; dup\u0103 exemplul Sf\u00e2ntului Proroc \u0219i \u00cenaintemerg\u0103tor al Domnului, Ioan \u0219i dup\u0103 cel al Fericitului episcop martir Iuliu Hossu -, \u0219i, totodat\u0103, a lua parte \u201eOsp\u0103\u021bul\u201d d\u0103t\u0103tor de via\u021b\u0103, cel al Familiei lui Dumnezeu: Sf\u00e2nta Liturghie.<\/div>\r\n<div dir=\"auto\">Biroul Media al Eparhiei de Cluj-Gherla\u00a0<\/div>\r\n<div dir=\"auto\"><a href=\"https:\/\/www.protopopiatebn.ro\/index.php\/parohia-greco-catolica-sf-ioan-botezatorul-cormaia\/\">SCURT ISTORIC AL PAROHIEI<\/a><\/div>\r\n<div dir=\"auto\"><a href=\"https:\/\/photos.app.goo.gl\/hA6ueVsoZLucGFyC9\">ALBUM FOTO<\/a><\/div>\r\n<\/div>\r\n<div class=\"x11i5rnm xat24cr x1mh8g0r x1vvkbs xtlvy1s x126k92a\">\r\n<div dir=\"auto\">Celebrarea va fi transmis\u0103 \u00een direct:<\/div>\r\n<div dir=\"auto\">&#8211; de Radio Maria: <a class=\"x1i10hfl xjbqb8w x6umtig x1b1mbwd xaqea5y xav7gou x9f619 x1ypdohk xt0psk2 xe8uvvx xdj266r x11i5rnm xat24cr x1mh8g0r xexx8yu x4uap5 x18d9i69 xkhd6sd x16tdsg8 x1hl2dhg xggy1nq x1a2a7pz xt0b8zv x1fey0fg\" tabindex=\"0\" role=\"link\" href=\"https:\/\/dreamsiteradioplayer.it\/wf\/wfromania\/\" target=\"_blank\" rel=\"nofollow noopener noreferrer\">https:\/\/dreamsiteradioplayer.it\/wf\/wfromania\/<\/a><\/div>\r\n<div dir=\"auto\">Canalul Youtube al episcopiei de Cluj-Gherla<\/div>\r\n<p><iframe loading=\"lazy\" src=\"https:\/\/www.youtube.com\/embed\/live_stream?channel=UCLBzZ7tawK8UP3T9xHRBEAA\" width=\"560\" height=\"315\" frameborder=\"0\" allowfullscreen=\"allowfullscreen\"><\/iframe><\/p>\r\n<div dir=\"auto\">LINK ACTIV DOAR PE DURATA TRANSMISIEI<\/div>\r\n<div dir=\"auto\">\u00a0<\/div>\r\n<\/div>\r\n<h3 dir=\"auto\">\ud835\udfee\ud835\udff3 \ud835\uddee\ud835\ude02\ud835\uddf4\ud835\ude02\ud835\ude00\ud835\ude01 \ud835\udfee\ud835\udfec\ud835\udfee\ud835\udfef &#8211; \ud835\udde6\ud835\uddf3\u00e2\ud835\uddfb\ud835\ude01\ud835\uddee \ud835\udddf\ud835\uddf6\ud835\ude01\ud835\ude02\ud835\uddff\ud835\uddf4\ud835\uddf5\ud835\uddf6\ud835\uddf2 \ud835\uddd4\ud835\uddff\ud835\uddf5\ud835\uddf6\ud835\uddf2\ud835\uddff\ud835\uddf2\ud835\uddee\ud835\ude00\ud835\uddf0\u0103 \u00ee\ud835\uddfb \ud835\udde3\ud835\uddee\ud835\uddff\ud835\uddfc\ud835\uddf5\ud835\uddf6\ud835\uddee \u201e\ud835\uddd4\ud835\uddf1\ud835\uddfc\ud835\uddff\ud835\uddfa\ud835\uddf6\ud835\uddff\ud835\uddf2\ud835\uddee \ud835\udde0\ud835\uddee\ud835\uddf6\ud835\uddf0\ud835\uddf6\ud835\uddf6 \ud835\uddd7\ud835\uddfc\ud835\uddfa\ud835\uddfb\ud835\ude02\ud835\uddf9\ud835\ude02\ud835\uddf6\u201d \ud835\uddd9\ud835\uddf2\ud835\uddf9\ud835\uddf1\ud835\uddff\ud835\ude02 (\ud835\udddc\ud835\uddf9\ud835\ude03\ud835\uddee \ud835\udde0\ud835\uddf6\ud835\uddf0a), \ud835\uddf1\ud835\uddf6\ud835\uddfb \ud835\udde3\ud835\uddff\ud835\uddfc\ud835\ude01\ud835\uddfc\ud835\uddfd\ud835\uddfc\ud835\uddfd\ud835\uddf6\ud835\uddee\ud835\ude01\ud835\ude02\ud835\uddf9 \ud835\udde5\ud835\uddfc\ud835\uddf1\ud835\uddfb\ud835\uddee (\ud835\uddf7\ud835\ude02\ud835\uddf1. \ud835\uddd5\ud835\uddf6\ud835\ude00\ud835\ude01\ud835\uddff\ud835\uddf6t\ud835\uddee-\ud835\udde1\u0103\ud835\ude00\u0103\ud835\ude02\ud835\uddf1):<\/h3>\r\n<h3 dir=\"auto\">\u2022 Album foto: <a class=\"x1i10hfl xjbqb8w x6umtig x1b1mbwd xaqea5y xav7gou x9f619 x1ypdohk xt0psk2 xe8uvvx xdj266r x11i5rnm xat24cr x1mh8g0r xexx8yu x4uap5 x18d9i69 xkhd6sd x16tdsg8 x1hl2dhg xggy1nq x1a2a7pz xt0b8zv x1fey0fg\" tabindex=\"0\" role=\"link\" href=\"https:\/\/photos.app.goo.gl\/TUe8HpJz6yhK7bez7\" target=\"_blank\" rel=\"nofollow noopener noreferrer\">https:\/\/photos.app.goo.gl\/TUe8HpJz6yhK7bez7<\/a><\/h3>\r\n<\/div>\r\n<div dir=\"auto\">\u00cen Duminica \u201eT\u00e2n\u0103rului bogat\u201d, 27 august 2023, \u00een prezen\u021ba Preasfin\u021biei Sale Claudiu, trecutul \u0219i prezentul s-au \u00eent\u00e2lnit pentru credincio\u0219ii Parohiei \u201eAdormirea Maicii Domnului\u201d, Feldru, parohie care se afl\u0103 \u00een grija pr. Claudiu Oltean.<\/div>\r\n<div dir=\"auto\">Vizita P\u0103storului Eparhiei de Cluj-Gherla a marcat aniversarea a 30 de ani de la sfin\u021birea bisericii parohiale \u201eAdormirea Maicii Domnului\u201d, situat\u0103 la loc \u00eenalt, \u00een zona \u00eenverzit\u0103 care delimiteaz\u0103 localit\u0103\u021bile Feldru \u0219i Ilva Mic\u0103. \u00cempreun\u0103 cu credincio\u0219ii, s-au reunit la aceast\u0103 s\u0103rb\u0103toare preo\u021bi din \u00eentreg Protopopiatul Rodnei.<\/div>\r\n<div dir=\"auto\">Ierarhul a fost primit \u00een mod tradi\u021bional la baza colinei pe care se afl\u0103 biserica, de preo\u021bii celor dou\u0103 parohii din Feldru, pr. Claudiu Oltean \u0219i pr. Iuliu Bonta\u0219, de ceilal\u021bi preo\u021bi participan\u021bi, diaconi, subdiaconi, studen\u021bi seminari\u0219ti, de tineri cu p\u00e2ine \u0219i sare \u0219i copii care i-au oferit flori, de primarul com. Feldru, autorit\u0103\u021bi locale \u0219i centrale \u0219i credincio\u0219ii reuni\u021bi la s\u0103rb\u0103toare. S-a urcat apoi \u00een procesiune p\u00e2n\u0103 la biserica \u201eAdormirea Maicii Domnului\u201d.<\/div>\r\n<div dir=\"auto\">\u00cen momentele care au urmat, Preasfin\u021bia Sa Claudiu a binecuv\u00e2ntat exteriorul bisericii (dup\u0103 lucr\u0103ri de \u00eenfrumuse\u021bare) \u0219i o icoan\u0103 a Maicii Domnului care va \u00eempodobi aceast\u0103 biseric\u0103, apoi, \u00een curtea bisericii, la un altar exterior, s-a celebrat Sf\u00e2nta Liturghie Arhiereasc\u0103 de s\u0103rb\u0103toare.<\/div>\r\n<div dir=\"auto\">\ud835\udde9\ud835\uddf6\ud835\uddf1\ud835\uddf2\ud835\uddfc &#8211; \ud835\uddf0\ud835\ude02\ud835\ude03\u00e2\ud835\uddfb\ud835\ude01\ud835\ude02\ud835\uddf9 \ud835\uddf1\ud835\uddf2 \u00ee\ud835\uddfb\ud835\ude03\u0103\u021b\u0103\ud835\ude01\ud835\ude02\ud835\uddff\u0103 \ud835\uddee\ud835\uddf9 \ud835\udde3\ud835\uddff\ud835\uddf2\ud835\uddee\ud835\ude00\ud835\uddf3\ud835\uddf6\ud835\uddfb\u021b\ud835\uddf6\ud835\uddf2\ud835\uddf6 \ud835\udde6\ud835\uddee\ud835\uddf9\ud835\uddf2 \ud835\uddd6\ud835\uddf9\ud835\uddee\ud835\ude02\ud835\uddf1\ud835\uddf6\ud835\ude02: <a class=\"x1i10hfl xjbqb8w x6umtig x1b1mbwd xaqea5y xav7gou x9f619 x1ypdohk xt0psk2 xe8uvvx xdj266r x11i5rnm xat24cr x1mh8g0r xexx8yu x4uap5 x18d9i69 xkhd6sd x16tdsg8 x1hl2dhg xggy1nq x1a2a7pz xt0b8zv x1fey0fg\" tabindex=\"0\" role=\"link\" href=\"https:\/\/l.facebook.com\/l.php?u=https%3A%2F%2Fwww.youtube.com%2Fwatch%3Fv%3DiK_o_ufoo6Q&amp;h=AT0C-T1xVObMk_wdATYjOIl6jodpyjxYhbHm_skL42dlZAP-GVEdHusdVpy8DZa3Qth1wF2ObPSQrnvDPcU0uP44Bj8Kanvy7HdnLPwlko5TJP3wEgF5hgkAyG2XsFiiBi6Cc1LU3jZL&amp;__tn__=-UK-R&amp;c[0]=AT2h-dJ_PZ9wdB1vykznXIz5pQ17YCRhBB6J6hA8eDd_8gJUE8hYLIVqiLxhp-mKZLR2ql2TMh9PM1xAp1w7GLX9LgOxe5LlkOY3iEghAZGsqckPBUFJLUblP59ZbMQN7aG-I9GtARMZ3bFArPKVfOAv8OYbwucY29P6zBQsBtDd2LJ3Wdsjt128h7lClFwAQrLtjsShiOsTajubwInGc-WSCUPMbEZGcM0N\" target=\"_blank\" rel=\"nofollow noopener noreferrer\">https:\/\/www.youtube.com\/watch?v=iK_o_ufoo6<\/a><\/div>\r\n<div dir=\"auto\"><iframe loading=\"lazy\" title=\"YouTube video player\" src=\"https:\/\/www.youtube.com\/embed\/iK_o_ufoo6Q?si=7IDe30JThOViugW3\" width=\"560\" height=\"315\" frameborder=\"0\" allowfullscreen=\"allowfullscreen\"><\/iframe><\/div>\r\n<div dir=\"auto\">Preasfin\u021bia Sa \u0219i-a exprimat, la predic\u0103, bucuria de a se afla pe aceste meleaguri \u201eunde sim\u021bim frumuse\u021bea crea\u021biei lui Dumnezeu\u201d, \u201eun loc binecuv\u00e2ntat de oameni credincio\u0219i: preo\u021bi, persoane consacrate, at\u00e2\u021bia credincio\u0219i care ne arat\u0103 c\u0103 sunt cu adev\u0103rat locuri \u00een care Bunul Dumnezeu ne arat\u0103 c\u0103 \u00ce\u0219i face cu adev\u0103rat sim\u021bit\u0103 prezen\u021ba. Sunt locuri udate de sudoarea celor care au s\u0103dit \u00eenaintea noastr\u0103\u201d.<\/div>\r\n<div dir=\"auto\">A amintit ceea ce Isus a spus ucenicilor: \u201eNu voi a\u021bi s\u0103dit, voi intra\u021bi \u00een munca altora\u201d \u2013 iar \u201enoi suntem o parte a construc\u021biei pe care Dumnezeu o face \u00een aceast\u0103 lume, suntem o c\u0103r\u0103mid\u0103 \u00een plus, poate o piatr\u0103 de temelie, dar facem parte dintr-o construc\u021bie care a \u00eenceput cu mult \u00eenaintea noastr\u0103 \u0219i asta ne ajut\u0103 s\u0103 fim umili\u201d.<\/div>\r\n<div dir=\"auto\">\u0218i, privind la aceast\u0103 comunitate a c\u0103rei biseric\u0103 \u00eempline\u0219te 30 de ani, \u201ede fapt o comunitate mult mai bogat\u0103 \u00een timp \u0219i \u00een daruri dec\u00e2t at\u00e2t\u201d, a privit la ceea ce a fost mai \u00eenainte de ace\u0219ti 30 de ani, munca \u0219i jertfa din perioada persecu\u021biei \u2013 a amintit nume ale unora dintre preo\u021bii care au activat atunci, precum \u201eacest minunat preot S\u00e2rbu Eugen (T\u0103icu\u021bu), care venea \u00een mod clandestin, pr. Liviu O\u021boiu, pr. Virgil Florian\u201d, dar, a ad\u0103ugat, \u201ec\u00e2t\u0103 rug\u0103ciune ascuns\u0103, c\u00e2t sacrificiu a fost din partea at\u00e2tor credincio\u0219i, c\u0103lug\u0103ri, c\u0103lug\u0103ri\u021be, preo\u021bi, episcopi, pentru acest loc binecuv\u00e2ntat, pentru ca noi s\u0103 fim ast\u0103zi aici.\u201d<\/div>\r\n<div dir=\"auto\">A repetat: \u201eTrebuie s\u0103 ne aducem aminte \u00een primul r\u00e2nd c\u0103 suntem rodul rug\u0103ciunilor predecesorilor no\u0219tri, a p\u0103rin\u021bilor, bunicilor no\u0219tri \u0219i c\u0103 tot ce avem este un dar \u00een via\u021ba noastr\u0103 \u0219i este ceea ce ne face umili. Ne \u00eemplinim misiunea cu drag, cu bucurie, dar \u0219tim c\u0103 nu suntem primii \u0219i nu vom fi nici ultimii, dar mul\u021bumim lui Dumnezeu pentru ceea ce putem face.\u201d<\/div>\r\n<div dir=\"auto\">A mai spus: \u201eTrebuie s\u0103 ne aducem aminte c\u0103 suntem aici pentru a-L pream\u0103ri pe Isus. \u0218i, aceste plaiuri minunate ne readuc aminte de momentele \u00een care Isus \u00eei \u00eent\u00e2lne\u0219te pe ucenici, pe credincio\u0219i, pe dealuri, pe c\u00e2mpii \u0219i nu putem s\u0103 nu ne aducem aminte ceea ce credin\u021ba noastr\u0103 ne \u00eenva\u021b\u0103, c\u0103 acela\u0219i Isus este prezent \u0219i ast\u0103zi, c\u0103 noi pentru El suntem aici, pentru a-L \u00eent\u00e2lni pe El \u0219i pentru a sim\u021bi ajutorul lui Dumnezeu \u00een ceea ce facem, pentru a sim\u021bi c\u0103 ceea ce facem se r\u0103sfr\u00e2nge \u00een via\u021ba ve\u0219nic\u0103.\u201d<\/div>\r\n<div dir=\"auto\">Preasfin\u021bia Sa Claudiu a amintit hramul parohiei, \u201eAdormirea Maicii Domnului\u201d, s\u0103rb\u0103toare care \u201ene ajut\u0103 s\u0103 \u00een\u021belegem c\u0103 via\u021ba noastr\u0103 nu se sf\u00e2r\u0219e\u0219te pe acest p\u0103m\u00e2nt\u201d, c\u0103, \u201enoi suntem f\u0103cu\u021bi pentru via\u021ba ve\u0219nic\u0103\u201d. De aceea, Ierarhul a invitat la rug\u0103ciune, mai ales la rug\u0103ciunile principale ale Bisericii, prin care \u201es\u0103 ne preg\u0103tim, cu bucurie \u00een suflete\u201d, la clipa trecerii din aceast\u0103 via\u021b\u0103 \u00een via\u021ba ve\u0219nic\u0103.<\/div>\r\n<div dir=\"auto\">A meditat apoi mesajul evanghelic al duminicii, cel despre \u201et\u00e2n\u0103rul bogat\u201d (Mt 19, 16-26), ar\u0103t\u00e2nd \u201ece \u00eenseamn\u0103 bog\u0103\u021bie\u201d: \u201enu o chestiune de cantitate, ci de calitate\u201d, pentru c\u0103, \u201eEvanghelia, Biserica, M\u00e2ntuitorul ne spune c\u0103 devine bog\u0103\u021bie tot ceea ce ne \u00eempiedic\u0103 s\u0103-L urm\u0103m pe Cristos. \u00cen cazul t\u00e2n\u0103rului, Isus vede c\u0103 ceea ce el are, este o piedic\u0103 \u00eenspre \u00cemp\u0103r\u0103\u021bie. \u0218i vedem rezultatul: Isus \u00eei spune s\u0103-l urmeze \u0219i t\u00e2n\u0103rul se \u00eendep\u0103rteaz\u0103 \u00eentristat. Triste\u021bea este \u00eentotdeauna semn c\u0103 ne \u00eendep\u0103rt\u0103m de Dumnezeu. Bucuria, \u00een schimb, este semnul prezen\u021bei lui Dumnezeu\u201d.<\/div>\r\n<div dir=\"auto\">Bucuria a caracterizat cu adev\u0103rat aceast\u0103 zi aniversar\u0103 de rug\u0103ciune la \u00eencheierea c\u0103reia pr. Claudiu Oltean a mul\u021bumit c\u0103lduros Preasfin\u021biei Sale Claudiu pentru cea de-a doua sa vizit\u0103 \u00een aceast\u0103 parohie (dup\u0103 cea de anul trecut, cu prilejul \u00cent\u00e2lnirii eparhiale a copiilor). A amintit apoi, \u00een c\u00e2teva cuvinte, istoria de jertf\u0103 \u0219i credin\u021b\u0103 a acestei parohii, mul\u021bumind \u0219i preo\u021bilor care au p\u0103storit parohia \u00eenainte de anul 2005 (anul \u00een care i-a fost \u00eencredin\u021bat\u0103), a mul\u021bumit \u201ebunilor \u0219i darnicilor credincio\u0219i care-\u0219i iubesc cu tot sufletul Biserica\u201d.<\/div>\r\n<div dir=\"auto\">A mul\u021bumit fiului pr. Gheorghe Boro\u0219, Emanuel Boro\u0219, formator la Seminarul Teologic \u201eSf. Ioan Evanghelistul\u201d din Cluj-Napoca, care a realizat icoana Maicii Domnului care a fost binecuv\u00e2ntat\u0103, colaboratorilor care au ajutat la realizarea lucr\u0103rilor &#8211; Prim\u0103riei \u0219i al Consiliului local al com. Feldru &#8211; \u0219i credincio\u0219ilor.<\/div>\r\n<div dir=\"auto\">A spus: \u201ene afl\u0103m \u00een aceast\u0103 parohie \u00een care oamenii, \u00een simplitatea lor, dar cu o credin\u021b\u0103 mare \u0219i profund\u0103, sunt rug\u0103tori c\u0103tre Bunul Dumnezeu, c\u0103tre Maica Sf\u00e2nt\u0103 \u0219i c\u0103tre sfin\u021bii Bisericii\u201d. Este o parohie care a oferit Bisericii \u201edoi preo\u021bi, un diacon, o preoteas\u0103, un seminarist \u0219i cinci c\u0103lug\u0103ri\u021be\u201d &#8211; surori ale Ordinului Sf\u00e2ntului Vasile cel Mare (OSBM), care, \u201emajoritatea dintre ele \u0219i-au ales drumul \u00eenc\u0103 din timpul clandestinit\u0103\u021bii\u201d.<\/div>\r\n<div dir=\"auto\">A mul\u021bumit preo\u021bilor, surorilor OSBM, tinerilor din ASTRU prezen\u021bi, un g\u00e2nd de mul\u021bumire a adresat primarului, viceprimarului, subprefectului jud. Bistri\u021ba-N\u0103s\u0103ud, autorit\u0103\u021bilor centrale \u0219i locale de fa\u021b\u0103. O mul\u021bumire special\u0103 a fost adresat\u0103 preotesei Livia Maria O\u021boiu care a realizat pentru acest eveniment o expozi\u021bie de fotografie din via\u021ba parohiei, \u201edin perioada de clandestinitate a bisericii, de la sfin\u021birea bisericii din 1993, \u0219i de la primele hramuri ale acestei biserici\u201d.<\/div>\r\n<div dir=\"auto\">Mul\u021bumiri au fost adresate solistelor Ana Maria Marti \u0219i Antonia Jarda, care au interpretat frumoase pricesne \u00een cinstea Maicii Sfinte, at\u00e2t la \u00cemp\u0103rt\u0103\u0219anie c\u00e2t \u0219i dup\u0103 celebrarea liturgic\u0103. La \u00eencheiere, din partea Parohiei Greco-Catolice \u201eAdormirea Maicii Domnului, Feldru, pr. Claudiu Oltean a oferit Ierarhului \u201eun buchet spiritual\u201d \u0219i \u201eo \u0219tergur\u0103\u201d tradi\u021bional\u0103 din \u021aara N\u0103s\u0103udului.<\/div>\r\n<div dir=\"auto\">***<\/div>\r\n<div dir=\"auto\">\u00cen \u00eencheierea celebr\u0103rii aniversare din 27 august 2023, Preasfin\u021bia Sa Claudiu a amintit \u201ecel mai mare cadou\u201d primit \u00een aceast\u0103 zi: prezen\u021ba bunilor credincio\u0219i.<\/div>\r\n<div class=\"x11i5rnm xat24cr x1mh8g0r x1vvkbs xtlvy1s x126k92a\">\r\n<p dir=\"auto\">Iar tabloul ce i-a fost oferit, care con\u021bine buchetul spiritual f\u0103cut din: 30 de Sfinte Liturghii, 20 de rug\u0103ciuni ale Paraclisului Maicii Domnului, 75 de Rozarii, 100 de rug\u0103ciuni Tat\u0103l nostru \u0219i N\u0103sc\u0103toare de Dumnezeu, 10 devo\u021biuni ale C\u0103ii Sfintei Cruci, 3 zile de post, 300 de rug\u0103ciuni \u00cemp\u0103rate Ceresc &#8211; a subliniat c\u0103 \u201eeste adev\u0103ratul cadou pe care ni-l putem face unii altora\u201d, restul sunt semne, care sunt pre\u021bioase dac\u0103 dincolo de aceste semne exist\u0103 comuniune spiritual\u0103 \u0219i, a ad\u0103ugat, \u201eaici \u0219tiu c\u0103 exist\u0103 comuniune \u0219i semnul acesta reprezint\u0103 \u00eemplinirea rug\u0103ciunilor din Sf\u00e2nta Liturghie: pe noi \u00een\u0219ine \u0219i unul pe altul \u0219i toat\u0103 via\u021ba noastr\u0103 lui Cristos Dumnezeu s\u0103 o d\u0103m\u201d.<\/p>\r\n<p dir=\"auto\">Biroul Media al Eparhiei de Cluj-Gherla<\/p>\r\n<h3 dir=\"auto\">VIDEO EVENIMENT<\/h3>\r\n<iframe loading=\"lazy\" title=\"YouTube video player\" src=\"https:\/\/www.youtube.com\/embed\/XuSdxWE0eCY?si=PUOA2YMrfTcrVGpq\" width=\"560\" height=\"315\" frameborder=\"0\" allowfullscreen=\"allowfullscreen\"><\/iframe>\r\n<div dir=\"auto\">\u00a0<\/div>\r\n<\/div>\r\n<\/div>\r\n<\/div>\r\n<\/div>\r\n<\/div>\r\n<div id=\":rm:\" class=\"x1n2onr6\">\r\n<div class=\"x1n2onr6\">\r\n<div class=\"x1n2onr6\">\r\n<div class=\"x1n2onr6\">\r\n<div class=\"x6ikm8r x10wlt62 x10l6tqk\">\r\n<div class=\"x6ikm8r x10wlt62\">\r\n<div class=\"xqtp20y x6ikm8r x10wlt62 x1n2onr6\">\r\n<div class=\"x10l6tqk x13vifvy\"><img decoding=\"async\" class=\"x1ey2m1c xds687c x5yr21d x10l6tqk x17qophe x13vifvy xh8yej3\" src=\"https:\/\/scontent.fotp8-1.fna.fbcdn.net\/v\/t39.30808-6\/370034405_674429831379480_9117361596272109300_n.jpg?stp=dst-jpg_p526x395&amp;_nc_cat=101&amp;ccb=1-7&amp;_nc_sid=730e14&amp;_nc_ohc=d2SkhMsJh-wAX-nyK8A&amp;_nc_ht=scontent.fotp8-1.fna&amp;oh=00_AfA_sYU4bf5o566T2OpbDv-ZwzWlBlP8Ks9F96Ax1K8DOw&amp;oe=64F0D8C3\" alt=\"\" \/><\/div>\r\n<\/div>\r\n<div class=\"xua58t2 xzg4506 x1ey2m1c x9f619 xds687c x47corl x10l6tqk x17qophe x13vifvy\">\u00a0<\/div>\r\n<\/div>\r\n<div class=\"x1o1ewxj x3x9cwd x1e5q0jg x13rtm0m x1ey2m1c xds687c xg01cxk x47corl x10l6tqk x17qophe x13vifvy x1ebt8du x19991ni x1dhq9h\" data-visualcompletion=\"ignore\">\u00a0<\/div>\r\n<\/div>\r\n<div class=\"x6ikm8r x10wlt62 x10l6tqk\">\r\n<div class=\"x6ikm8r x10wlt62\">\r\n<div class=\"xqtp20y x6ikm8r x10wlt62 x1n2onr6\">\r\n<div class=\"x10l6tqk x13vifvy\"><img decoding=\"async\" class=\"x1ey2m1c xds687c x5yr21d x10l6tqk x17qophe x13vifvy xh8yej3\" src=\"https:\/\/scontent.fotp8-1.fna.fbcdn.net\/v\/t39.30808-6\/369979379_674428314712965_2650971994982967804_n.jpg?stp=dst-jpg_p526x395&amp;_nc_cat=107&amp;ccb=1-7&amp;_nc_sid=730e14&amp;_nc_ohc=1YMtLLokbwgAX_qnT6S&amp;_nc_oc=AQnwCWoXIMU05qdGwl6ufiHkHoCDqMkgX2Z7HKypVLpiNVJnnnl2kX-WsITRzDNfJ4Q&amp;_nc_ht=scontent.fotp8-1.fna&amp;oh=00_AfDzSC9iJp0xAIGwNZ6qZy5rBb5co2TtnHTGE-M6yEAQLg&amp;oe=64F194FB\" alt=\"\" \/><\/div>\r\n<\/div>\r\n<div class=\"xua58t2 xzg4506 x1ey2m1c x9f619 xds687c x47corl x10l6tqk x17qophe x13vifvy\">\u00a0<\/div>\r\n<\/div>\r\n<div class=\"x1o1ewxj x3x9cwd x1e5q0jg x13rtm0m x1ey2m1c xds687c xg01cxk x47corl x10l6tqk x17qophe x13vifvy x1ebt8du x19991ni x1dhq9h\" data-visualcompletion=\"ignore\">\u00a0<\/div>\r\n<\/div>\r\n<div class=\"x6ikm8r x10wlt62 x10l6tqk\">\r\n<div class=\"x6ikm8r x10wlt62\">\r\n<div class=\"xqtp20y x6ikm8r x10wlt62 x1n2onr6\">\r\n<div class=\"x10l6tqk x13vifvy\"><img decoding=\"async\" class=\"x1ey2m1c xds687c x5yr21d x10l6tqk x17qophe x13vifvy xh8yej3\" src=\"https:\/\/scontent.fotp8-1.fna.fbcdn.net\/v\/t39.30808-6\/370369858_674428121379651_8361924108204807095_n.jpg?stp=dst-jpg_p526x395&amp;_nc_cat=110&amp;ccb=1-7&amp;_nc_sid=730e14&amp;_nc_ohc=1ntwCVK6MXgAX-lbkjd&amp;_nc_ht=scontent.fotp8-1.fna&amp;oh=00_AfA--zFcWvoSKqGKJQNb-pjPUWeJdCRolVSqOoqMN-9UAg&amp;oe=64F24707\" alt=\"\" \/><\/div>\r\n<\/div>\r\n<div class=\"xua58t2 xzg4506 x1ey2m1c x9f619 xds687c x47corl x10l6tqk x17qophe x13vifvy\">\u00a0<\/div>\r\n<\/div>\r\n<div class=\"x1o1ewxj x3x9cwd x1e5q0jg x13rtm0m x1ey2m1c xds687c xg01cxk x47corl x10l6tqk x17qophe x13vifvy x1ebt8du x19991ni x1dhq9h\" data-visualcompletion=\"ignore\">\u00a0<\/div>\r\n<\/div>\r\n<div class=\"x6ikm8r x10wlt62 x10l6tqk\">\r\n<div class=\"x6ikm8r x10wlt62\">\r\n<div class=\"xqtp20y x6ikm8r x10wlt62 x1n2onr6\">\r\n<div class=\"x10l6tqk x13vifvy\"><img decoding=\"async\" class=\"x1ey2m1c xds687c x5yr21d x10l6tqk x17qophe x13vifvy xh8yej3\" src=\"https:\/\/scontent.fotp8-1.fna.fbcdn.net\/v\/t39.30808-6\/370276710_674428238046306_7915768279165524769_n.jpg?stp=dst-jpg_p526x395&amp;_nc_cat=110&amp;ccb=1-7&amp;_nc_sid=730e14&amp;_nc_ohc=jV7wpq8OHQ4AX9ROfea&amp;_nc_ht=scontent.fotp8-1.fna&amp;oh=00_AfAOKbQ1XkmEf33HQX1Wr_rckW0tonASoOltBIsTUj6Kkg&amp;oe=64F17FA5\" alt=\"\" \/><\/div>\r\n<\/div>\r\n<div class=\"xua58t2 xzg4506 x1ey2m1c x9f619 xds687c x47corl x10l6tqk x17qophe x13vifvy\">\u00a0<\/div>\r\n<\/div>\r\n<div class=\"x1o1ewxj x3x9cwd x1e5q0jg x13rtm0m x1ey2m1c xds687c xg01cxk x47corl x10l6tqk x17qophe x13vifvy x1ebt8du x19991ni x1dhq9h\" data-visualcompletion=\"ignore\">\u00a0<\/div>\r\n<\/div>\r\n<div class=\"x6ikm8r x10wlt62 x10l6tqk\">\r\n<div class=\"x6ikm8r x10wlt62\">\r\n<div class=\"xqtp20y x6ikm8r x10wlt62 x1n2onr6\">\r\n<div class=\"x10l6tqk x13vifvy\"><img decoding=\"async\" class=\"x1ey2m1c xds687c x5yr21d x10l6tqk x17qophe x13vifvy xh8yej3\" src=\"https:\/\/scontent.fotp8-1.fna.fbcdn.net\/v\/t39.30808-6\/370162377_674429808046149_1262909723615127967_n.jpg?stp=dst-jpg_p526x395&amp;_nc_cat=104&amp;ccb=1-7&amp;_nc_sid=730e14&amp;_nc_ohc=szf4UG7Y3qwAX_rsoYs&amp;_nc_ht=scontent.fotp8-1.fna&amp;oh=00_AfDS_bY5xx2trVC69MGp0HHEBtckkGRAkQ6MH91ZlcLllQ&amp;oe=64F0C852\" alt=\"\" \/><\/div>\r\n<\/div>\r\n<div class=\"xua58t2 xzg4506 x1ey2m1c x9f619 xds687c x47corl x10l6tqk x17qophe x13vifvy\">\u00a0<\/div>\r\n<\/div>\r\n<div class=\"x6s0dn4 x18l40ae x1ey2m1c x78zum5 xds687c xdt5ytf xl56j7k x47corl x10l6tqk x17qophe x13vifvy\">\r\n<div class=\"x17z8epw x579bpy x1s688f x2b8uid\">\u00a0<\/div>\r\n<\/div>\r\n<\/div>\r\n<\/div>\r\n<\/div>\r\n<\/div>\r\n<\/div>\r\n<\/div>\r\n<p>\u00a0\ud835\uddd7\ud835\ude02\ud835\uddfa\ud835\uddf6\ud835\uddfb\ud835\uddf6\ud835\uddf0\ud835\uddee, \ud835\udfee\ud835\udff3 \ud835\uddee\ud835\ude02\ud835\uddf4\ud835\ude02\ud835\ude00\ud835\ude01 \ud835\udfee\ud835\udfec\ud835\udfee\ud835\udfef, \ud835\uddfc\ud835\uddff\ud835\uddee \ud835\udfed\ud835\udfec.\ud835\udfec\ud835\udfec, \ud835\udde6\ud835\uddf3\ud835\uddee\ud835\uddfb\ud835\ude01\ud835\uddee \ud835\udddf\ud835\uddf6\ud835\ude01\ud835\ude02\ud835\uddff\ud835\uddf4\ud835\uddf5\ud835\uddf6\ud835\uddf2 \ud835\uddd4\ud835\uddff\ud835\uddf5\ud835\uddf6\ud835\uddf2\ud835\uddff\ud835\uddf2\ud835\uddee\ud835\ude00\ud835\uddf0\ud835\uddee \ud835\uddf6\ud835\uddfb \ud835\udde3\ud835\uddee\ud835\uddff\ud835\uddfc\ud835\uddf5\ud835\uddf6\ud835\uddee \ud835\uddd9\ud835\uddf2\ud835\uddf9\ud835\uddf1\ud835\uddff\ud835\ude02 (\ud835\udde9\ud835\uddee\ud835\uddf9\ud835\uddf2\ud835\uddee \ud835\udde6\ud835\uddf2\ud835\uddf0\ud835\uddf2\ud835\uddff\ud835\ude02\ud835\uddf9\ud835\ude02\ud835\uddf6) &#8211; vizit\u0103 pastoral\u0103 a Preasfin\u021biei Sale Claudiu \u0219i aniversarea a 30 de ani de la sfin\u021birea bisericii parohiale.<\/p>\r\n<p><img loading=\"lazy\" decoding=\"async\" class=\"size-large wp-image-475 aligncenter\" src=\"https:\/\/www.protopopiatebn.ro\/wp-content\/uploads\/2023\/08\/369736565_672971294858667_3309762510314673160_n-1024x583.jpg\" alt=\"Biserica \u201dAdormirea Maicii Domnului\u201d Feldru, Sf. Liturghie arhiereasca\" width=\"700\" height=\"399\" srcset=\"https:\/\/www.protopopiatebn.ro\/wp-content\/uploads\/2023\/08\/369736565_672971294858667_3309762510314673160_n-1024x583.jpg 1024w, https:\/\/www.protopopiatebn.ro\/wp-content\/uploads\/2023\/08\/369736565_672971294858667_3309762510314673160_n-300x171.jpg 300w, https:\/\/www.protopopiatebn.ro\/wp-content\/uploads\/2023\/08\/369736565_672971294858667_3309762510314673160_n-768x437.jpg 768w, https:\/\/www.protopopiatebn.ro\/wp-content\/uploads\/2023\/08\/369736565_672971294858667_3309762510314673160_n-1536x875.jpg 1536w, https:\/\/www.protopopiatebn.ro\/wp-content\/uploads\/2023\/08\/369736565_672971294858667_3309762510314673160_n.jpg 2048w\" sizes=\"auto, (max-width: 700px) 100vw, 700px\" \/><\/p>\r\n<ul>\r\n<li><span style=\"font-weight: 400;\"> \ud835\udddf\ud835\uddf2\ud835\uddf0\ud835\ude01\ud835\ude02\ud835\uddff\ud835\uddf6 \ud835\uddf9\ud835\uddf6\ud835\ude01\ud835\ude02\ud835\uddff\ud835\uddf4\ud835\uddf6\ud835\uddf0\ud835\uddf2: DUMINICA a 12-a dup\u0103 RUSALII (T\u00e2n\u0103rul bogat): https:\/\/mobile.catholica.ro\/agc2023\/zile\/lectura0827.html<\/span><\/li>\r\n<li><span style=\"font-weight: 400;\"> \ud835\uddd7\ud835\uddf2\ud835\ude00\ud835\uddfd\ud835\uddff\ud835\uddf2 \ud835\uddf2\ud835\ude03\ud835\uddf2\ud835\uddfb\ud835\uddf6\ud835\uddfa\ud835\uddf2\ud835\uddfb\ud835\ude01:<\/span><\/li>\r\n<\/ul>\r\n<p><span style=\"font-weight: 400;\">Duminic\u0103, 27 august 2023, Preasfin\u021bia Sa Claudiu, Episcopul de Cluj-Gherla, continu\u00e2nd vizitele pastorale \u00een parohiile Eparhiei pe care o p\u0103store\u0219te, va fi primit de preotul paroh Claudiu Oltean \u0219i de credincio\u0219ii Parohiei Feldru (Valea Secerului), din Protopopiatul Rodna (jud. Bistri\u021ba-N\u0103s\u0103ud). Ierarhul se va afla la Feldru cu o ocazie special\u0103, cea a anivers\u0103rii a 30 de ani de la sfin\u021birea bisericii parohiale \u201eAdormirea Maicii Domnului\u201d (https:\/\/photos.app.goo.gl\/hA6ueVsoZLucGFyC9).<\/span><\/p>\r\n<p><span style=\"font-weight: 400;\">Aniversarea va fi prilej \u0219i pentru o nou\u0103 binecuv\u00e2ntare: va avea loc sfin\u021birea exteriorului bisericii, \u00een urma lucr\u0103rilor de renovare.<\/span><\/p>\r\n<p><span style=\"font-weight: 400;\">Ceremonia de sfin\u021bire \u0219i Sf\u00e2nta Liturghie arhiereasc\u0103 vor fi celebrate \u00eencep\u00e2nd cu ora 10.00. Programul se va \u00eencheia cu un concert de pricesne.<\/span><\/p>\r\n<p><span style=\"font-weight: 400;\">\u00cen cadrul celebr\u0103rii, Preasfin\u021bia Sa Claudiu va binecuv\u00e2nta o icoan\u0103 \u0219i axioni\u021ba \u00een care va depune o relicv\u0103 a V\u0103lului Maicii Domnului (f\u0103r\u00e2m\u0103 de \u021bes\u0103tur\u0103 realizat\u0103, probabil, de m\u00e2inile Preacuratei Fecioare Maria) &#8211; liant \u00eentre timpul prezent \u0219i timpul vie\u021bii p\u0103m\u00e2nte\u0219ti al Maicii Sfinte, prin care va fi invocat\u0103 ocrotirea \u201eCelei binecuv\u00e2ntate \u00eentre femei\u201d asupra tuturor credincio\u0219ilor care vor veni s\u0103 i se \u00eenchine \u0219i asupra celor pentru care ace\u0219tia se roag\u0103.<\/span><\/p>\r\n<p>\u00a0 \u00a0 \u00a0 \u00a0 \u00a0 \u00a0 \u00a0 \u00a0 \u00a0 \u00a0 \u00a0 \u00a0 \u00a0 \u00a0 \u00a0 \u00a0 \u00a0 \u00a0 \u00a0 \u00a0 \u00a0 \u00a0 \u00a0 \u00a0 \u00a0 \u00a0 \u00a0 \u00a0 \u00a0 \u00a0 \u00a0 \u00a0 \u00a0 \u00a0 \u00a0 \u00a0 \u00a0 \u00a0 Biroul media al Episcopiei de Cluj-Gherla<\/p>\r\n<h2><a href=\"https:\/\/www.protopopiatebn.ro\/index.php\/parohia-greco-catolica-feldru-valea-secerului\/\">Istoric parohie<\/a><\/h2>\r\n<h2><a href=\"https:\/\/photos.app.goo.gl\/Rh73T2Z7pFn9SH476\">Album foto<\/a><\/h2>\r\n<h3><a href=\"https:\/\/www.youtube.com\/embed\/live_stream?channel=UCLBzZ7tawK8UP3T9xHRBEAA\">BISERICA GRECO-CATOLIC\u0102 \u201dADORMIREA MAICII DOMNULUI\u201d FELDRU (VALEA SECERULUI) &#8211; SF. LITURGHIE ARHIEREASC\u0102, 27 AUGUST, ORA 10.00<\/a><\/h3>\r\n<p>Linkul este activ doar pe durata transmisiei<\/p>\r\n<p><iframe loading=\"lazy\" src=\"https:\/\/www.youtube.com\/embed\/live_stream?channel=UCLBzZ7tawK8UP3T9xHRBEAA\" width=\"560\" height=\"315\" frameborder=\"0\" allowfullscreen=\"allowfullscreen\"><\/iframe><\/p>\r\n\r\n<pre class=\"wp-block-code\"><code>TRANSMISIE LIVE PRELUAT\u0102 DE PE CANALUL DE YOUTUBE AL EPISCOPIEI DE CLUJ-GHERLA<\/code><\/pre>\r\n<p>&nbsp;<\/p>\r\n<pre class=\"wp-block-code\"><code><\/code><\/pre>\r\n<p><img loading=\"lazy\" decoding=\"async\" class=\"size-large wp-image-434 aligncenter\" src=\"https:\/\/www.protopopiatebn.ro\/wp-content\/uploads\/2023\/08\/image00011copeie-1010x1024.jpg\" alt=\"\" width=\"700\" height=\"710\" srcset=\"https:\/\/www.protopopiatebn.ro\/wp-content\/uploads\/2023\/08\/image00011copeie-1010x1024.jpg 1010w, https:\/\/www.protopopiatebn.ro\/wp-content\/uploads\/2023\/08\/image00011copeie-296x300.jpg 296w, https:\/\/www.protopopiatebn.ro\/wp-content\/uploads\/2023\/08\/image00011copeie-768x779.jpg 768w, https:\/\/www.protopopiatebn.ro\/wp-content\/uploads\/2023\/08\/image00011copeie-1515x1536.jpg 1515w, https:\/\/www.protopopiatebn.ro\/wp-content\/uploads\/2023\/08\/image00011copeie-2020x2048.jpg 2020w\" sizes=\"auto, (max-width: 700px) 100vw, 700px\" \/><\/p>\r\n<pre class=\"wp-block-code\"><code><\/code><\/pre>\r\n<p>S\u0103rb\u0103toarea \u201eAdormirii Maicii Domului\u201d a reprezentat un moment de bucurie \u0219i \u00een\u0103l\u021bare sufleteasc\u0103 pentru comunitatea din Parohia Greco-Catolic\u0103 Feldru-Valea Secerului, Protopopiatul Rodna, care \u0219i-a s\u0103rb\u0103torit hramul, av\u00e2ndu-l \u00een mijlocul ei pe p\u0103rintele protopop Cristian Goia.<\/p>\r\n<pre class=\"wp-block-code\"><code><\/code><\/pre>\r\n<p>\u00cempreun\u0103 cu p\u0103rintele protopop au celebrat p\u0103rintele Claudiu Oltean, p\u0103storul acestei comunit\u0103\u021bi, p\u0103rintele protopop de Holod (Eparhia de Oradea Mare), precum \u0219i 8 preo\u021bi din protopopiatul Rodna.<\/p>\r\n<pre class=\"wp-block-code\"><code><\/code><\/pre>\r\n<p>Biserica din Feldru-Valea Secerului dedicat\u0103 Preacuratei Fecioare Maria a fost prima biseric\u0103 parohial\u0103 din Eparhia de Cluj-Gherla pe care a sfin\u021bit-o \u00cenaltpreasfin\u021bitul Arhiepiscop George-Gu\u021biu, \u00een data de 5 septembrie 1993. Aceast\u0103 frumoas\u0103 comunitate a fost activ\u0103 clandestin \u00een perioada regimului comunist \u00eentre anii 1948-1989, celebr\u00e2ndu-se Sf. Liturghie \u00een condi\u021bii dificile cu ajutorul mai multor preo\u021bi vrednici \u0219i cu sprijinul credincio\u0219ilor. Astfel, s-a p\u0103strat vie flac\u0103ra credin\u021bei str\u0103mo\u0219e\u0219ti pe meleagurile din \u021aara N\u0103s\u0103udului, Maica Sf\u00e2nt\u0103 fiind ocrotitoarea acestei comunit\u0103\u021bi \u00een perioada martirajului Bisericii Unite.<\/p>\r\n<pre class=\"wp-block-code\"><code><\/code><\/pre>\r\n<p>\u00cen predica de la Sf\u00e2nta \u0219i Dumnezeiasca Liturghie, p\u0103rintele protopop a eviden\u021biat rolul pe care Fecioara Maria l-a avut \u00een istoria m\u00e2ntuirii. Preacurata Fecioar\u0103 Maria ocup\u0103 un loc deosebit, unic, \u00een istoria m\u00e2ntuirii, fiind aleas\u0103 din ve\u0219nicie ca Maic\u0103 a Domnului, \u201eMireasa cea cu totul f\u0103r\u0103 prihan\u0103\u201d, \u201ef\u0103clia luminii celei neapropiate \u0219i n\u0103dejdea sufletelor noastre\u201d. Ea se bucur\u0103 \u00een Biserica \u0219i \u00een inima credincio\u0219ilor de un cult deosebit. Sfintei Fecioare i s-au adus de c\u0103tre to\u021bi cre\u0219tinii, din toate timpurile, cinstire prea aleas\u0103 pentru darurile ei mari de care s-a \u00eenvrednicit, de a fi N\u0103sc\u0103toare de Dumnezeu, de a fi \u0219i a r\u0103m\u00e2ne pururi Fecioar\u0103, de a fi rug\u0103toare \u0219i mijlocitoare cre\u0219tinilor \u00een fa\u021ba Tronului dumnezeiesc.<\/p>\r\n<pre class=\"wp-block-code\"><code><\/code><\/pre>\r\n<p>Dup\u0103 \u00eencheierea Sfintei Liturghii, p\u0103rintele paroh Claudiu Oltean a prezentat un scurt istoric al parohiei, men\u021bion\u00e2nd preo\u021bii care au activat in parohie din anul 1948 p\u00e2n\u0103 \u00een prezent. Apoi a mul\u021bumit p\u0103rintelui protopop pentru prezen\u021ba \u00een mijlocul comunit\u0103\u021bii. De asemenea, a mul\u021bumit \u0219i preo\u021bilor confra\u021bi prezen\u021bi \u0219i credincio\u0219ilor veni\u021bi \u00een num\u0103r mare la ceas de s\u0103rb\u0103toare.<\/p>\r\n<pre class=\"wp-block-code\"><code><\/code><\/pre>\r\n<p>P\u0103rintele protopop Cristian Goia a mul\u021bumit p\u0103rintelui pentru invita\u021bie, pentru dedicarea cu care p\u0103store\u0219te comunitatea parohial\u0103, asigur\u00e2ndu-l de rug\u0103ciunea \u0219i sus\u021binerea sa. De asemenea, a mul\u021bumit \u0219i preo\u021bilor celebran\u021bi \u0219i credincio\u0219ilor prezen\u021bi, pe care i-a \u00eendemnat s\u0103-\u0219i pun\u0103 via\u021ba sub ocrotirea Maicii Sfinte \u0219i s\u0103 \u00eei mul\u021bumeasc\u0103 Domnului pentru toate darurile primite \u00een fiecare zi.<\/p>\r\n<pre class=\"wp-block-code\"><code><\/code><\/pre>\r\n<p>A consemnat Darius Tegla\u0219<\/p>\r\n<pre class=\"wp-block-code\"><code><\/code><\/pre>\r\n<p>\u00a0<img loading=\"lazy\" decoding=\"async\" class=\"alignnone size-large wp-image-442\" src=\"https:\/\/www.protopopiatebn.ro\/wp-content\/uploads\/2023\/08\/WhatsApp-Image-2023-08-16-at-09.26.52-2-1024x768.jpeg\" alt=\"\" width=\"700\" height=\"525\" srcset=\"https:\/\/www.protopopiatebn.ro\/wp-content\/uploads\/2023\/08\/WhatsApp-Image-2023-08-16-at-09.26.52-2-1024x768.jpeg 1024w, https:\/\/www.protopopiatebn.ro\/wp-content\/uploads\/2023\/08\/WhatsApp-Image-2023-08-16-at-09.26.52-2-300x225.jpeg 300w, https:\/\/www.protopopiatebn.ro\/wp-content\/uploads\/2023\/08\/WhatsApp-Image-2023-08-16-at-09.26.52-2-768x576.jpeg 768w, https:\/\/www.protopopiatebn.ro\/wp-content\/uploads\/2023\/08\/WhatsApp-Image-2023-08-16-at-09.26.52-2-1536x1152.jpeg 1536w, https:\/\/www.protopopiatebn.ro\/wp-content\/uploads\/2023\/08\/WhatsApp-Image-2023-08-16-at-09.26.52-2.jpeg 2048w\" sizes=\"auto, (max-width: 700px) 100vw, 700px\" \/><\/p>\r\n<pre class=\"wp-block-code\"><code><\/code><\/pre>\r\n<h2><a href=\"https:\/\/photos.app.goo.gl\/1aCe3FFNCoDss8Q39\">ALBUM FOTO HRAM<\/a><\/h2>\r\n<pre class=\"wp-block-code\"><code><\/code><\/pre>\r\n<h2><a href=\"http:\/\/protopopiatebn.ro\/turbisFeldruAM.html\">TUR VIRTUAL BISERICA<\/a><\/h2>\r\n<pre class=\"wp-block-code\"><code><\/code><\/pre>\r\n<p><iframe loading=\"lazy\" title=\"YouTube video player\" src=\"https:\/\/www.youtube.com\/embed\/gbWDvvfLo90\" width=\"560\" height=\"315\" frameborder=\"0\" allowfullscreen=\"allowfullscreen\" data-mce-fragment=\"1\"><\/iframe><\/p>\r\n<pre class=\"wp-block-code\"><code><\/code><\/pre>\r\n<h2><a href=\"https:\/\/youtu.be\/gbWDvvfLo90\">VIDEO CU HRAMUL<\/a><\/h2>\r\n<pre class=\"wp-block-code\"><code><\/code><\/pre>\r\n<p><a href=\"https:\/\/www.protopopiatebn.ro\/index.php\/parohia-greco-catolica-feldru-valea-secerului\/\">Parohia Greco-Catolic\u0103 Feldru &#8211; Valea Secerului<\/a><\/p>\r\n<pre class=\"wp-block-code\"><code><\/code><\/pre>\r\n<h3><a href=\"https:\/\/www.youtube.com\/embed\/live_stream?channel=UCdWWHSd1fR9Mi9dc6pp5U5w\">HRAMUL BISERICII \u201dADORMIREA MAICII DOMNULUI\u201d FELDRU &#8211; SF. LITURGHIE, 15 AUGUST 2023, ORA 10.00<\/a><\/h3>\r\n<pre class=\"wp-block-code\"><code><\/code><\/pre>\r\n<h3>\u00a0<\/h3>\r\n<pre class=\"wp-block-code\"><code><\/code><\/pre>\r\n<p>&nbsp;<\/p>\r\n<pre class=\"wp-block-code\"><code><\/code><\/pre>\r\n<h2 style=\"text-align: center;\">BISERICA GRECO-CATOLIC\u0102 \u201dSF. ANTON\u201d MAIERU<\/h2>\r\n<pre class=\"wp-block-code\"><code><\/code><\/pre>\r\n<h2 style=\"text-align: center;\">SF. LITURGHIE, DUMINICA A VIII-A DUP\u0102 RUSALII, 30 IULIE 2023<\/h2>\r\n<pre class=\"wp-block-code\"><code><\/code><\/pre>\r\n<p style=\"text-align: center;\"><img loading=\"lazy\" decoding=\"async\" class=\"size-large wp-image-360 aligncenter\" src=\"https:\/\/www.protopopiatebn.ro\/wp-content\/uploads\/2023\/07\/20230730_115726-1024x768.jpg\" alt=\"\" width=\"700\" height=\"525\" srcset=\"https:\/\/www.protopopiatebn.ro\/wp-content\/uploads\/2023\/07\/20230730_115726-1024x768.jpg 1024w, https:\/\/www.protopopiatebn.ro\/wp-content\/uploads\/2023\/07\/20230730_115726-300x225.jpg 300w, https:\/\/www.protopopiatebn.ro\/wp-content\/uploads\/2023\/07\/20230730_115726-768x576.jpg 768w, https:\/\/www.protopopiatebn.ro\/wp-content\/uploads\/2023\/07\/20230730_115726-1536x1152.jpg 1536w, https:\/\/www.protopopiatebn.ro\/wp-content\/uploads\/2023\/07\/20230730_115726-2048x1536.jpg 2048w\" sizes=\"auto, (max-width: 700px) 100vw, 700px\" \/><\/p>\r\n<pre class=\"wp-block-code\"><code><\/code><\/pre>\r\n<p>\u00cen duminica a VIII-a dup\u0103 Rusalii, a \u00cenmul\u021birii P\u00e2inilor, p\u0103rintele protopop Cristian Goia a celebrat Sf. Liturghie \u00een Biserica Greco-Catolic\u0103 \u201dSf. Anton de Padova\u201d din localitatea Maieru, Protopopiatul Rodna, \u00eempreun\u0103 cu Pr. Florin Miclea, p\u0103storul acestei comunit\u0103\u021bi \u0219i cu diaconul Ovidiu Iusco. La Sf\u00e2nta Liturghie au participat 4 surori baziliene, un num\u0103r mare de credincio\u0219i, iar r\u0103spunsurile au fost date de corul parohiei coordonat de d-na preoteas\u0103 Simona Miclea.<\/p>\r\n<pre class=\"wp-block-code\"><code><\/code><\/pre>\r\n<p>Comuna Maieru este una dintre cele mai vechi a\u0219ez\u0103ri din Valea Rodnei, comuna fiind atestat\u0103 documentar \u00een anul 1440. Comunitatea greco-catolic\u0103 din Maieru \u0219i-a p\u0103strat credin\u021ba \u00een momentele dificile din perioada comunist\u0103, dup\u0103 scoaterea \u00een afara legii a bisericii greco-catolice.\u00a0 Preo\u021bii ieromonahi bazilitani Pr. Sab\u0103u Iustin \u0219i Pr. D\u0103ncu\u0219 Gavril au activat \u00een aceast\u0103 parohie \u00een condi\u021bii grele, celebr\u00e2nd slujbele \u00een case particulare puse la dispozi\u021bie de enoria\u0219ii parohiei. Chiar \u0219i \u00een afara legii, Biserica Greco-Catolic\u0103 a continuat s\u0103 existe \u00eentr-un mod care ne aminte\u0219te de cre\u0219tinismul primar, credincio\u0219ii greco-catolici fiind \u00een permanen\u021b\u0103 urm\u0103ri\u021bi \u0219i persecuta\u021bi. Astfel, \u00een clandestinitate, s-au format preo\u021bii: Partene Augustin, Vran\u0103u Ioan, Bazga Emil. Maieru a dat multe voca\u021bii la preo\u021bie si c\u0103lug\u0103rie: 14 surori din Ordinul Sf\u00e2ntului Vasile cel Mare sunt din localitatea Maieru, \u0219i 7 preo\u021bi care activeaz\u0103 pe teritoriul Eparhiei de Cluj-Gherla. Dup\u0103 c\u0103derea regimului comunist, parohia a fost reconstituit\u0103 legal la data de 17 februarie 1990.<\/p>\r\n<pre class=\"wp-block-code\"><code><\/code><\/pre>\r\n<p>\u00cen anul 1997 credincio\u0219ii parohiei \u00eempreun\u0103 cu Pr. Agustin Partene, p\u0103storul din acea vreme, au reu\u0219it s\u0103 construiasc\u0103 cu mari eforturi o nou\u0103 biseric\u0103, sfin\u0163it\u0103 la 26 octombrie 1997 de IPS George Gu\u0163iu.<\/p>\r\n<pre class=\"wp-block-code\"><code><\/code><\/pre>\r\n<p>\u00cen cuv\u00e2ntul de \u00eenv\u0103\u021b\u0103tur\u0103, P\u0103rintele Protopop Cristian Goia a eviden\u021biat c\u0103 minunea \u00eenmul\u021birii celor 5 p\u00e2ini \u0219i 2 pe\u0219ti este nu doar expresia milei \u0219i a purt\u0103rii de grij\u0103 a lui Dumnezeu fa\u021b\u0103 de om, ci mai ales este un semn oferit de Cristos mul\u021bimilor, ucenicilor \u0219i bine\u00een\u021beles, nou\u0103 tuturor cre\u0219tinilor. Un semn este o lucrare prin care Dumnezeu vrea s\u0103 ne comunice, dincolo de \u00eent\u00e2mplarea \u00een sine, ceva special. Minunea \u00cenmul\u021birii P\u00e2inilor este un semn veritabil deoarece ni-l descoper\u0103 pe Isus Euharisticul. Euharistia este izvorul \u0219i culmea vie\u021bii cre\u0219tine, centrul \u00eentregii vie\u021bi a bisericii. Euharistia a reprezentat for\u021ba ce i-a sus\u021binut pe at\u00e2\u021bia preo\u021bi \u0219i credincio\u0219i \u00een timpul persecu\u021biei comuniste. Euharistia ne sus\u021bine pe drumul spre Via\u021ba cea Ve\u0219nic\u0103. Cre\u0219tinii din Africa din timpul Sf\u00e2ntului Augustin spuneau &#8222;S\u0103 mergem la via\u021b\u0103&#8221; atunci c\u00e2nd mergeau s\u0103 primeasc\u0103 Sf\u00e2nta \u00cemp\u0103rt\u0103\u0219anie. P\u0103rintele a sublinitat \u00een \u00eencheiere importan\u021ba sacramentului Euharistiei \u00een via\u021ba fiec\u0103rui cre\u0219tin.<\/p>\r\n<pre class=\"wp-block-code\"><code><\/code><\/pre>\r\n<p>La finalul Liturghiei Pr. Florin Miclea a mu\u021bumit Pr. Protopop pentru prezen\u021ba \u00een mijlocul comunit\u0103\u021bii din Maieru \u0219i i-a oferit din partea comunit\u0103\u021bii o Icoan\u0103 cu Maica Domnului \u0219i cei 7 Ferici\u021bi Episcopi martiri greco-catolici. Pr. Protopop i-a mul\u021bumit la r\u00e2ndul lui Pr. Paroh pentru grija cu care p\u0103store\u0219te comunitatea \u0219i pentru implicarea \u00een renovarea Bisericii, a grotei cu Maica Sf\u00e2nt\u0103 \u0219i a casei parohiale.<\/p>\r\n<pre class=\"wp-block-code\"><code><\/code><\/pre>\r\n<p>A fost o zi de \u00een\u0103l\u021bare sufleteasc\u0103 \u0219i de comuniune de rug\u0103ciune \u00een comunitatea parohial\u0103 din Maieru. Mul\u021bumim Domnului pentru toate darurile \u0219i binefacerile primite.<\/p>\r\n<pre class=\"wp-block-code\"><code><\/code><\/pre>\r\n<p style=\"text-align: right;\">a consemnat Rare\u0219 Flore<\/p>\r\n<pre class=\"wp-block-code\"><code><\/code><\/pre>\r\n<h3><a href=\"https:\/\/photos.app.goo.gl\/7K3sGs2JS28ijtF87\">ALBUM FOTO EVENIMENT<\/a>\u00a0 <a href=\"http:\/\/www.protopopiatebn.ro\/turMaieru.html\"> TUR VIRTUAL BISERIC\u0102\u00a0<\/a>\u00a0\u00a0\u00a0\u00a0\u00a0\u00a0\u00a0\u00a0\u00a0\u00a0\u00a0\u00a0\u00a0\u00a0\u00a0\u00a0\u00a0\u00a0\u00a0\u00a0\u00a0\u00a0\u00a0\u00a0\u00a0\u00a0\u00a0\u00a0\u00a0\u00a0\u00a0 <a href=\"http:\/\/www.protopopiatebn.ro\/turaltarMaieru.html\">TUR VIRTUAL ALTAR<\/a><\/h3>\r\n<pre class=\"wp-block-code\"><code><\/code><\/pre>\r\n<h3>\u00a0\u00a0\u00a0\u00a0 <a href=\"https:\/\/www.protopopiatebn.ro\/index.php\/parohia-greco-catolica-maieru\/\">Scurt istoric al Parohiei greco-catolice Maieru \u0219i Album foto cu Biserica<\/a><\/h3>\r\n<pre class=\"wp-block-code\"><code><\/code><\/pre>\r\n<p><iframe loading=\"lazy\" title=\"YouTube video player\" src=\"https:\/\/www.youtube.com\/embed\/GuhAMB5bShk\" width=\"560\" height=\"315\" frameborder=\"0\" allowfullscreen=\"allowfullscreen\" data-mce-fragment=\"1\"><\/iframe><\/p>\r\n<pre class=\"wp-block-code\"><code><\/code><\/pre>\r\n<p>&nbsp;<\/p>\r\n<pre class=\"wp-block-code\"><code><\/code><\/pre>\r\n<p class=\"has-text-align-center\"><strong>COMEMORARE A PR. IOAN MAIER, PROTOPOP GRECO-CATOLIC (1782-1867) LA 190 DE ANI DE LA NUMIREA SA CA PROTOPOP GRECO-CATOLIC DE BISTRI\u021aA \u00ceN IULIE 1833<\/strong><\/p>\r\n<pre class=\"wp-block-code\"><code>\r\n\r\n<\/code><\/pre>\r\n<figure class=\"wp-block-image size-large\"><img loading=\"lazy\" decoding=\"async\" width=\"1024\" height=\"680\" class=\"wp-image-269\" src=\"https:\/\/www.protopopiatebn.ro\/wp-content\/uploads\/2023\/07\/HMV_4733-1024x680.jpg\" alt=\"\" srcset=\"https:\/\/www.protopopiatebn.ro\/wp-content\/uploads\/2023\/07\/HMV_4733-1024x680.jpg 1024w, https:\/\/www.protopopiatebn.ro\/wp-content\/uploads\/2023\/07\/HMV_4733-300x199.jpg 300w, https:\/\/www.protopopiatebn.ro\/wp-content\/uploads\/2023\/07\/HMV_4733-768x510.jpg 768w, https:\/\/www.protopopiatebn.ro\/wp-content\/uploads\/2023\/07\/HMV_4733-1536x1020.jpg 1536w, https:\/\/www.protopopiatebn.ro\/wp-content\/uploads\/2023\/07\/HMV_4733-2048x1360.jpg 2048w\" sizes=\"auto, (max-width: 1024px) 100vw, 1024px\" \/><\/figure>\r\n<pre class=\"wp-block-code\"><code>\r\n\r\n<\/code><\/pre>\r\n<p>Duminic\u0103, 16 iulie 2023, comunitatea greco-catolic\u0103 din Bistri\u021ba l-a comemorat pe Pr. Ioan Maier, un mare intelectual rom\u00e2n bistri\u021bean din sec. al XIX-lea, protopop greco-catolic (1782-1867). S-au \u00eemplinit 190 de ani de la numirea lui ca protopop de Bistri\u021ba, \u00een cadrul Sinodului de la Blaj \u021binut \u00een 3\/15 iulie 1833. Programul a \u00eenceput cu o celebrare liturgic\u0103 \u00een Biserica \u201dBuna-Vestire\u201d din Bistri\u021ba. Sf\u00e2nta Liturghie a fost celebrat\u0103 de Pr. Cristian Goia, protopop greco-catolic de Bistri\u021ba, care, \u00een cuv\u00e2ntul de \u00eenv\u0103\u021b\u0103tur\u0103, a vorbit despre episodul vindec\u0103rii paraliticului. A subliniat 2 aspecte importante din evanghelie: mijlocirea pentru cei \u00een suferin\u021b\u0103 \u0219i importan\u021ba sufletului. La celebrare au participat Pr. Ioan Vasile Fri\u0219an, paroh \u00een parohia Bistri\u021ba I, Pr. Narcis Pop, paroh \u00een parohia Bistri\u021ba II \u0219i Pr. Teodor Costin, vicar parohial, precum \u0219i un mare num\u0103r de credincio\u0219i. La finalul Sfintei liturghii, p\u0103rintele protopop a evocat personalitatea Pr. Protopop Ioan Maier pe baza scrierilor unor cercet\u0103tori istorici care au studiat documente din arhivele Na\u021bionale din Alba, Cluj \u0219i Bistri\u021ba. S-au prezentat \u00een premier\u0103 \u0219i fotografii ale unor documente existente \u00een arhive. La final a avut loc o mic\u0103 agap\u0103 fratern\u0103 \u0219i o expozitie a documentelor prezentate.<\/p>\r\n<pre class=\"wp-block-code\"><code>\r\n\r\n<\/code><\/pre>\r\n<p>A doua parte a programului s-a desf\u0103\u0219urat \u00een cimitirul vechi greco-catolic de pe str. Crinilor, \u00een locul unde se afl\u0103 morm\u00eentul vrednicului protopop Ioan Maier. \u00cen acest loc a fost \u0219i Biserica de lemn rom\u00e2neasc\u0103 greco-catolic\u0103 construit\u0103 cu mari eforturi de comunitatea greco catolic\u0103 bistri\u021bean\u0103 \u00een anul 1792, unde Pr. Ioan Maier a slujit timp de 36 de ani. Biserica de lemn a fost folosit\u0103 timp de mai bine de 100 de ani apoi, dup\u0103 achizitionarea Bisericii minorite de la Coroana, aceasta a fost donat\u0103 parohiei Lechin\u021ba. Tot \u00een acest loc au fost cele dou\u0103 \u0219coli confesionale care se pot vedea \u0219i ast\u0103zi: cea de lemn pe col\u021b cu str. Cerbului \u0219i cea de zid \u2013 actuala gr\u0103dini\u021b\u0103 nr. 9. Pr. Protopop Cristian Goia a celebrat un parastas de pomenire \u00eempreun\u0103 cu 10 preo\u021bi bistri\u021beni \u0219i c\u00e2teva zeci de credincio\u0219i. La finalul parastasului, pr. Protopop a vorbit despre personalitatea Pr. Ioan Maier \u0219i importan\u021ba locului de pe str. Crinilor pentru comunitatea greco-catolic\u0103 din Bistri\u021ba. Se dore\u0219te, pe viitor, cu sprijinul comunit\u0103\u021bii bistri\u021bene, refacerea pietrei funerare degradat\u0103 de-a lungul timpului. A fost un moment de har \u0219i de rememorare a trecutului Pr. Ioan Maier care, prin activitatea sa pastoral\u0103 \u0219i intelectual\u0103, \u0219i-a adus contribu\u021bia la formarea spiritual\u0103 \u0219i moral\u0103 a enoria\u0219ilor din Bistri\u021ba.<\/p>\r\n<pre class=\"wp-block-code\"><code>\r\n\r\n<\/code><\/pre>\r\n<p>Biroul de pres\u0103 al PROTOPOPIATULUI GRECO-CATOLIC BISTRI\u021aA<\/p>\r\n<pre class=\"wp-block-code\"><code>\r\n\r\n<\/code><\/pre>\r\n<p><strong><a href=\"https:\/\/photos.app.goo.gl\/jg12nCFSViD4ThmEA\" target=\"_blank\" rel=\"noreferrer noopener\">ALBUM FOTO BISERIC<\/a><a href=\"https:\/\/photos.app.goo.gl\/jg12nCFSViD4ThmEA\">A<\/a><\/strong><\/p>\r\n<pre class=\"wp-block-code\"><code>\r\n\r\n<\/code><\/pre>\r\n<p><strong><a href=\"https:\/\/photos.app.goo.gl\/AC63MxzE3G4YtB5A9\">ALBUM FOTO CIMITIR<\/a><\/strong><\/p>\r\n<pre class=\"wp-block-code\"><code>\r\n\r\n<\/code><\/pre>\r\n<p><strong><a href=\"https:\/\/www.protopopiatebn.ro\/wp-content\/uploads\/2023\/07\/Biografie-Ioan-Maier.pdf\">BIOGRAFIA PR. MAIER PREZENTARE<\/a><\/strong><\/p>\r\n<pre class=\"wp-block-code\"><code>\r\n\r\n<\/code><\/pre>\r\n<p><a href=\"https:\/\/www.protopopiatebn.ro\/wp-content\/uploads\/2023\/07\/Ioan-Maier-1.pptx\" target=\"_blank\" rel=\"noreferrer noopener\"><strong>PREZENT\u0102RI \u00ceN PREMIER\u0102 A DOCUMENTELOR DIN ARHIVELE NATIONALE, CLUJ \u0218I BISTRI\u021aA<\/strong><\/a><\/p>\r\n<pre class=\"wp-block-code\"><code>\r\n\r\n<\/code><\/pre>\r\n<p><strong><a href=\"https:\/\/youtu.be\/dkJEjVGfzbs\">PARASTAS VIDEO<\/a><\/strong><\/p>\r\n<pre class=\"wp-block-code\"><code>\r\n\r\n<\/code><\/pre>\r\n<p><strong><a href=\"https:\/\/youtu.be\/u1tBhiAvXNE\" target=\"_blank\" rel=\"noreferrer noopener\">DISCURS PARASTAS VIDEO<\/a><\/strong><\/p>\r\n<pre class=\"wp-block-code\"><code>\r\n\r\n<\/code><\/pre>\r\n<p><strong>COMEMORAREA PR. IOAN MAIER, PROTOPOP GRECO-CATOLIC DE BISTRI\u021aA, 16 IULIE 2023<\/strong><\/p>\r\n<pre class=\"wp-block-code\"><code>\r\n\r\n<\/code><\/pre>\r\n<figure class=\"wp-block-image size-large\"><img loading=\"lazy\" decoding=\"async\" width=\"716\" height=\"1024\" class=\"wp-image-224\" src=\"https:\/\/www.protopopiatebn.ro\/wp-content\/uploads\/2023\/07\/invitatie-Ioan-maierb-716x1024.jpg\" alt=\"\" srcset=\"https:\/\/www.protopopiatebn.ro\/wp-content\/uploads\/2023\/07\/invitatie-Ioan-maierb-716x1024.jpg 716w, https:\/\/www.protopopiatebn.ro\/wp-content\/uploads\/2023\/07\/invitatie-Ioan-maierb-210x300.jpg 210w, https:\/\/www.protopopiatebn.ro\/wp-content\/uploads\/2023\/07\/invitatie-Ioan-maierb-768x1099.jpg 768w, https:\/\/www.protopopiatebn.ro\/wp-content\/uploads\/2023\/07\/invitatie-Ioan-maierb-1074x1536.jpg 1074w, https:\/\/www.protopopiatebn.ro\/wp-content\/uploads\/2023\/07\/invitatie-Ioan-maierb-1431x2048.jpg 1431w, https:\/\/www.protopopiatebn.ro\/wp-content\/uploads\/2023\/07\/invitatie-Ioan-maierb-scaled.jpg 1789w\" sizes=\"auto, (max-width: 716px) 100vw, 716px\" \/><\/figure>\r\n<pre class=\"wp-block-code\"><code><\/code><\/pre>","protected":false},"excerpt":{"rendered":"","protected":false},"author":5,"featured_media":0,"parent":0,"menu_order":0,"comment_status":"closed","ping_status":"closed","template":"","meta":{"footnotes":""},"class_list":["entry","page","publish","author-cris","post-36"],"yoast_head":"<!-- This site is optimized with the Yoast SEO plugin v27.5 - https:\/\/yoast.com\/product\/yoast-seo-wordpress\/ -->\n<title>EVENIMENTE - PROTOPOPIATELE GRECO-CATOLICE BECLEAN, BISTRI\u021aA \u0218I RODNA<\/title>\n<meta name=\"robots\" content=\"index, follow, max-snippet:-1, max-image-preview:large, max-video-preview:-1\" \/>\n<link rel=\"canonical\" href=\"https:\/\/www.protopopiatebn.ro\/index.php\/evenimente\/\" \/>\n<meta property=\"og:locale\" content=\"ro_RO\" \/>\n<meta property=\"og:type\" content=\"article\" \/>\n<meta property=\"og:title\" content=\"EVENIMENTE - PROTOPOPIATELE GRECO-CATOLICE BECLEAN, BISTRI\u021aA \u0218I RODNA\" \/>\n<meta property=\"og:url\" content=\"https:\/\/www.protopopiatebn.ro\/index.php\/evenimente\/\" \/>\n<meta property=\"og:site_name\" content=\"PROTOPOPIATELE GRECO-CATOLICE BECLEAN, BISTRI\u021aA \u0218I RODNA\" \/>\n<meta property=\"article:modified_time\" content=\"2025-02-27T14:33:04+00:00\" \/>\n<meta property=\"og:image\" content=\"https:\/\/www.protopopiatebn.ro\/wp-content\/uploads\/2024\/04\/IMG_7656-scaled.jpg\" \/>\n\t<meta property=\"og:image:width\" content=\"2560\" \/>\n\t<meta property=\"og:image:height\" content=\"1706\" \/>\n\t<meta property=\"og:image:type\" content=\"image\/jpeg\" \/>\n<meta name=\"twitter:card\" content=\"summary_large_image\" \/>\n<meta name=\"twitter:label1\" content=\"Timp estimat pentru citire\" \/>\n\t<meta name=\"twitter:data1\" content=\"49 de minute\" \/>\n<script type=\"application\/ld+json\" class=\"yoast-schema-graph\">{\"@context\":\"https:\\\/\\\/schema.org\",\"@graph\":[{\"@type\":\"WebPage\",\"@id\":\"https:\\\/\\\/www.protopopiatebn.ro\\\/index.php\\\/evenimente\\\/\",\"url\":\"https:\\\/\\\/www.protopopiatebn.ro\\\/index.php\\\/evenimente\\\/\",\"name\":\"EVENIMENTE - PROTOPOPIATELE GRECO-CATOLICE BECLEAN, BISTRI\u021aA \u0218I RODNA\",\"isPartOf\":{\"@id\":\"https:\\\/\\\/www.protopopiatebn.ro\\\/#website\"},\"primaryImageOfPage\":{\"@id\":\"https:\\\/\\\/www.protopopiatebn.ro\\\/index.php\\\/evenimente\\\/#primaryimage\"},\"image\":{\"@id\":\"https:\\\/\\\/www.protopopiatebn.ro\\\/index.php\\\/evenimente\\\/#primaryimage\"},\"thumbnailUrl\":\"https:\\\/\\\/www.protopopiatebn.ro\\\/wp-content\\\/uploads\\\/2024\\\/04\\\/IMG_7656-scaled.jpg\",\"datePublished\":\"2023-01-30T19:53:39+00:00\",\"dateModified\":\"2025-02-27T14:33:04+00:00\",\"breadcrumb\":{\"@id\":\"https:\\\/\\\/www.protopopiatebn.ro\\\/index.php\\\/evenimente\\\/#breadcrumb\"},\"inLanguage\":\"ro-RO\",\"potentialAction\":[{\"@type\":\"ReadAction\",\"target\":[\"https:\\\/\\\/www.protopopiatebn.ro\\\/index.php\\\/evenimente\\\/\"]}]},{\"@type\":\"ImageObject\",\"inLanguage\":\"ro-RO\",\"@id\":\"https:\\\/\\\/www.protopopiatebn.ro\\\/index.php\\\/evenimente\\\/#primaryimage\",\"url\":\"https:\\\/\\\/www.protopopiatebn.ro\\\/wp-content\\\/uploads\\\/2024\\\/04\\\/IMG_7656-scaled.jpg\",\"contentUrl\":\"https:\\\/\\\/www.protopopiatebn.ro\\\/wp-content\\\/uploads\\\/2024\\\/04\\\/IMG_7656-scaled.jpg\",\"width\":2560,\"height\":1706},{\"@type\":\"BreadcrumbList\",\"@id\":\"https:\\\/\\\/www.protopopiatebn.ro\\\/index.php\\\/evenimente\\\/#breadcrumb\",\"itemListElement\":[{\"@type\":\"ListItem\",\"position\":1,\"name\":\"Home\",\"item\":\"https:\\\/\\\/www.protopopiatebn.ro\\\/\"},{\"@type\":\"ListItem\",\"position\":2,\"name\":\"EVENIMENTE\"}]},{\"@type\":\"WebSite\",\"@id\":\"https:\\\/\\\/www.protopopiatebn.ro\\\/#website\",\"url\":\"https:\\\/\\\/www.protopopiatebn.ro\\\/\",\"name\":\"PROTOPOPIATELE GRECO-CATOLICE BECLEAN, BISTRI\u021aA \u0218I RODNA\",\"description\":\"\",\"potentialAction\":[{\"@type\":\"SearchAction\",\"target\":{\"@type\":\"EntryPoint\",\"urlTemplate\":\"https:\\\/\\\/www.protopopiatebn.ro\\\/?s={search_term_string}\"},\"query-input\":{\"@type\":\"PropertyValueSpecification\",\"valueRequired\":true,\"valueName\":\"search_term_string\"}}],\"inLanguage\":\"ro-RO\"}]}<\/script>\n<!-- \/ Yoast SEO plugin. -->","yoast_head_json":{"title":"EVENIMENTE - PROTOPOPIATELE GRECO-CATOLICE BECLEAN, BISTRI\u021aA \u0218I RODNA","robots":{"index":"index","follow":"follow","max-snippet":"max-snippet:-1","max-image-preview":"max-image-preview:large","max-video-preview":"max-video-preview:-1"},"canonical":"https:\/\/www.protopopiatebn.ro\/index.php\/evenimente\/","og_locale":"ro_RO","og_type":"article","og_title":"EVENIMENTE - PROTOPOPIATELE GRECO-CATOLICE BECLEAN, BISTRI\u021aA \u0218I RODNA","og_url":"https:\/\/www.protopopiatebn.ro\/index.php\/evenimente\/","og_site_name":"PROTOPOPIATELE GRECO-CATOLICE BECLEAN, BISTRI\u021aA \u0218I RODNA","article_modified_time":"2025-02-27T14:33:04+00:00","og_image":[{"width":2560,"height":1706,"url":"https:\/\/www.protopopiatebn.ro\/wp-content\/uploads\/2024\/04\/IMG_7656-scaled.jpg","type":"image\/jpeg"}],"twitter_card":"summary_large_image","twitter_misc":{"Timp estimat pentru citire":"49 de minute"},"schema":{"@context":"https:\/\/schema.org","@graph":[{"@type":"WebPage","@id":"https:\/\/www.protopopiatebn.ro\/index.php\/evenimente\/","url":"https:\/\/www.protopopiatebn.ro\/index.php\/evenimente\/","name":"EVENIMENTE - PROTOPOPIATELE GRECO-CATOLICE BECLEAN, BISTRI\u021aA \u0218I RODNA","isPartOf":{"@id":"https:\/\/www.protopopiatebn.ro\/#website"},"primaryImageOfPage":{"@id":"https:\/\/www.protopopiatebn.ro\/index.php\/evenimente\/#primaryimage"},"image":{"@id":"https:\/\/www.protopopiatebn.ro\/index.php\/evenimente\/#primaryimage"},"thumbnailUrl":"https:\/\/www.protopopiatebn.ro\/wp-content\/uploads\/2024\/04\/IMG_7656-scaled.jpg","datePublished":"2023-01-30T19:53:39+00:00","dateModified":"2025-02-27T14:33:04+00:00","breadcrumb":{"@id":"https:\/\/www.protopopiatebn.ro\/index.php\/evenimente\/#breadcrumb"},"inLanguage":"ro-RO","potentialAction":[{"@type":"ReadAction","target":["https:\/\/www.protopopiatebn.ro\/index.php\/evenimente\/"]}]},{"@type":"ImageObject","inLanguage":"ro-RO","@id":"https:\/\/www.protopopiatebn.ro\/index.php\/evenimente\/#primaryimage","url":"https:\/\/www.protopopiatebn.ro\/wp-content\/uploads\/2024\/04\/IMG_7656-scaled.jpg","contentUrl":"https:\/\/www.protopopiatebn.ro\/wp-content\/uploads\/2024\/04\/IMG_7656-scaled.jpg","width":2560,"height":1706},{"@type":"BreadcrumbList","@id":"https:\/\/www.protopopiatebn.ro\/index.php\/evenimente\/#breadcrumb","itemListElement":[{"@type":"ListItem","position":1,"name":"Home","item":"https:\/\/www.protopopiatebn.ro\/"},{"@type":"ListItem","position":2,"name":"EVENIMENTE"}]},{"@type":"WebSite","@id":"https:\/\/www.protopopiatebn.ro\/#website","url":"https:\/\/www.protopopiatebn.ro\/","name":"PROTOPOPIATELE GRECO-CATOLICE BECLEAN, BISTRI\u021aA \u0218I RODNA","description":"","potentialAction":[{"@type":"SearchAction","target":{"@type":"EntryPoint","urlTemplate":"https:\/\/www.protopopiatebn.ro\/?s={search_term_string}"},"query-input":{"@type":"PropertyValueSpecification","valueRequired":true,"valueName":"search_term_string"}}],"inLanguage":"ro-RO"}]}},"_links":{"self":[{"href":"https:\/\/www.protopopiatebn.ro\/index.php\/wp-json\/wp\/v2\/pages\/36","targetHints":{"allow":["GET"]}}],"collection":[{"href":"https:\/\/www.protopopiatebn.ro\/index.php\/wp-json\/wp\/v2\/pages"}],"about":[{"href":"https:\/\/www.protopopiatebn.ro\/index.php\/wp-json\/wp\/v2\/types\/page"}],"author":[{"embeddable":true,"href":"https:\/\/www.protopopiatebn.ro\/index.php\/wp-json\/wp\/v2\/users\/5"}],"replies":[{"embeddable":true,"href":"https:\/\/www.protopopiatebn.ro\/index.php\/wp-json\/wp\/v2\/comments?post=36"}],"version-history":[{"count":84,"href":"https:\/\/www.protopopiatebn.ro\/index.php\/wp-json\/wp\/v2\/pages\/36\/revisions"}],"predecessor-version":[{"id":840,"href":"https:\/\/www.protopopiatebn.ro\/index.php\/wp-json\/wp\/v2\/pages\/36\/revisions\/840"}],"wp:attachment":[{"href":"https:\/\/www.protopopiatebn.ro\/index.php\/wp-json\/wp\/v2\/media?parent=36"}],"curies":[{"name":"wp","href":"https:\/\/api.w.org\/{rel}","templated":true}]}}