{"id":335,"date":"2023-07-29T21:34:05","date_gmt":"2023-07-29T19:34:05","guid":{"rendered":"https:\/\/www.protopopiatebn.ro\/?page_id=335"},"modified":"2023-07-29T21:44:16","modified_gmt":"2023-07-29T19:44:16","slug":"parohia-greco-catolica-maieru","status":"publish","type":"page","link":"https:\/\/www.protopopiatebn.ro\/index.php\/parohia-greco-catolica-maieru\/","title":{"rendered":"Parohia Greco-Catolic\u0103 Maieru"},"content":{"rendered":"<p style=\"text-align: center;\"><strong>Scurt istoric al Parohiei greco-catolice Maieru<\/strong><\/p>\n<p><img loading=\"lazy\" decoding=\"async\" class=\"size-medium wp-image-338 aligncenter\" src=\"https:\/\/www.protopopiatebn.ro\/wp-content\/uploads\/2023\/07\/IMG_20230724_162541-225x300.jpg\" alt=\"\" width=\"225\" height=\"300\" srcset=\"https:\/\/www.protopopiatebn.ro\/wp-content\/uploads\/2023\/07\/IMG_20230724_162541-225x300.jpg 225w, https:\/\/www.protopopiatebn.ro\/wp-content\/uploads\/2023\/07\/IMG_20230724_162541-768x1024.jpg 768w, https:\/\/www.protopopiatebn.ro\/wp-content\/uploads\/2023\/07\/IMG_20230724_162541-1152x1536.jpg 1152w, https:\/\/www.protopopiatebn.ro\/wp-content\/uploads\/2023\/07\/IMG_20230724_162541-1536x2048.jpg 1536w, https:\/\/www.protopopiatebn.ro\/wp-content\/uploads\/2023\/07\/IMG_20230724_162541-scaled.jpg 1920w\" sizes=\"auto, (max-width: 225px) 100vw, 225px\" \/><\/p>\n<p>Din documentele vremii apare c\u0103 la \u00eenceputul secolului al XV-lea comuna avea biserici \u0219i preo\u021bi supu\u0219i jurisdic\u021biei episcopilor latini.<\/p>\n<p>\u00cen Revista istoric\u0103 din anul 1925, anul XI, nr.7-9 la pagina 199, Nicolae Iorga arat\u0103 c\u0103 \u00een documentul din 14 decembrie 1450 se men\u021bioneaz\u0103 biserici de lemn \u00een satele Maieru, S\u00e2ngeorz \u0219i N\u0103s\u0103ud.<\/p>\n<p>\u00cen anul 1523, vl\u0103dica Larion de Vad se interesa de bisericile \u0219i m\u0103n\u0103stirile apar\u021bin\u0103toare districtului Bistri\u021bei, iar \u00een anul 1529, c\u00eend Petru Rare\u0219 ajunge domnitor peste \u021binutul Rodnei, se extinde \u0219i jurisdic\u021bia bisericeasc\u0103 asupra \u021binutului \u00a0acestuia.<\/p>\n<p>Dup\u0103 unirea cu Biserica Romei \u00een anul 1700, parohia trece sub jurisdic\u021bia episcopilor din Blaj, p\u00e2n\u0103 la \u00eenfiin\u021barea Episcopiei de Gherla \u00een 1853.<\/p>\n<p>\u00cen conscrip\u021bia f\u0103cut\u0103 \u00een anul 1733 se prezint\u0103 faptul c\u0103 \u00een Maieru erau urm\u0103torii 5 preo\u021bi: Pr. Gavril Pantea, Popa Gavril\u0103, Popa Iacob, Popa Ioan, Grigore a popii Gavril. Statistica din 1750 aminte\u0219te 9 preo\u021bi \u00een Maieru: Popa Petru Ureche, Popa Cosma din Marma\u021bia, Popa Gherasim, Popa Dumitru, Pop Opre, Popa Iacob \u0218otropa, Popa Ilariom G\u0103lan, Popa Gavril\u0103, Popa Grigore zis Corni\u0219or.<\/p>\n<p>\u00cen anul 1833 s-a zidit Biserica \u201edin Deal\u201d, situat\u0103 pe partea st\u00e2ng\u0103 a Some\u0219ului, \u00eentr-un loc ferit numit \u201ePuricioaia\u201d, unde a slujit Popa Toader Bob, rud\u0103 apropiat\u0103 a episcopului Ioan Bob. A fost urmat de Iacob \u0218otropa, Ioan Hancea \u0219i apoi de Pr. Vasile Groze, un preot foarte respectat de credincio\u0219i. Acesta a fost prieten apropiat al contelui Dominic Zichy, \u00a0fost Episcop romano catolic de Vesprem, refugiat politic din Ungaria. Acesta, pe cheltuial\u0219a sa, a construit biserica nou\u0103 din Maieru \u00eentre anii 1872-1873. \u00a0P\u0103rintelui \u00a0Vasile Groze \u00eei urmeaz\u0103 Laz\u0103r Avram, Ieronim Groze, \u00a0Iulian Cioarba, Gavril Bichingean, Anichidim Bob, Iuliu Pop numit \u00een 12 mai 1929, iar din 1933 acesta devine preot protopop onorar.<\/p>\n<p>\u00cen octombrie 1948 Biserica Rom\u00e2n\u0103 Unit\u0103 cu Roma a fost scoas\u0103 \u00een afara legii, fiind desfiin\u021bat\u0103. \u00a0\u00cen perioada clandestinit\u0103\u021bii, credincio\u0219ii greco-catolici din Maieru au continuat s\u0103 frecventeze slujbele greco-catolice celebrate de doi preo\u021bi c\u0103lug\u0103ri de la Cluj, p\u0103rintele ieromonah Sab\u0103u Iustin \u0219i p\u0103rintele ieromonah D\u0103ncu\u0219 Gavril (OSBM). Locul de \u00eent\u00e2lnire a fost casa sorei Coru\u021biu Paraschiva, care a devenit capel\u0103. Aici au luat na\u0219tere voca\u021biile la preo\u021bie \u0219i c\u0103lug\u0103rie. Aici s-au format P\u0103rintele Augustin Partene, Pr. \u00a0Ioan Vran\u0103u, Pr. Bazga Emil precum \u0219i un num\u0103r de 14 surori bazilitane. Au fost \u0219i alte case care au devenit capele, deoarece securitatea a aflat de aceste \u00eent\u00e2lniri \u0219i credincio\u0219ii erau c\u0103uta\u021bi \u0219i pu\u0219i sub urm\u0103rire. Casele credincio\u0219ilor Hogea Ioana, Bolf\u0103 -Otic Viorel, \u00a0Bonta\u0219 Iuliu, Hali\u021b\u0103 Solomon au fost puse la dispozi\u021bie pentru celebr\u0103rile liturgice. Din Maieru sunt 7 preo\u021bi activi \u00een pastora\u021bia eparhiei de Cluj-Gherla: Pr. Vran\u0103u Vasile, Pr. Vran\u0103u Pavel, Pr. Bonta\u0219 Iuliu, Pr. Ureche Ioan, Pr. Fl\u0103m\u00e2nd Augustin, Pr. Dumitru Ioan Lu\u021bu \u0219i Pr Cioncan Gherasim. Surorile baziliene din Maieru sunt 14: Bolf\u0103 \u00a0Otic Victoria (Maica Veridiana), \u00a0Bolf\u0103-Otic Viorica (sora Valeria), \u00a0Bolf\u0103-Otic Lenu\u021ba (sora Lauren\u021bia), \u00a0Fl\u0103m\u00e2nd Reghina (sora Rita), \u00a0H\u0103d\u0103r\u0103u Virginia (sora Valentina), Bonta\u0219 Reghina (sora Brigita) Bonta\u0219 Nastasia (sora Natalia), Bonta\u0219 Floarea (sora Flavia), \u00a0Hogea Ioana (sora Irina), \u00a0Candale Iustina, Ometi\u021b\u0103 Floarea, Cioncan Olti\u021ba (sora Emanuela), \u00a0S\u00e2ngeorzan Florica (sora Antonia), Coru\u021biu Livia (sora Lucia).<\/p>\n<p>\u00cen data de 26 octombrie 1997, a avut loc sfin\u021birea bisericii nou construite cu hramul Sf\u00e2ntul Anton de Padova de c\u0103tre IPSS George Gu\u021biu. Construc\u021bia a fost ridicat\u0103 \u00een mai pu\u021bin de un an de la a\u0219ezarea pietrei de temelie. La sfin\u021birea bisericii au participat un sobor de preo\u021bi \u0219i un num\u0103r mare de credincio\u0219i. Din acel moment, Parohia a cunoscut o perioad\u0103 de \u00eenflorire sub atenta p\u0103storire \u0219i d\u0103ruire a p\u0103rintelui paroh Augustin Partene. \u00a0\u00cen parohie s-a re\u00eenfiin\u021bat Reuniunea Marian\u0103, s-a reluat Cultul inimii lui Isus, precum \u0219i ore de catehez\u0103 pentru copii \u0219i s-a predat \u0219i religie la \u0219coal\u0103. \u00cen 14 decembrie 2000 a fost numit administrator parohial p\u0103rintele Miclea Florin, care, \u00eempreun\u0103 cu p\u0103rintele Partene Augustin, a lucrat la edificarea \u0219i \u00eenflorirea bisericii, comunitatea cunosc\u00e2nd o ascensiune prin cre\u0219terea num\u0103rului de credincio\u0219i.<\/p>\n<p>Au avut loc mai multe vizite pastorale ale ierarhului de pie memorie Florentin Crih\u0103lmeanu. Un eveniment cu totul deosebit a fost \u00een anul 2001, c\u00e2nd comunitatea parohial\u0103 s-a bucurat de prezen\u021ba a trei mari episcopi, \u00a0nun\u021biul apostolic Jean-Claude Perriset, \u00cenalt Preasfin\u021bitul arhiepiscop George Gu\u021biu \u0219i Preasfin\u021bitul episcop Florentin Crih\u0103lmeanu.<\/p>\n<p>\u00cen anul 2009 s-a f\u0103cut o prim\u0103 renovare a casei parohiale, iar \u00een anul 2016 s-a reu\u0219it schimbarea geamurilor de la biseric\u0103 cu geamuri termopan, s-a introdus mobilier nou \u00een biseric\u0103 &#8211; b\u0103ncile \u0219i stranele,iar \u00een anul 2018 s-a renovat \u00een exterior casa parohial\u0103, \u00a0ad\u0103ug\u00e2ndu-se o mansard\u0103, \u00a0un gard zidit \u0219i acoperi\u0219ul. \u00cen anul 2020 s-au \u00eenceput lucr\u0103rile de renovare a l\u0103ca\u0219ului de cult, s-a zugr\u0103vit interior-exterior, s-a montat \u00eenc\u0103lzirea prin pardoseal\u0103, s-a montat \u00a0pardoseal\u0103 de marmur\u0103, s-a construit o grot\u0103 \u00een cinstea Maicii Domnului,\u00a0 \u00a0s-au construit b\u0103i \u0219i o lemn\u0103rie. Mul\u021bumim Domnului pentru toate darurile \u0219i binefacerile primite.<\/p>\n<p><img loading=\"lazy\" decoding=\"async\" class=\"size-medium wp-image-339 alignright\" src=\"https:\/\/www.protopopiatebn.ro\/wp-content\/uploads\/2023\/07\/IMG-20221031-WA0009-300x225.jpg\" alt=\"Iconostasul bisericii greco-catolice \u201dSf. Anton\u201d Maieru\" width=\"300\" height=\"225\" srcset=\"https:\/\/www.protopopiatebn.ro\/wp-content\/uploads\/2023\/07\/IMG-20221031-WA0009-300x225.jpg 300w, https:\/\/www.protopopiatebn.ro\/wp-content\/uploads\/2023\/07\/IMG-20221031-WA0009-1024x768.jpg 1024w, https:\/\/www.protopopiatebn.ro\/wp-content\/uploads\/2023\/07\/IMG-20221031-WA0009-768x576.jpg 768w, https:\/\/www.protopopiatebn.ro\/wp-content\/uploads\/2023\/07\/IMG-20221031-WA0009-1536x1152.jpg 1536w, https:\/\/www.protopopiatebn.ro\/wp-content\/uploads\/2023\/07\/IMG-20221031-WA0009.jpg 2000w\" sizes=\"auto, (max-width: 300px) 100vw, 300px\" \/><img loading=\"lazy\" decoding=\"async\" class=\"size-medium wp-image-340 alignright\" src=\"https:\/\/www.protopopiatebn.ro\/wp-content\/uploads\/2023\/07\/IMG-20221031-WA0029-300x225.jpg\" alt=\"altarul Biserici greco-catolice \u201dSf. Anton\u201d Maieru\" width=\"300\" height=\"225\" srcset=\"https:\/\/www.protopopiatebn.ro\/wp-content\/uploads\/2023\/07\/IMG-20221031-WA0029-300x225.jpg 300w, https:\/\/www.protopopiatebn.ro\/wp-content\/uploads\/2023\/07\/IMG-20221031-WA0029-1024x768.jpg 1024w, https:\/\/www.protopopiatebn.ro\/wp-content\/uploads\/2023\/07\/IMG-20221031-WA0029-768x576.jpg 768w, https:\/\/www.protopopiatebn.ro\/wp-content\/uploads\/2023\/07\/IMG-20221031-WA0029-1536x1152.jpg 1536w, https:\/\/www.protopopiatebn.ro\/wp-content\/uploads\/2023\/07\/IMG-20221031-WA0029.jpg 2000w\" sizes=\"auto, (max-width: 300px) 100vw, 300px\" \/><img loading=\"lazy\" decoding=\"async\" class=\"size-medium wp-image-343 alignright\" src=\"https:\/\/www.protopopiatebn.ro\/wp-content\/uploads\/2023\/07\/IMG-20221031-WA0019-300x225.jpg\" alt=\"interiorul bisericii greco-catolice \u201dSf. Anton\u201d Maieru\" width=\"300\" height=\"225\" srcset=\"https:\/\/www.protopopiatebn.ro\/wp-content\/uploads\/2023\/07\/IMG-20221031-WA0019-300x225.jpg 300w, https:\/\/www.protopopiatebn.ro\/wp-content\/uploads\/2023\/07\/IMG-20221031-WA0019-1024x768.jpg 1024w, https:\/\/www.protopopiatebn.ro\/wp-content\/uploads\/2023\/07\/IMG-20221031-WA0019-768x576.jpg 768w, https:\/\/www.protopopiatebn.ro\/wp-content\/uploads\/2023\/07\/IMG-20221031-WA0019-1536x1152.jpg 1536w, https:\/\/www.protopopiatebn.ro\/wp-content\/uploads\/2023\/07\/IMG-20221031-WA0019.jpg 2000w\" sizes=\"auto, (max-width: 300px) 100vw, 300px\" \/><\/p>\n<h3><a href=\"https:\/\/photos.app.goo.gl\/KRRsaWGcPNuED7rn6\">ALBUM FOTO CU BISERICA<\/a><\/h3>\n","protected":false},"excerpt":{"rendered":"<p>Scurt istoric al Parohiei greco-catolice Maieru Din documentele vremii apare c\u0103 la \u00eenceputul secolului al XV-lea comuna avea biserici \u0219i preo\u021bi supu\u0219i jurisdic\u021biei episcopilor latini. \u00cen Revista istoric\u0103 din anul 1925, anul XI, nr.7-9 la pagina 199, Nicolae Iorga arat\u0103 c\u0103 \u00een documentul din 14 decembrie 1450 se men\u021bioneaz\u0103 biserici de lemn \u00een satele Maieru, &#8230; <span class=\"more\"><a class=\"more-link\" href=\"https:\/\/www.protopopiatebn.ro\/index.php\/parohia-greco-catolica-maieru\/\">[Read more&#8230;]<\/a><\/span><\/p>\n","protected":false},"author":3,"featured_media":0,"parent":0,"menu_order":0,"comment_status":"closed","ping_status":"closed","template":"","meta":{"footnotes":""},"class_list":["entry","page","publish","author-protos","post-335"],"yoast_head":"<!-- This site is optimized with the Yoast SEO plugin v27.5 - https:\/\/yoast.com\/product\/yoast-seo-wordpress\/ -->\n<title>Parohia Greco-Catolic\u0103 Maieru - PROTOPOPIATELE GRECO-CATOLICE BECLEAN, BISTRI\u021aA \u0218I RODNA<\/title>\n<meta name=\"robots\" content=\"index, follow, max-snippet:-1, max-image-preview:large, max-video-preview:-1\" \/>\n<link rel=\"canonical\" href=\"https:\/\/www.protopopiatebn.ro\/index.php\/parohia-greco-catolica-maieru\/\" \/>\n<meta property=\"og:locale\" content=\"ro_RO\" \/>\n<meta property=\"og:type\" content=\"article\" \/>\n<meta property=\"og:title\" content=\"Parohia Greco-Catolic\u0103 Maieru - PROTOPOPIATELE GRECO-CATOLICE BECLEAN, BISTRI\u021aA \u0218I RODNA\" \/>\n<meta property=\"og:description\" content=\"Scurt istoric al Parohiei greco-catolice Maieru Din documentele vremii apare c\u0103 la \u00eenceputul secolului al XV-lea comuna avea biserici \u0219i preo\u021bi supu\u0219i jurisdic\u021biei episcopilor latini. \u00cen Revista istoric\u0103 din anul 1925, anul XI, nr.7-9 la pagina 199, Nicolae Iorga arat\u0103 c\u0103 \u00een documentul din 14 decembrie 1450 se men\u021bioneaz\u0103 biserici de lemn \u00een satele Maieru, ... [Read more...]\" \/>\n<meta property=\"og:url\" content=\"https:\/\/www.protopopiatebn.ro\/index.php\/parohia-greco-catolica-maieru\/\" \/>\n<meta property=\"og:site_name\" content=\"PROTOPOPIATELE GRECO-CATOLICE BECLEAN, BISTRI\u021aA \u0218I RODNA\" \/>\n<meta property=\"article:modified_time\" content=\"2023-07-29T19:44:16+00:00\" \/>\n<meta property=\"og:image\" content=\"https:\/\/www.protopopiatebn.ro\/wp-content\/uploads\/2023\/07\/IMG_20230724_162541-225x300.jpg\" \/>\n<meta name=\"twitter:card\" content=\"summary_large_image\" \/>\n<meta name=\"twitter:label1\" content=\"Timp estimat pentru citire\" \/>\n\t<meta name=\"twitter:data1\" content=\"6 minute\" \/>\n<script type=\"application\/ld+json\" class=\"yoast-schema-graph\">{\"@context\":\"https:\\\/\\\/schema.org\",\"@graph\":[{\"@type\":\"WebPage\",\"@id\":\"https:\\\/\\\/www.protopopiatebn.ro\\\/index.php\\\/parohia-greco-catolica-maieru\\\/\",\"url\":\"https:\\\/\\\/www.protopopiatebn.ro\\\/index.php\\\/parohia-greco-catolica-maieru\\\/\",\"name\":\"Parohia Greco-Catolic\u0103 Maieru - PROTOPOPIATELE GRECO-CATOLICE BECLEAN, BISTRI\u021aA \u0218I RODNA\",\"isPartOf\":{\"@id\":\"https:\\\/\\\/www.protopopiatebn.ro\\\/#website\"},\"primaryImageOfPage\":{\"@id\":\"https:\\\/\\\/www.protopopiatebn.ro\\\/index.php\\\/parohia-greco-catolica-maieru\\\/#primaryimage\"},\"image\":{\"@id\":\"https:\\\/\\\/www.protopopiatebn.ro\\\/index.php\\\/parohia-greco-catolica-maieru\\\/#primaryimage\"},\"thumbnailUrl\":\"https:\\\/\\\/www.protopopiatebn.ro\\\/wp-content\\\/uploads\\\/2023\\\/07\\\/IMG_20230724_162541-225x300.jpg\",\"datePublished\":\"2023-07-29T19:34:05+00:00\",\"dateModified\":\"2023-07-29T19:44:16+00:00\",\"breadcrumb\":{\"@id\":\"https:\\\/\\\/www.protopopiatebn.ro\\\/index.php\\\/parohia-greco-catolica-maieru\\\/#breadcrumb\"},\"inLanguage\":\"ro-RO\",\"potentialAction\":[{\"@type\":\"ReadAction\",\"target\":[\"https:\\\/\\\/www.protopopiatebn.ro\\\/index.php\\\/parohia-greco-catolica-maieru\\\/\"]}]},{\"@type\":\"ImageObject\",\"inLanguage\":\"ro-RO\",\"@id\":\"https:\\\/\\\/www.protopopiatebn.ro\\\/index.php\\\/parohia-greco-catolica-maieru\\\/#primaryimage\",\"url\":\"https:\\\/\\\/www.protopopiatebn.ro\\\/wp-content\\\/uploads\\\/2023\\\/07\\\/IMG_20230724_162541-scaled.jpg\",\"contentUrl\":\"https:\\\/\\\/www.protopopiatebn.ro\\\/wp-content\\\/uploads\\\/2023\\\/07\\\/IMG_20230724_162541-scaled.jpg\",\"width\":1920,\"height\":2560},{\"@type\":\"BreadcrumbList\",\"@id\":\"https:\\\/\\\/www.protopopiatebn.ro\\\/index.php\\\/parohia-greco-catolica-maieru\\\/#breadcrumb\",\"itemListElement\":[{\"@type\":\"ListItem\",\"position\":1,\"name\":\"Home\",\"item\":\"https:\\\/\\\/www.protopopiatebn.ro\\\/\"},{\"@type\":\"ListItem\",\"position\":2,\"name\":\"Parohia Greco-Catolic\u0103 Maieru\"}]},{\"@type\":\"WebSite\",\"@id\":\"https:\\\/\\\/www.protopopiatebn.ro\\\/#website\",\"url\":\"https:\\\/\\\/www.protopopiatebn.ro\\\/\",\"name\":\"PROTOPOPIATELE GRECO-CATOLICE BECLEAN, BISTRI\u021aA \u0218I RODNA\",\"description\":\"\",\"potentialAction\":[{\"@type\":\"SearchAction\",\"target\":{\"@type\":\"EntryPoint\",\"urlTemplate\":\"https:\\\/\\\/www.protopopiatebn.ro\\\/?s={search_term_string}\"},\"query-input\":{\"@type\":\"PropertyValueSpecification\",\"valueRequired\":true,\"valueName\":\"search_term_string\"}}],\"inLanguage\":\"ro-RO\"}]}<\/script>\n<!-- \/ Yoast SEO plugin. -->","yoast_head_json":{"title":"Parohia Greco-Catolic\u0103 Maieru - PROTOPOPIATELE GRECO-CATOLICE BECLEAN, BISTRI\u021aA \u0218I RODNA","robots":{"index":"index","follow":"follow","max-snippet":"max-snippet:-1","max-image-preview":"max-image-preview:large","max-video-preview":"max-video-preview:-1"},"canonical":"https:\/\/www.protopopiatebn.ro\/index.php\/parohia-greco-catolica-maieru\/","og_locale":"ro_RO","og_type":"article","og_title":"Parohia Greco-Catolic\u0103 Maieru - PROTOPOPIATELE GRECO-CATOLICE BECLEAN, BISTRI\u021aA \u0218I RODNA","og_description":"Scurt istoric al Parohiei greco-catolice Maieru Din documentele vremii apare c\u0103 la \u00eenceputul secolului al XV-lea comuna avea biserici \u0219i preo\u021bi supu\u0219i jurisdic\u021biei episcopilor latini. \u00cen Revista istoric\u0103 din anul 1925, anul XI, nr.7-9 la pagina 199, Nicolae Iorga arat\u0103 c\u0103 \u00een documentul din 14 decembrie 1450 se men\u021bioneaz\u0103 biserici de lemn \u00een satele Maieru, ... [Read more...]","og_url":"https:\/\/www.protopopiatebn.ro\/index.php\/parohia-greco-catolica-maieru\/","og_site_name":"PROTOPOPIATELE GRECO-CATOLICE BECLEAN, BISTRI\u021aA \u0218I RODNA","article_modified_time":"2023-07-29T19:44:16+00:00","og_image":[{"url":"https:\/\/www.protopopiatebn.ro\/wp-content\/uploads\/2023\/07\/IMG_20230724_162541-225x300.jpg","type":"","width":"","height":""}],"twitter_card":"summary_large_image","twitter_misc":{"Timp estimat pentru citire":"6 minute"},"schema":{"@context":"https:\/\/schema.org","@graph":[{"@type":"WebPage","@id":"https:\/\/www.protopopiatebn.ro\/index.php\/parohia-greco-catolica-maieru\/","url":"https:\/\/www.protopopiatebn.ro\/index.php\/parohia-greco-catolica-maieru\/","name":"Parohia Greco-Catolic\u0103 Maieru - PROTOPOPIATELE GRECO-CATOLICE BECLEAN, BISTRI\u021aA \u0218I RODNA","isPartOf":{"@id":"https:\/\/www.protopopiatebn.ro\/#website"},"primaryImageOfPage":{"@id":"https:\/\/www.protopopiatebn.ro\/index.php\/parohia-greco-catolica-maieru\/#primaryimage"},"image":{"@id":"https:\/\/www.protopopiatebn.ro\/index.php\/parohia-greco-catolica-maieru\/#primaryimage"},"thumbnailUrl":"https:\/\/www.protopopiatebn.ro\/wp-content\/uploads\/2023\/07\/IMG_20230724_162541-225x300.jpg","datePublished":"2023-07-29T19:34:05+00:00","dateModified":"2023-07-29T19:44:16+00:00","breadcrumb":{"@id":"https:\/\/www.protopopiatebn.ro\/index.php\/parohia-greco-catolica-maieru\/#breadcrumb"},"inLanguage":"ro-RO","potentialAction":[{"@type":"ReadAction","target":["https:\/\/www.protopopiatebn.ro\/index.php\/parohia-greco-catolica-maieru\/"]}]},{"@type":"ImageObject","inLanguage":"ro-RO","@id":"https:\/\/www.protopopiatebn.ro\/index.php\/parohia-greco-catolica-maieru\/#primaryimage","url":"https:\/\/www.protopopiatebn.ro\/wp-content\/uploads\/2023\/07\/IMG_20230724_162541-scaled.jpg","contentUrl":"https:\/\/www.protopopiatebn.ro\/wp-content\/uploads\/2023\/07\/IMG_20230724_162541-scaled.jpg","width":1920,"height":2560},{"@type":"BreadcrumbList","@id":"https:\/\/www.protopopiatebn.ro\/index.php\/parohia-greco-catolica-maieru\/#breadcrumb","itemListElement":[{"@type":"ListItem","position":1,"name":"Home","item":"https:\/\/www.protopopiatebn.ro\/"},{"@type":"ListItem","position":2,"name":"Parohia Greco-Catolic\u0103 Maieru"}]},{"@type":"WebSite","@id":"https:\/\/www.protopopiatebn.ro\/#website","url":"https:\/\/www.protopopiatebn.ro\/","name":"PROTOPOPIATELE GRECO-CATOLICE BECLEAN, BISTRI\u021aA \u0218I RODNA","description":"","potentialAction":[{"@type":"SearchAction","target":{"@type":"EntryPoint","urlTemplate":"https:\/\/www.protopopiatebn.ro\/?s={search_term_string}"},"query-input":{"@type":"PropertyValueSpecification","valueRequired":true,"valueName":"search_term_string"}}],"inLanguage":"ro-RO"}]}},"_links":{"self":[{"href":"https:\/\/www.protopopiatebn.ro\/index.php\/wp-json\/wp\/v2\/pages\/335","targetHints":{"allow":["GET"]}}],"collection":[{"href":"https:\/\/www.protopopiatebn.ro\/index.php\/wp-json\/wp\/v2\/pages"}],"about":[{"href":"https:\/\/www.protopopiatebn.ro\/index.php\/wp-json\/wp\/v2\/types\/page"}],"author":[{"embeddable":true,"href":"https:\/\/www.protopopiatebn.ro\/index.php\/wp-json\/wp\/v2\/users\/3"}],"replies":[{"embeddable":true,"href":"https:\/\/www.protopopiatebn.ro\/index.php\/wp-json\/wp\/v2\/comments?post=335"}],"version-history":[{"count":5,"href":"https:\/\/www.protopopiatebn.ro\/index.php\/wp-json\/wp\/v2\/pages\/335\/revisions"}],"predecessor-version":[{"id":345,"href":"https:\/\/www.protopopiatebn.ro\/index.php\/wp-json\/wp\/v2\/pages\/335\/revisions\/345"}],"wp:attachment":[{"href":"https:\/\/www.protopopiatebn.ro\/index.php\/wp-json\/wp\/v2\/media?parent=335"}],"curies":[{"name":"wp","href":"https:\/\/api.w.org\/{rel}","templated":true}]}}