{"version":"1.0","provider_name":"PROTOPOPIATELE GRECO-CATOLICE BECLEAN, BISTRI\u021aA \u0218I RODNA","provider_url":"https:\/\/www.protopopiatebn.ro","author_name":"media","author_url":"https:\/\/www.protopopiatebn.ro\/index.php\/author\/cris\/","title":"Anul \u201eCardinal Iuliu Hossu\u201d \u00een Eparhia de Cluj-Gherla - PROTOPOPIATELE GRECO-CATOLICE BECLEAN, BISTRI\u021aA \u0218I RODNA","type":"rich","width":600,"height":338,"html":"<blockquote class=\"wp-embedded-content\" data-secret=\"E1GaccxhxC\"><a href=\"https:\/\/www.protopopiatebn.ro\/index.php\/2025\/01\/30\/1214\/\">Anul \u201eCardinal Iuliu Hossu\u201d \u00een Eparhia de Cluj-Gherla<\/a><\/blockquote><iframe sandbox=\"allow-scripts\" security=\"restricted\" src=\"https:\/\/www.protopopiatebn.ro\/index.php\/2025\/01\/30\/1214\/embed\/#?secret=E1GaccxhxC\" width=\"600\" height=\"338\" title=\"&#8222;Anul \u201eCardinal Iuliu Hossu\u201d \u00een Eparhia de Cluj-Gherla&#8221; &#8211; PROTOPOPIATELE GRECO-CATOLICE BECLEAN, BISTRI\u021aA \u0218I RODNA\" data-secret=\"E1GaccxhxC\" frameborder=\"0\" marginwidth=\"0\" marginheight=\"0\" scrolling=\"no\" class=\"wp-embedded-content\"><\/iframe><script type=\"text\/javascript\">\n\/* <![CDATA[ *\/\n\/*! This file is auto-generated *\/\n!function(d,l){\"use strict\";l.querySelector&&d.addEventListener&&\"undefined\"!=typeof URL&&(d.wp=d.wp||{},d.wp.receiveEmbedMessage||(d.wp.receiveEmbedMessage=function(e){var t=e.data;if((t||t.secret||t.message||t.value)&&!\/[^a-zA-Z0-9]\/.test(t.secret)){for(var s,r,n,a=l.querySelectorAll('iframe[data-secret=\"'+t.secret+'\"]'),o=l.querySelectorAll('blockquote[data-secret=\"'+t.secret+'\"]'),c=new RegExp(\"^https?:$\",\"i\"),i=0;i<o.length;i++)o[i].style.display=\"none\";for(i=0;i<a.length;i++)s=a[i],e.source===s.contentWindow&&(s.removeAttribute(\"style\"),\"height\"===t.message?(1e3<(r=parseInt(t.value,10))?r=1e3:~~r<200&&(r=200),s.height=r):\"link\"===t.message&&(r=new URL(s.getAttribute(\"src\")),n=new URL(t.value),c.test(n.protocol))&&n.host===r.host&&l.activeElement===s&&(d.top.location.href=t.value))}},d.addEventListener(\"message\",d.wp.receiveEmbedMessage,!1),l.addEventListener(\"DOMContentLoaded\",function(){for(var e,t,s=l.querySelectorAll(\"iframe.wp-embedded-content\"),r=0;r<s.length;r++)(t=(e=s[r]).getAttribute(\"data-secret\"))||(t=Math.random().toString(36).substring(2,12),e.src+=\"#?secret=\"+t,e.setAttribute(\"data-secret\",t)),e.contentWindow.postMessage({message:\"ready\",secret:t},\"*\")},!1)))}(window,document);\n\/\/# sourceURL=https:\/\/www.protopopiatebn.ro\/wp-includes\/js\/wp-embed.min.js\n\/* ]]> *\/\n<\/script>\n","description":"&nbsp; Deschiderea Anului \u201eCardinal Iuliu Hossu\u201d (declarat la nivel na\u021bional) \u00een Eparhia de Cluj-Gherla Anul \u201eCardinal Iuliu Hossu\u201d, declarat la nivel na\u021bional, va fi deschis solemn \u00een Eparhia Greco-Catolic\u0103 de Cluj-Gherla \u00een dup\u0103-amiaza de joi, 30 ianuarie 2025, la aniversarea na\u0219terii Fericitului martir greco-catolic (n. 30 \/ 31 ian. 1885), \u00een urm\u0103 cu 140 de ... [Read more...]","thumbnail_url":"https:\/\/www.protopopiatebn.ro\/wp-content\/uploads\/2025\/01\/logoanhossu-e1737150653803.jpg","thumbnail_width":250,"thumbnail_height":250}