{"version":"1.0","provider_name":"PROTOPOPIATELE GRECO-CATOLICE BECLEAN, BISTRI\u021aA \u0218I RODNA","provider_url":"https:\/\/www.protopopiatebn.ro","author_name":"media","author_url":"https:\/\/www.protopopiatebn.ro\/index.php\/author\/protos\/","title":"Hramul Bisericii greco-catolice \u201dSf. Ioan Botez\u0103torul\u201d Cormaia, 29 august 2023, ora 10.30 - PROTOPOPIATELE GRECO-CATOLICE BECLEAN, BISTRI\u021aA \u0218I RODNA","type":"rich","width":600,"height":338,"html":"<blockquote class=\"wp-embedded-content\" data-secret=\"mnvszPT8HZ\"><a href=\"https:\/\/www.protopopiatebn.ro\/index.php\/2023\/08\/28\/503\/\">Hramul Bisericii greco-catolice \u201dSf. Ioan Botez\u0103torul\u201d Cormaia, 29 august 2023, ora 10.30<\/a><\/blockquote><iframe sandbox=\"allow-scripts\" security=\"restricted\" src=\"https:\/\/www.protopopiatebn.ro\/index.php\/2023\/08\/28\/503\/embed\/#?secret=mnvszPT8HZ\" width=\"600\" height=\"338\" title=\"&#8222;Hramul Bisericii greco-catolice \u201dSf. Ioan Botez\u0103torul\u201d Cormaia, 29 august 2023, ora 10.30&#8221; &#8211; PROTOPOPIATELE GRECO-CATOLICE BECLEAN, BISTRI\u021aA \u0218I RODNA\" data-secret=\"mnvszPT8HZ\" frameborder=\"0\" marginwidth=\"0\" marginheight=\"0\" scrolling=\"no\" class=\"wp-embedded-content\"><\/iframe><script type=\"text\/javascript\">\n\/* <![CDATA[ *\/\n\/*! This file is auto-generated *\/\n!function(d,l){\"use strict\";l.querySelector&&d.addEventListener&&\"undefined\"!=typeof URL&&(d.wp=d.wp||{},d.wp.receiveEmbedMessage||(d.wp.receiveEmbedMessage=function(e){var t=e.data;if((t||t.secret||t.message||t.value)&&!\/[^a-zA-Z0-9]\/.test(t.secret)){for(var s,r,n,a=l.querySelectorAll('iframe[data-secret=\"'+t.secret+'\"]'),o=l.querySelectorAll('blockquote[data-secret=\"'+t.secret+'\"]'),c=new RegExp(\"^https?:$\",\"i\"),i=0;i<o.length;i++)o[i].style.display=\"none\";for(i=0;i<a.length;i++)s=a[i],e.source===s.contentWindow&&(s.removeAttribute(\"style\"),\"height\"===t.message?(1e3<(r=parseInt(t.value,10))?r=1e3:~~r<200&&(r=200),s.height=r):\"link\"===t.message&&(r=new URL(s.getAttribute(\"src\")),n=new URL(t.value),c.test(n.protocol))&&n.host===r.host&&l.activeElement===s&&(d.top.location.href=t.value))}},d.addEventListener(\"message\",d.wp.receiveEmbedMessage,!1),l.addEventListener(\"DOMContentLoaded\",function(){for(var e,t,s=l.querySelectorAll(\"iframe.wp-embedded-content\"),r=0;r<s.length;r++)(t=(e=s[r]).getAttribute(\"data-secret\"))||(t=Math.random().toString(36).substring(2,12),e.src+=\"#?secret=\"+t,e.setAttribute(\"data-secret\",t)),e.contentWindow.postMessage({message:\"ready\",secret:t},\"*\")},!1)))}(window,document);\n\/\/# sourceURL=https:\/\/www.protopopiatebn.ro\/wp-includes\/js\/wp-embed.min.js\n\/* ]]> *\/\n<\/script>\n","description":"Hramul Bisericii Greco-Catolice &#8222;Sf. Ioan Botez\u0103torul&#8221; Cormaia, 29 august 2023, Sf. Liturghie Arhiereasc\u0103 ora 10.30 Preasfin\u021bia Sa Claudiu, Episcopul de Cluj-Gherla va face o vizit\u0103 pastoral\u0103 \u00een Parohia Greco-Catolic\u0103 Cormaia, Protopopiatul Rodna, mar\u021bi, 29 august 2023, \u00een S\u0103rb\u0103toarea T\u0103ierii Capului Sf\u00e2ntului Ioan Botez\u0103torul. \u00cen aceast\u0103 zi, comunitatea parohial\u0103 din Cormaia \u0219i pr. paroh Nicolae Jarda ... [Read more...]","thumbnail_url":"https:\/\/www.protopopiatebn.ro\/wp-content\/uploads\/2023\/08\/369841854_671277241694739_4654198575533417499_n.jpg"}